{"id":3874,"date":"2024-11-12T15:04:32","date_gmt":"2024-11-12T14:04:32","guid":{"rendered":"https:\/\/www.carimatech.com\/home\/"},"modified":"2026-04-28T14:13:13","modified_gmt":"2026-04-28T12:13:13","slug":"home","status":"publish","type":"page","link":"https:\/\/www.carimatech.com\/fr\/","title":{"rendered":"Home"},"content":{"rendered":"\t\t<div data-elementor-type=\"wp-page\" data-elementor-id=\"3874\" class=\"elementor elementor-3874 elementor-8\">\n\t\t\t\t<div class=\"elementor-element elementor-element-b66cc2d e-flex e-con-boxed e-con e-parent\" data-id=\"b66cc2d\" data-element_type=\"container\" data-e-type=\"container\">\n\t\t\t\t\t<div class=\"e-con-inner\">\n\t\t\t\t<div class=\"elementor-element elementor-element-ed93278 elementor-widget__width-initial elementor-widget elementor-widget-heading\" data-id=\"ed93278\" data-element_type=\"widget\" data-e-type=\"widget\" data-widget_type=\"heading.default\">\n\t\t\t\t<div class=\"elementor-widget-container\">\n\t\t\t\t\t<h2 class=\"elementor-heading-title elementor-size-default\">Conception, ing\u00e9nierie et fabrication avanc\u00e9es pour la mobilit\u00e9 des personnes<\/h2>\t\t\t\t<\/div>\n\t\t\t\t<\/div>\n\t\t\t\t<div class=\"elementor-element elementor-element-a9afcca elementor-widget__width-initial elementor-widget elementor-widget-text-editor\" data-id=\"a9afcca\" data-element_type=\"widget\" data-e-type=\"widget\" data-widget_type=\"text-editor.default\">\n\t\t\t\t<div class=\"elementor-widget-container\">\n\t\t\t\t\t\t\t\t\t<p>Nous sommes experts en solutions de transfert qui associent ing\u00e9nierie, design et fonctionnalit\u00e9 afin de faciliter l\u2019autonomie et le soin en toute s\u00e9curit\u00e9 des personnes en situation de handicap.<\/p>\t\t\t\t\t\t\t\t<\/div>\n\t\t\t\t<\/div>\n\t\t\t\t\t<\/div>\n\t\t\t\t<\/div>\n\t\t<div class=\"elementor-element elementor-element-699d187 e-flex e-con-boxed e-con e-parent\" data-id=\"699d187\" data-element_type=\"container\" data-e-type=\"container\">\n\t\t\t\t\t<div class=\"e-con-inner\">\n\t\t<div class=\"elementor-element elementor-element-8288336 e-con-full e-flex e-con e-child\" data-id=\"8288336\" data-element_type=\"container\" data-e-type=\"container\">\n\t\t<a class=\"elementor-element elementor-element-7d1c366 e-con-full box-asistencia bg-radius e-flex e-con e-child\" data-id=\"7d1c366\" data-element_type=\"container\" data-e-type=\"container\" data-settings=\"{&quot;background_background&quot;:&quot;classic&quot;}\" href=\"https:\/\/www.carimatech.com\/products_category\/gruas-de-techo\/\">\n\t\t<div class=\"elementor-element elementor-element-73bca1d e-con-full e-flex e-con e-child\" data-id=\"73bca1d\" data-element_type=\"container\" data-e-type=\"container\">\n\t\t\t\t<div class=\"elementor-element elementor-element-b9345dc elementor-widget elementor-widget-heading\" data-id=\"b9345dc\" data-element_type=\"widget\" data-e-type=\"widget\" data-widget_type=\"heading.default\">\n\t\t\t\t<div class=\"elementor-widget-container\">\n\t\t\t\t\t<h5 class=\"elementor-heading-title elementor-size-default\"><b>L\u00e8ve-personnes plafonniers<\/b><\/h5>\t\t\t\t<\/div>\n\t\t\t\t<\/div>\n\t\t\t\t<div class=\"elementor-element elementor-element-4468ef1 elementor-view-stacked elementor-shape-circle elementor-widget elementor-widget-icon\" data-id=\"4468ef1\" data-element_type=\"widget\" data-e-type=\"widget\" data-widget_type=\"icon.default\">\n\t\t\t\t<div class=\"elementor-widget-container\">\n\t\t\t\t\t\t\t<div class=\"elementor-icon-wrapper\">\n\t\t\t<div class=\"elementor-icon\">\n\t\t\t<svg xmlns=\"http:\/\/www.w3.org\/2000\/svg\" width=\"17\" height=\"17\" viewBox=\"0 0 17 17\" fill=\"none\"><g id=\"Frame\"><path id=\"Vector\" d=\"M6.4375 12.625L10.5625 8.5L6.4375 4.375\" stroke=\"#646363\" stroke-width=\"1.5\" stroke-linecap=\"round\" stroke-linejoin=\"round\"><\/path><\/g><\/svg>\t\t\t<\/div>\n\t\t<\/div>\n\t\t\t\t\t\t<\/div>\n\t\t\t\t<\/div>\n\t\t\t\t<\/div>\n\t\t<div class=\"elementor-element elementor-element-29c5884 e-con-full text e-flex e-con e-child\" data-id=\"29c5884\" data-element_type=\"container\" data-e-type=\"container\">\n\t\t\t\t<div class=\"elementor-element elementor-element-cc26520 elementor-widget elementor-widget-text-editor\" data-id=\"cc26520\" data-element_type=\"widget\" data-e-type=\"widget\" data-widget_type=\"text-editor.default\">\n\t\t\t\t<div class=\"elementor-widget-container\">\n\t\t\t\t\t\t\t\t\t<p><span style=\"color: #ffffff;\">Les moteurs plafonniers et les harnais Carima facilitent les transferts des personnes \u00e0 mobilit\u00e9 r\u00e9duite, en am\u00e9liorant la s\u00e9curit\u00e9, le confort et la dignit\u00e9 \u00e0 chaque d\u00e9placement. Nous installons des solutions sur mesure dans les h\u00f4pitaux, r\u00e9sidences, centres de soins et domiciles. <\/span><\/p>\t\t\t\t\t\t\t\t<\/div>\n\t\t\t\t<\/div>\n\t\t\t\t<\/div>\n\t\t\t\t<\/a>\n\t\t<a class=\"elementor-element elementor-element-55e0f15 e-con-full box-asistencia bg-radius e-flex e-con e-child\" data-id=\"55e0f15\" data-element_type=\"container\" data-e-type=\"container\" data-settings=\"{&quot;background_background&quot;:&quot;classic&quot;}\" href=\"https:\/\/www.carimatech.com\/products_category\/bano-portatil-con-grua\/\">\n\t\t<div class=\"elementor-element elementor-element-cfe80fe e-con-full e-flex e-con e-child\" data-id=\"cfe80fe\" data-element_type=\"container\" data-e-type=\"container\">\n\t\t\t\t<div class=\"elementor-element elementor-element-913b755 elementor-widget elementor-widget-heading\" data-id=\"913b755\" data-element_type=\"widget\" data-e-type=\"widget\" data-widget_type=\"heading.default\">\n\t\t\t\t<div class=\"elementor-widget-container\">\n\t\t\t\t\t<h5 class=\"elementor-heading-title elementor-size-default\"><b>Sanitaires modulables avec moteur plafonnier<\/b><\/h5>\t\t\t\t<\/div>\n\t\t\t\t<\/div>\n\t\t\t\t<div class=\"elementor-element elementor-element-de75270 elementor-view-stacked elementor-shape-circle elementor-widget elementor-widget-icon\" data-id=\"de75270\" data-element_type=\"widget\" data-e-type=\"widget\" data-widget_type=\"icon.default\">\n\t\t\t\t<div class=\"elementor-widget-container\">\n\t\t\t\t\t\t\t<div class=\"elementor-icon-wrapper\">\n\t\t\t<div class=\"elementor-icon\">\n\t\t\t<svg xmlns=\"http:\/\/www.w3.org\/2000\/svg\" width=\"17\" height=\"17\" viewBox=\"0 0 17 17\" fill=\"none\"><g id=\"Frame\"><path id=\"Vector\" d=\"M6.4375 12.625L10.5625 8.5L6.4375 4.375\" stroke=\"#646363\" stroke-width=\"1.5\" stroke-linecap=\"round\" stroke-linejoin=\"round\"><\/path><\/g><\/svg>\t\t\t<\/div>\n\t\t<\/div>\n\t\t\t\t\t\t<\/div>\n\t\t\t\t<\/div>\n\t\t\t\t<\/div>\n\t\t<div class=\"elementor-element elementor-element-b8fcf16 e-con-full text e-flex e-con e-child\" data-id=\"b8fcf16\" data-element_type=\"container\" data-e-type=\"container\">\n\t\t\t\t<div class=\"elementor-element elementor-element-82bb6cc elementor-widget elementor-widget-text-editor\" data-id=\"82bb6cc\" data-element_type=\"widget\" data-e-type=\"widget\" data-widget_type=\"text-editor.default\">\n\t\t\t\t<div class=\"elementor-widget-container\">\n\t\t\t\t\t\t\t\t\t<div class=\"flex max-w-full flex-col flex-grow\"><div class=\"min-h-8 text-message flex w-full flex-col items-end gap-2 whitespace-normal break-words text-start [.text-message+&amp;]:mt-5\" dir=\"auto\" data-message-author-role=\"assistant\" data-message-id=\"3e1333a3-46b6-4609-8ad0-63280e3bd04a\" data-message-model-slug=\"gpt-4o-mini\"><div class=\"flex w-full flex-col gap-1 empty:hidden first:pt-[3px]\"><div class=\"markdown prose w-full break-words dark:prose-invert light\"><p><span style=\"color: #ffffff;\">Les sanitaires modulables Carima int\u00e8grent des moteurs plafonniers, bancs de change, douches accessibles, tables de soin et un espace suffisant pour man\u0153uvrer en toute s\u00e9curit\u00e9. Ils garantissent ainsi une accessibilit\u00e9 r\u00e9elle aux personnes en situation de handicap ou de mobilit\u00e9 r\u00e9duite.  <\/span><\/p><\/div><\/div><\/div><\/div>\t\t\t\t\t\t\t\t<\/div>\n\t\t\t\t<\/div>\n\t\t\t\t<\/div>\n\t\t\t\t<\/a>\n\t\t\t\t<\/div>\n\t\t\t\t\t<\/div>\n\t\t\t\t<\/div>\n\t\t<div class=\"elementor-element elementor-element-d59ef87 e-flex e-con-boxed e-con e-parent\" data-id=\"d59ef87\" data-element_type=\"container\" data-e-type=\"container\" data-settings=\"{&quot;background_background&quot;:&quot;classic&quot;}\">\n\t\t\t\t\t<div class=\"e-con-inner\">\n\t\t<div class=\"elementor-element elementor-element-fde7593 e-flex e-con-boxed e-con e-child\" data-id=\"fde7593\" data-element_type=\"container\" data-e-type=\"container\">\n\t\t\t\t\t<div class=\"e-con-inner\">\n\t\t<div class=\"elementor-element elementor-element-f45efaa e-con-full e-flex e-con e-child\" data-id=\"f45efaa\" data-element_type=\"container\" data-e-type=\"container\">\n\t\t\t\t<div class=\"elementor-element elementor-element-eae521a elementor-widget__width-initial elementor-widget elementor-widget-heading\" data-id=\"eae521a\" data-element_type=\"widget\" data-e-type=\"widget\" data-widget_type=\"heading.default\">\n\t\t\t\t<div class=\"elementor-widget-container\">\n\t\t\t\t\t<h2 class=\"elementor-heading-title elementor-size-default\"><b>Produits<\/b> phares<\/h2>\t\t\t\t<\/div>\n\t\t\t\t<\/div>\n\t\t\t\t<div class=\"elementor-element elementor-element-f9d86cc elementor-align-right elementor-widget elementor-widget-button\" data-id=\"f9d86cc\" data-element_type=\"widget\" data-e-type=\"widget\" data-widget_type=\"button.default\">\n\t\t\t\t<div class=\"elementor-widget-container\">\n\t\t\t\t\t\t\t\t\t<div class=\"elementor-button-wrapper\">\n\t\t\t\t\t<a class=\"elementor-button elementor-button-link elementor-size-sm\" href=\"https:\/\/www.carimatech.com\/fr\/gamme-carima\/\">\n\t\t\t\t\t\t<span class=\"elementor-button-content-wrapper\">\n\t\t\t\t\t\t<span class=\"elementor-button-icon\">\n\t\t\t\t<svg xmlns=\"http:\/\/www.w3.org\/2000\/svg\" width=\"18\" height=\"18\" viewBox=\"0 0 18 18\" fill=\"none\"><path d=\"M6.75 13.5L11.25 9L6.75 4.5\" stroke=\"#69B8A5\" stroke-width=\"1.5\" stroke-linecap=\"round\" stroke-linejoin=\"round\"><\/path><\/svg>\t\t\t<\/span>\n\t\t\t\t\t\t\t\t\t<span class=\"elementor-button-text\">Voir tous les produits<\/span>\n\t\t\t\t\t<\/span>\n\t\t\t\t\t<\/a>\n\t\t\t\t<\/div>\n\t\t\t\t\t\t\t\t<\/div>\n\t\t\t\t<\/div>\n\t\t\t\t<\/div>\n\t\t\t\t<div class=\"elementor-element elementor-element-be34806 elementor-widget elementor-widget-shortcode\" data-id=\"be34806\" data-element_type=\"widget\" data-e-type=\"widget\" data-widget_type=\"shortcode.default\">\n\t\t\t\t<div class=\"elementor-widget-container\">\n\t\t\t\t\t\t\t<div class=\"elementor-shortcode\"><section class=\"blog-list mb-5\">\n        <div class=\"row\">\n                                <div class=\"col-md-4 mb-4\">\n                        <article>\n                            <a href=\"https:\/\/www.carimatech.com\/fr\/products\/harnais-intima\/\">\n                                <img decoding=\"async\" class=\"img-list\" src=\"https:\/\/www.carimatech.com\/app\/uploads\/2025\/02\/toilet.jpg\" alt=\"Harnais Intima\">\n                            <\/a>\n                            <div class=\"content mt-3\">\n                                <h3><a href=\"https:\/\/www.carimatech.com\/fr\/products\/harnais-intima\/\">Harnais Intima<\/a><\/h3>\n                                <div class=\"excerpt\">Facile \u00e0 utiliser, s\u00e9curisant et d\u00e9licat pour la peau<\/div>\n                                <a class=\" mt-2 button-link\" href=\"https:\/\/www.carimatech.com\/fr\/products\/harnais-intima\/\">\n                                    <span>Plus d\u2019informations<\/span>\n                                    <svg xmlns=\"http:\/\/www.w3.org\/2000\/svg\" width=\"15\" height=\"11\" viewBox=\"0 0 15 11\" fill=\"none\">\n                                        <path d=\"M0.75 5.75L14.25 5.75M14.25 5.75L9.75 10.25M14.25 5.75L9.75 1.25\" stroke=\"#69B8A5\" stroke-linejoin=\"round\"\/>\n                                    <\/svg>\n                                <\/a>\n                            <\/div>\n                            <!-- Contenido para los dem\u00e1s posts -->\n                        <\/article>\n                    <\/div>\n               \n                                <div class=\"col-md-4 mb-4\">\n                        <article>\n                            <a href=\"https:\/\/www.carimatech.com\/fr\/products\/harnais-flex\/\">\n                                <img decoding=\"async\" class=\"img-list\" src=\"https:\/\/www.carimatech.com\/app\/uploads\/2025\/02\/universal-1.jpg\" alt=\"Harnais Flex\">\n                            <\/a>\n                            <div class=\"content mt-3\">\n                                <h3><a href=\"https:\/\/www.carimatech.com\/fr\/products\/harnais-flex\/\">Harnais Flex<\/a><\/h3>\n                                <div class=\"excerpt\">R\u00e9duit la pression et le frottement, offrant facilit\u00e9 et confort lors des transferts.<\/div>\n                                <a class=\" mt-2 button-link\" href=\"https:\/\/www.carimatech.com\/fr\/products\/harnais-flex\/\">\n                                    <span>Plus d\u2019informations<\/span>\n                                    <svg xmlns=\"http:\/\/www.w3.org\/2000\/svg\" width=\"15\" height=\"11\" viewBox=\"0 0 15 11\" fill=\"none\">\n                                        <path d=\"M0.75 5.75L14.25 5.75M14.25 5.75L9.75 10.25M14.25 5.75L9.75 1.25\" stroke=\"#69B8A5\" stroke-linejoin=\"round\"\/>\n                                    <\/svg>\n                                <\/a>\n                            <\/div>\n                            <!-- Contenido para los dem\u00e1s posts -->\n                        <\/article>\n                    <\/div>\n               \n                                <div class=\"col-md-4 mb-4\">\n                        <article>\n                            <a href=\"https:\/\/www.carimatech.com\/fr\/products\/harnais-comfort\/\">\n                                <img decoding=\"async\" class=\"img-list\" src=\"https:\/\/www.carimatech.com\/app\/uploads\/2025\/02\/hybrid.jpg\" alt=\"Harnais Comfort\">\n                            <\/a>\n                            <div class=\"content mt-3\">\n                                <h3><a href=\"https:\/\/www.carimatech.com\/fr\/products\/harnais-comfort\/\">Harnais Comfort<\/a><\/h3>\n                                <div class=\"excerpt\">Plus de confort, une grande durabilit\u00e9 et des performances optimales pour l\u2019utilisateur<\/div>\n                                <a class=\" mt-2 button-link\" href=\"https:\/\/www.carimatech.com\/fr\/products\/harnais-comfort\/\">\n                                    <span>Plus d\u2019informations<\/span>\n                                    <svg xmlns=\"http:\/\/www.w3.org\/2000\/svg\" width=\"15\" height=\"11\" viewBox=\"0 0 15 11\" fill=\"none\">\n                                        <path d=\"M0.75 5.75L14.25 5.75M14.25 5.75L9.75 10.25M14.25 5.75L9.75 1.25\" stroke=\"#69B8A5\" stroke-linejoin=\"round\"\/>\n                                    <\/svg>\n                                <\/a>\n                            <\/div>\n                            <!-- Contenido para los dem\u00e1s posts -->\n                        <\/article>\n                    <\/div>\n               \n                    <\/div>\n<\/section>\n<\/div>\n\t\t\t\t\t\t<\/div>\n\t\t\t\t<\/div>\n\t\t\t\t\t<\/div>\n\t\t\t\t<\/div>\n\t\t\t\t\t<\/div>\n\t\t\t\t<\/div>\n\t\t<div class=\"elementor-element elementor-element-af61caf e-flex e-con-boxed e-con e-parent\" data-id=\"af61caf\" data-element_type=\"container\" data-e-type=\"container\" data-settings=\"{&quot;background_background&quot;:&quot;classic&quot;}\">\n\t\t\t\t\t<div class=\"e-con-inner\">\n\t\t<div class=\"elementor-element elementor-element-dc7e339 e-flex e-con-boxed e-con e-child\" data-id=\"dc7e339\" data-element_type=\"container\" data-e-type=\"container\">\n\t\t\t\t\t<div class=\"e-con-inner\">\n\t\t<div class=\"elementor-element elementor-element-d506394 e-con-full e-flex e-con e-child\" data-id=\"d506394\" data-element_type=\"container\" data-e-type=\"container\">\n\t\t\t\t<div class=\"elementor-element elementor-element-66ddc8d elementor-widget__width-initial elementor-widget elementor-widget-heading\" data-id=\"66ddc8d\" data-element_type=\"widget\" data-e-type=\"widget\" data-widget_type=\"heading.default\">\n\t\t\t\t<div class=\"elementor-widget-container\">\n\t\t\t\t\t<h2 class=\"elementor-heading-title elementor-size-default\"><b>Actualit\u00e9s<\/b><\/h2>\t\t\t\t<\/div>\n\t\t\t\t<\/div>\n\t\t\t\t<div class=\"elementor-element elementor-element-67e377a elementor-align-right elementor-widget elementor-widget-button\" data-id=\"67e377a\" data-element_type=\"widget\" data-e-type=\"widget\" data-widget_type=\"button.default\">\n\t\t\t\t<div class=\"elementor-widget-container\">\n\t\t\t\t\t\t\t\t\t<div class=\"elementor-button-wrapper\">\n\t\t\t\t\t<a class=\"elementor-button elementor-button-link elementor-size-sm\" href=\"https:\/\/www.carimatech.com\/fr\/blog\/\">\n\t\t\t\t\t\t<span class=\"elementor-button-content-wrapper\">\n\t\t\t\t\t\t<span class=\"elementor-button-icon\">\n\t\t\t\t<svg xmlns=\"http:\/\/www.w3.org\/2000\/svg\" width=\"18\" height=\"18\" viewBox=\"0 0 18 18\" fill=\"none\"><path d=\"M6.75 13.5L11.25 9L6.75 4.5\" stroke=\"#69B8A5\" stroke-width=\"1.5\" stroke-linecap=\"round\" stroke-linejoin=\"round\"><\/path><\/svg>\t\t\t<\/span>\n\t\t\t\t\t\t\t\t\t<span class=\"elementor-button-text\">Voir plus de nouvelles<\/span>\n\t\t\t\t\t<\/span>\n\t\t\t\t\t<\/a>\n\t\t\t\t<\/div>\n\t\t\t\t\t\t\t\t<\/div>\n\t\t\t\t<\/div>\n\t\t\t\t<\/div>\n\t\t\t\t<div class=\"elementor-element elementor-element-1238b42 elementor-widget elementor-widget-shortcode\" data-id=\"1238b42\" data-element_type=\"widget\" data-e-type=\"widget\" data-widget_type=\"shortcode.default\">\n\t\t\t\t<div class=\"elementor-widget-container\">\n\t\t\t\t\t\t\t<div class=\"elementor-shortcode\"><section class=\"blog-list mb-5\">\n        <div class=\"row\">\n                                <div class=\"col-md-4 mb-4\">\n                        <article>\n                            <a href=\"https:\/\/www.carimatech.com\/fr\/2025\/09\/29\/lhistoire-de-betty-de-lapprehension-du-lever-a-un-transfert-en-toute-securite\/\">\n                                <img decoding=\"async\" class=\"img-list\" src=\"https:\/\/www.carimatech.com\/app\/uploads\/2025\/09\/airflow.jpg\" alt=\"L\u2019histoire de Betty : de l\u2019appr\u00e9hension du lever \u00e0 un transfert en toute s\u00e9curit\u00e9\">\n                            <\/a>\n                            <div class=\"content mt-3\">\n                                                                <span class=\"category\">L\u00e8ve-personnes plafonniers<\/span>\n                                                                    <h3><a href=\"https:\/\/www.carimatech.com\/fr\/2025\/09\/29\/lhistoire-de-betty-de-lapprehension-du-lever-a-un-transfert-en-toute-securite\/\">L\u2019histoire de Betty : de l\u2019appr\u00e9hension du lever \u00e0 un transfert en toute s\u00e9curit\u00e9<\/a><\/h3>\n                                <p>29 septembre 2025<\/p>\n                                <div class=\"excerpt\"><p>Betty, 80 ans, vit avec une ost\u00e9oporose s\u00e9v\u00e8re, une arthrose de la hanche et une sonde urinaire. Chaque mobilisation, pour la toilette, pour passer du lit au fauteuil ou simplement&#8230;<\/p>\n<\/div>\n                            <\/div>\n                            <!-- Contenido para los dem\u00e1s posts -->\n                        <\/article>\n                    <\/div>\n               \n                                <div class=\"col-md-4 mb-4\">\n                        <article>\n                            <a href=\"https:\/\/www.carimatech.com\/fr\/2024\/10\/30\/quels-sont-les-avantages-de-relier-le-leve-personne-sur-rail-a-la-salle-de-bain\/\">\n                                <img decoding=\"async\" class=\"img-list\" src=\"https:\/\/www.carimatech.com\/app\/uploads\/2024\/11\/article2.jpg\" alt=\"Quels sont les avantages de relier le l\u00e8ve-personne sur rail \u00e0 la salle de bain ?\">\n                            <\/a>\n                            <div class=\"content mt-3\">\n                                                                <span class=\"category\">L\u00e8ve-personnes plafonniers<\/span>\n                                                                    <h3><a href=\"https:\/\/www.carimatech.com\/fr\/2024\/10\/30\/quels-sont-les-avantages-de-relier-le-leve-personne-sur-rail-a-la-salle-de-bain\/\">Quels sont les avantages de relier le l\u00e8ve-personne sur rail \u00e0 la salle de bain ?<\/a><\/h3>\n                                <p>30 octobre 2024<\/p>\n                                <div class=\"excerpt\"><p>Les l\u00e8ve-personnes sur rail sont une solution s\u00fbre et efficace pour accompagner les personnes \u00e0 mobilit\u00e9 r\u00e9duite. Install\u00e9s sur un rail fix\u00e9 au plafond, ils permettent des d\u00e9placements fluides, sans&#8230;<\/p>\n<\/div>\n                            <\/div>\n                            <!-- Contenido para los dem\u00e1s posts -->\n                        <\/article>\n                    <\/div>\n               \n                                <div class=\"col-md-4 mb-4\">\n                        <article>\n                            <a href=\"https:\/\/www.carimatech.com\/fr\/2024\/11\/21\/leve-personnes-sur-rails-la-solution-pour-des-transferts-surs-et-efficaces\/\">\n                                <img decoding=\"async\" class=\"img-list\" src=\"https:\/\/www.carimatech.com\/app\/uploads\/2024\/11\/articulo3-1024x696.jpg\" alt=\"L\u00e8ve-personnes sur rails : la solution pour des transferts s\u00fbrs et efficaces\">\n                            <\/a>\n                            <div class=\"content mt-3\">\n                                                                <span class=\"category\">L\u00e8ve-personnes plafonniers<\/span>\n                                                                    <h3><a href=\"https:\/\/www.carimatech.com\/fr\/2024\/11\/21\/leve-personnes-sur-rails-la-solution-pour-des-transferts-surs-et-efficaces\/\">L\u00e8ve-personnes sur rails : la solution pour des transferts s\u00fbrs et efficaces<\/a><\/h3>\n                                <p>21 novembre 2024<\/p>\n                                <div class=\"excerpt\"><p>Dans le domaine du soin et de l\u2019accessibilit\u00e9, l\u2019innovation joue un r\u00f4le central. Les solutions d\u2019assistance destin\u00e9es aux personnes \u00e0 mobilit\u00e9 r\u00e9duite \u00e9voluent constamment, afin d\u2019am\u00e9liorer \u00e0 la fois leur&#8230;<\/p>\n<\/div>\n                            <\/div>\n                            <!-- Contenido para los dem\u00e1s posts -->\n                        <\/article>\n                    <\/div>\n               \n                                <div class=\"col-md-4 mb-4\">\n                        <article>\n                            <a href=\"https:\/\/www.carimatech.com\/fr\/2025\/03\/11\/vers-la-fin-des-transferts-manuels-limpact-des-leve-personnes-sur-rails-en-ehpad\/\">\n                                <img decoding=\"async\" class=\"img-list\" src=\"https:\/\/www.carimatech.com\/app\/uploads\/2024\/11\/articulo4-1024x696.jpg\" alt=\"Vers la fin des transferts manuels : l\u2019impact des l\u00e8ve-personnes sur rails en EHPAD\">\n                            <\/a>\n                            <div class=\"content mt-3\">\n                                                                <span class=\"category\">foyers r\u00e9sidentiels et centres de jour<\/span>\n                                                                    <h3><a href=\"https:\/\/www.carimatech.com\/fr\/2025\/03\/11\/vers-la-fin-des-transferts-manuels-limpact-des-leve-personnes-sur-rails-en-ehpad\/\">Vers la fin des transferts manuels : l\u2019impact des l\u00e8ve-personnes sur rails en EHPAD<\/a><\/h3>\n                                <p>11 mars 2025<\/p>\n                                <div class=\"excerpt\"><p>L\u2019installation de l\u00e8ve-personnes sur rails dans les r\u00e9sidences pour personnes \u00e2g\u00e9es apporte des b\u00e9n\u00e9fices majeurs, tant pour les r\u00e9sidents que pour le personnel soignant. En renfor\u00e7ant la s\u00e9curit\u00e9 et en&#8230;<\/p>\n<\/div>\n                            <\/div>\n                            <!-- Contenido para los dem\u00e1s posts -->\n                        <\/article>\n                    <\/div>\n               \n                    <\/div>\n<\/section>\n<\/div>\n\t\t\t\t\t\t<\/div>\n\t\t\t\t<\/div>\n\t\t\t\t\t<\/div>\n\t\t\t\t<\/div>\n\t\t\t\t\t<\/div>\n\t\t\t\t<\/div>\n\t\t<div class=\"elementor-element elementor-element-a6d00c4 e-flex e-con-boxed e-con e-parent\" data-id=\"a6d00c4\" data-element_type=\"container\" data-e-type=\"container\" data-settings=\"{&quot;background_background&quot;:&quot;classic&quot;}\">\n\t\t\t\t\t<div class=\"e-con-inner\">\n\t\t<div class=\"elementor-element elementor-element-2791acf e-flex e-con-boxed e-con e-child\" data-id=\"2791acf\" data-element_type=\"container\" data-e-type=\"container\">\n\t\t\t\t\t<div class=\"e-con-inner\">\n\t\t\t\t<div class=\"elementor-element elementor-element-2d93935 elementor-widget__width-initial elementor-widget elementor-widget-heading\" data-id=\"2d93935\" data-element_type=\"widget\" data-e-type=\"widget\" data-widget_type=\"heading.default\">\n\t\t\t\t<div class=\"elementor-widget-container\">\n\t\t\t\t\t<h2 class=\"elementor-heading-title elementor-size-default\"><b>Ce qu\u2019ils disent<\/b> de nous<\/h2>\t\t\t\t<\/div>\n\t\t\t\t<\/div>\n\t\t\t\t<div class=\"elementor-element elementor-element-ad223f4 elementor-widget elementor-widget-shortcode\" data-id=\"ad223f4\" data-element_type=\"widget\" data-e-type=\"widget\" data-widget_type=\"shortcode.default\">\n\t\t\t\t<div class=\"elementor-widget-container\">\n\t\t\t\t\t\t\t<div class=\"elementor-shortcode\"><script src=\"https:\/\/www.carimatech.com\/app\/themes\/carima\/js\/owl.carousel.min.js\" data-cover><\/script>\n<link rel=\"stylesheet\" href=\"https:\/\/www.carimatech.com\/app\/themes\/carima\/css\/owl.carousel.min.css\">\n\n\n<section class=\"blog-list mb-5\">\n<div class=\"owl-carousel owl-theme testimonios\">\n                                <div class=\"item\">\n                        <article>\n                            <p class=\"p1\">\u201cJe m\u2019appelle Carmen Aguirre, j\u2019ai 80 ans. Lors de mon r\u00e9cent s\u00e9jour \u00e0 l\u2019h\u00f4pital Aita Menni, en Espagne, j\u2019ai \u00e9t\u00e9 enchant\u00e9e par les rails plafonniers utilis\u00e9s l\u00e0-bas. Ils m\u2019ont apport\u00e9 beaucoup de confort et ont grandement facilit\u00e9 le travail de mon aide-soignante, en renfor\u00e7ant notre s\u00e9curit\u00e9 et notre tranquillit\u00e9.\u201d<\/p>\n                            <div class=\"d-flex align-items-center nombre-foto\">\n                                    <img decoding=\"async\" src=\"https:\/\/www.carimatech.com\/app\/uploads\/2024\/11\/Captura-de-Pantalla-2025-02-10-a-les-9.29.37-1024x801.png\" alt=\"Carmen Aguirre, utilisatrice de nos syst\u00e8mes de transferts plafonniers\" class=\"img-testimonio\">\n\n                                \n                                    <p><b>Carmen Aguirre, utilisatrice de nos syst\u00e8mes de transferts plafonniers<\/b><br><\/p>\n                                \n                            <\/div>\n                            \n                            <!-- Contenido para los dem\u00e1s posts -->\n                        <\/article>\n                    <\/div>\n               \n                                <div class=\"item\">\n                        <article>\n                            <p class=\"p1\">\u201c\u00c0 Arrupenea, nous sommes tr\u00e8s fiers de disposer de rails plafonniers dans toutes les chambres de notre centre. Ces \u00e9quipements, qui relient le lit, les toilettes et la douche, sont tr\u00e8s appr\u00e9ci\u00e9s car ils am\u00e9liorent la qualit\u00e9 de vie des personnes accueillies ainsi que la qualit\u00e9 de notre service.\u201d<\/p>\n                            <div class=\"d-flex align-items-center nombre-foto\">\n                                    <img decoding=\"async\" src=\"https:\/\/www.carimatech.com\/app\/uploads\/2024\/11\/image1739175250.png\" alt=\"Bego\u00f1a Castellanos, directrice du centre Arrupenea \u00e0 Ir\u00fan\" class=\"img-testimonio\">\n\n                                \n                                    <p><b>Bego\u00f1a Castellanos, directrice du centre Arrupenea \u00e0 Ir\u00fan<\/b><br><\/p>\n                                \n                            <\/div>\n                            \n                            <!-- Contenido para los dem\u00e1s posts -->\n                        <\/article>\n                    <\/div>\n               \n                                <div class=\"item\">\n                        <article>\n                            <p class=\"p1\">\u00ab\u00a0Me llamo Carmen y soy usuaria de silla de ruedas desde hace poco tiempo. Me preocupa el esfuerzo que se necesita para ayudarme. No es solo levantarme de la cama, sino tambi\u00e9n pasar al inodoro y a la ducha, y luego volver a la cama para vestirme. Estas maniobras son agotadoras y peligrosas para m\u00ed. En mi peque\u00f1a casa, cada movimiento de la silla de ruedas requiere mucho esfuerzo. Pienso que si ya estoy en el arn\u00e9s, ser\u00eda m\u00e1s f\u00e1cil y seguro pasarme directamente al inodoro y la ducha y luego devolverme a la cama de una sola vez.\u00a0\u00bb<\/p>\n                            <div class=\"d-flex align-items-center nombre-foto\">\n                                    <img decoding=\"async\" src=\"https:\/\/www.carimatech.com\/app\/uploads\/2024\/11\/Captura-de-Pantalla-2025-02-10-a-les-9.35.43.png\" alt=\"Carmen\" class=\"img-testimonio\">\n\n                                \n                                    <p><b>Carmen<\/b><br><\/p>\n                                \n                            <\/div>\n                            \n                            <!-- Contenido para los dem\u00e1s posts -->\n                        <\/article>\n                    <\/div>\n               \n                                <div class=\"item\">\n                        <article>\n                            <p class=\"p1\">\u201c Les transferts manuels m\u2019\u00e9puisent, je n\u2019en peux plus. Je ne peux pas continuer ainsi, car je veux garder mon autonomie. Je parviens \u00e0 me lever du lit, mais j\u2019aimerais pouvoir aller aux toilettes sans fauteuil. Or, d\u00e8s le deuxi\u00e8me transfert de la matin\u00e9e, cela devient trop fatigant et risqu\u00e9. Il m\u2019arrive m\u00eame de renoncer \u00e0 la douche pour \u00e9conomiser mes forces. Ne pourrait-on pas envisager une solution qui regroupe tous ces transferts en un seul ?\u201d<\/p>\n                            <div class=\"d-flex align-items-center nombre-foto\">\n                                    <img decoding=\"async\" src=\"https:\/\/www.carimatech.com\/app\/uploads\/2024\/11\/Captura-de-Pantalla-2025-02-10-a-les-9.36.32.png\" alt=\"Un utilisateur de nos syst\u00e8mes de transferts plafonniers.\" class=\"img-testimonio\">\n\n                                \n                                    <p><b>Un utilisateur de nos syst\u00e8mes de transferts plafonniers.<\/b><br><\/p>\n                                \n                            <\/div>\n                            \n                            <!-- Contenido para los dem\u00e1s posts -->\n                        <\/article>\n                    <\/div>\n               \n                    <\/div>\n        <div class=\"navegacion\">\n            <div class=\"customPrevBtn\"><img decoding=\"async\" src=\"https:\/\/www.carimatech.com\/app\/themes\/carima\/img\/prev.svg\" alt=\"Flecha izquierda\"><\/div>\n            <div class=\"customNextBtn\"><img decoding=\"async\" src=\"https:\/\/www.carimatech.com\/app\/themes\/carima\/img\/next.svg\" alt=\"Flecha derecha\"><\/div>\n        <\/div>\n<\/section>\n\n\n\n<script>\njQuery('.owl-carousel').owlCarousel({\n    loop:true,\n    margin:30,\n    nav:false,\n    responsive:{\n        0:{\n            items:1\n        },\n        600:{\n            items:2\n        },\n        1000:{\n            items:3\n        }\n    }\n});\nvar owl = jQuery('.owl-carousel');\nowl.owlCarousel();\n\/\/ Go to the next item\njQuery('.customNextBtn').click(function() {\n    owl.trigger('next.owl.carousel');\n})\n\/\/ Go to the previous item\njQuery('.customPrevBtn').click(function() {\n\n    owl.trigger('prev.owl.carousel', [300]);\n})\n<\/script>\n<\/div>\n\t\t\t\t\t\t<\/div>\n\t\t\t\t<\/div>\n\t\t\t\t\t<\/div>\n\t\t\t\t<\/div>\n\t\t\t\t\t<\/div>\n\t\t\t\t<\/div>\n\t\t\t\t<\/div>\n\t\t","protected":false},"excerpt":{"rendered":"<p>Conception, ing\u00e9nierie et fabrication avanc\u00e9es pour la mobilit\u00e9 des personnes Nous sommes experts en solutions de transfert qui associent ing\u00e9nierie, design et fonctionnalit\u00e9 afin de faciliter l\u2019autonomie et le soin&#8230;<\/p>\n","protected":false},"author":1,"featured_media":0,"parent":0,"menu_order":0,"comment_status":"closed","ping_status":"closed","template":"","meta":{"_acf_changed":false,"footnotes":""},"class_list":["post-3874","page","type-page","status-publish","hentry"],"acf":[],"yoast_head":"<!-- This site is optimized with the Yoast SEO plugin v27.5 - https:\/\/yoast.com\/product\/yoast-seo-wordpress\/ -->\n<title>Home - Carima<\/title>\n<meta name=\"robots\" content=\"index, follow, max-snippet:-1, max-image-preview:large, max-video-preview:-1\" \/>\n<link rel=\"canonical\" href=\"https:\/\/www.carimatech.com\/fr\/\" \/>\n<meta property=\"og:locale\" content=\"fr_FR\" \/>\n<meta property=\"og:type\" content=\"article\" \/>\n<meta property=\"og:title\" content=\"Home - Carima\" \/>\n<meta property=\"og:description\" content=\"Conception, ing\u00e9nierie et fabrication avanc\u00e9es pour la mobilit\u00e9 des personnes Nous sommes experts en solutions de transfert qui associent ing\u00e9nierie, design et fonctionnalit\u00e9 afin de faciliter l\u2019autonomie et le soin...\" \/>\n<meta property=\"og:url\" content=\"https:\/\/www.carimatech.com\/fr\/\" \/>\n<meta property=\"og:site_name\" content=\"Carima\" \/>\n<meta property=\"article:modified_time\" content=\"2026-04-28T12:13:13+00:00\" \/>\n<meta name=\"twitter:card\" content=\"summary_large_image\" \/>\n<meta name=\"twitter:label1\" content=\"Dur\u00e9e de lecture estim\u00e9e\" \/>\n\t<meta name=\"twitter:data1\" content=\"1 minute\" \/>\n<script type=\"application\/ld+json\" class=\"yoast-schema-graph\">{\"@context\":\"https:\\\/\\\/schema.org\",\"@graph\":[{\"@type\":\"WebPage\",\"@id\":\"https:\\\/\\\/www.carimatech.com\\\/fr\\\/\",\"url\":\"https:\\\/\\\/www.carimatech.com\\\/fr\\\/\",\"name\":\"Home - Carima\",\"isPartOf\":{\"@id\":\"https:\\\/\\\/www.carimatech.com\\\/fr\\\/#website\"},\"datePublished\":\"2024-11-12T14:04:32+00:00\",\"dateModified\":\"2026-04-28T12:13:13+00:00\",\"breadcrumb\":{\"@id\":\"https:\\\/\\\/www.carimatech.com\\\/fr\\\/#breadcrumb\"},\"inLanguage\":\"fr-FR\",\"potentialAction\":[{\"@type\":\"ReadAction\",\"target\":[\"https:\\\/\\\/www.carimatech.com\\\/fr\\\/\"]}]},{\"@type\":\"BreadcrumbList\",\"@id\":\"https:\\\/\\\/www.carimatech.com\\\/fr\\\/#breadcrumb\",\"itemListElement\":[{\"@type\":\"ListItem\",\"position\":1,\"name\":\"Portada\",\"item\":\"https:\\\/\\\/www.carimatech.com\\\/fr\\\/home\\\/\"},{\"@type\":\"ListItem\",\"position\":2,\"name\":\"Home\"}]},{\"@type\":\"WebSite\",\"@id\":\"https:\\\/\\\/www.carimatech.com\\\/fr\\\/#website\",\"url\":\"https:\\\/\\\/www.carimatech.com\\\/fr\\\/\",\"name\":\"Carima\",\"description\":\"\",\"potentialAction\":[{\"@type\":\"SearchAction\",\"target\":{\"@type\":\"EntryPoint\",\"urlTemplate\":\"https:\\\/\\\/www.carimatech.com\\\/fr\\\/?s={search_term_string}\"},\"query-input\":{\"@type\":\"PropertyValueSpecification\",\"valueRequired\":true,\"valueName\":\"search_term_string\"}}],\"inLanguage\":\"fr-FR\"}]}<\/script>\n<!-- \/ Yoast SEO plugin. -->","yoast_head_json":{"title":"Home - Carima","robots":{"index":"index","follow":"follow","max-snippet":"max-snippet:-1","max-image-preview":"max-image-preview:large","max-video-preview":"max-video-preview:-1"},"canonical":"https:\/\/www.carimatech.com\/fr\/","og_locale":"fr_FR","og_type":"article","og_title":"Home - Carima","og_description":"Conception, ing\u00e9nierie et fabrication avanc\u00e9es pour la mobilit\u00e9 des personnes Nous sommes experts en solutions de transfert qui associent ing\u00e9nierie, design et fonctionnalit\u00e9 afin de faciliter l\u2019autonomie et le soin...","og_url":"https:\/\/www.carimatech.com\/fr\/","og_site_name":"Carima","article_modified_time":"2026-04-28T12:13:13+00:00","twitter_card":"summary_large_image","twitter_misc":{"Dur\u00e9e de lecture estim\u00e9e":"1 minute"},"schema":{"@context":"https:\/\/schema.org","@graph":[{"@type":"WebPage","@id":"https:\/\/www.carimatech.com\/fr\/","url":"https:\/\/www.carimatech.com\/fr\/","name":"Home - Carima","isPartOf":{"@id":"https:\/\/www.carimatech.com\/fr\/#website"},"datePublished":"2024-11-12T14:04:32+00:00","dateModified":"2026-04-28T12:13:13+00:00","breadcrumb":{"@id":"https:\/\/www.carimatech.com\/fr\/#breadcrumb"},"inLanguage":"fr-FR","potentialAction":[{"@type":"ReadAction","target":["https:\/\/www.carimatech.com\/fr\/"]}]},{"@type":"BreadcrumbList","@id":"https:\/\/www.carimatech.com\/fr\/#breadcrumb","itemListElement":[{"@type":"ListItem","position":1,"name":"Portada","item":"https:\/\/www.carimatech.com\/fr\/home\/"},{"@type":"ListItem","position":2,"name":"Home"}]},{"@type":"WebSite","@id":"https:\/\/www.carimatech.com\/fr\/#website","url":"https:\/\/www.carimatech.com\/fr\/","name":"Carima","description":"","potentialAction":[{"@type":"SearchAction","target":{"@type":"EntryPoint","urlTemplate":"https:\/\/www.carimatech.com\/fr\/?s={search_term_string}"},"query-input":{"@type":"PropertyValueSpecification","valueRequired":true,"valueName":"search_term_string"}}],"inLanguage":"fr-FR"}]}},"_links":{"self":[{"href":"https:\/\/www.carimatech.com\/fr\/wp-json\/wp\/v2\/pages\/3874","targetHints":{"allow":["GET"]}}],"collection":[{"href":"https:\/\/www.carimatech.com\/fr\/wp-json\/wp\/v2\/pages"}],"about":[{"href":"https:\/\/www.carimatech.com\/fr\/wp-json\/wp\/v2\/types\/page"}],"author":[{"embeddable":true,"href":"https:\/\/www.carimatech.com\/fr\/wp-json\/wp\/v2\/users\/1"}],"replies":[{"embeddable":true,"href":"https:\/\/www.carimatech.com\/fr\/wp-json\/wp\/v2\/comments?post=3874"}],"version-history":[{"count":18,"href":"https:\/\/www.carimatech.com\/fr\/wp-json\/wp\/v2\/pages\/3874\/revisions"}],"predecessor-version":[{"id":5200,"href":"https:\/\/www.carimatech.com\/fr\/wp-json\/wp\/v2\/pages\/3874\/revisions\/5200"}],"wp:attachment":[{"href":"https:\/\/www.carimatech.com\/fr\/wp-json\/wp\/v2\/media?parent=3874"}],"curies":[{"name":"wp","href":"https:\/\/api.w.org\/{rel}","templated":true}]}}