{"id":3985,"date":"2025-08-01T14:42:22","date_gmt":"2025-08-01T12:42:22","guid":{"rendered":"https:\/\/www.carimatech.com\/services\/formation-pour-professionnels\/"},"modified":"2026-04-09T15:48:53","modified_gmt":"2026-04-09T13:48:53","slug":"formation-pour-professionnels","status":"publish","type":"page","link":"https:\/\/www.carimatech.com\/fr\/services\/formation-pour-professionnels\/","title":{"rendered":"Formation pour professionnels"},"content":{"rendered":"\t\t<div data-elementor-type=\"wp-page\" data-elementor-id=\"3985\" class=\"elementor elementor-3985 elementor-3297\">\n\t\t\t\t<div class=\"elementor-element elementor-element-ce157e9 e-flex e-con-boxed e-con e-parent\" data-id=\"ce157e9\" data-element_type=\"container\" data-e-type=\"container\">\n\t\t\t\t\t<div class=\"e-con-inner\">\n\t\t<div class=\"elementor-element elementor-element-19328fc e-con-full e-flex e-con e-child\" data-id=\"19328fc\" data-element_type=\"container\" data-e-type=\"container\">\n\t\t<div class=\"elementor-element elementor-element-57a68f0 e-con-full e-flex e-con e-child\" data-id=\"57a68f0\" data-element_type=\"container\" data-e-type=\"container\">\n\t\t\t\t<div class=\"elementor-element elementor-element-4bad9c0 elementor-widget elementor-widget-heading\" data-id=\"4bad9c0\" data-element_type=\"widget\" data-e-type=\"widget\" data-widget_type=\"heading.default\">\n\t\t\t\t<div class=\"elementor-widget-container\">\n\t\t\t\t\t<h3 class=\"elementor-heading-title elementor-size-default\">Formation pratique pour les professionnels <b>du soin et du transfert<\/b>\n<\/h3>\t\t\t\t<\/div>\n\t\t\t\t<\/div>\n\t\t\t\t<div class=\"elementor-element elementor-element-fbde47c elementor-widget elementor-widget-text-editor\" data-id=\"fbde47c\" data-element_type=\"widget\" data-e-type=\"widget\" data-widget_type=\"text-editor.default\">\n\t\t\t\t<div class=\"elementor-widget-container\">\n\t\t\t\t\t\t\t\t\t<p><span style=\"font-weight: 400;\">Chez Carima, nous formons celles et ceux qui aident les personnes \u00e0 mobilit\u00e9 r\u00e9duite au quotidien. Nous proposons un service de formation continue destin\u00e9 aux professionnels du secteur m\u00e9dico-social, qu\u2019ils exercent en r\u00e9sidences, centres de jour, h\u00f4pitaux ou \u00e0 domicile. <\/span><\/p><p><span style=\"font-weight: 400;\">Gr\u00e2ce \u00e0 des ateliers pratiques et des sessions de d\u00e9monstration, nous aidons les \u00e9quipes \u00e0 ma\u00eetriser en d\u00e9tail l\u2019utilisation des syst\u00e8mes de transfert plafonniers, des diff\u00e9rents harnais et des solutions adapt\u00e9es \u00e0 chaque situation. La formation est con\u00e7ue sur mesure, en fonction des besoins sp\u00e9cifiques de l\u2019\u00e9tablissement et du profil des utilisateurs. <\/span><\/p><p class=\"p1\"><span class=\"Apple-converted-space\"> <\/span><\/p>\t\t\t\t\t\t\t\t<\/div>\n\t\t\t\t<\/div>\n\t\t\t\t<\/div>\n\t\t<div class=\"elementor-element elementor-element-d022dac e-con-full bg-radius e-flex e-con e-child\" data-id=\"d022dac\" data-element_type=\"container\" data-e-type=\"container\" data-settings=\"{&quot;background_background&quot;:&quot;classic&quot;}\">\n\t\t\t\t<\/div>\n\t\t\t\t<\/div>\n\t\t\t\t\t<\/div>\n\t\t\t\t<\/div>\n\t\t<div class=\"elementor-element elementor-element-b2cb158 e-flex e-con-boxed e-con e-parent\" data-id=\"b2cb158\" data-element_type=\"container\" data-e-type=\"container\">\n\t\t\t\t\t<div class=\"e-con-inner\">\n\t\t<div class=\"elementor-element elementor-element-db9f030 e-con-full e-flex e-con e-child\" data-id=\"db9f030\" data-element_type=\"container\" data-e-type=\"container\">\n\t\t<a class=\"elementor-element elementor-element-27773a9 e-con-full box-asistencia bg-radius e-flex e-con e-child\" data-id=\"27773a9\" data-element_type=\"container\" data-e-type=\"container\" data-settings=\"{&quot;background_background&quot;:&quot;classic&quot;}\" href=\"https:\/\/www.carimatech.com\/fr\/services-2\/evaluations-et-bureau-technique\/\">\n\t\t<div class=\"elementor-element elementor-element-838754f e-con-full e-flex e-con e-child\" data-id=\"838754f\" data-element_type=\"container\" data-e-type=\"container\">\n\t\t\t\t<div class=\"elementor-element elementor-element-73ea13a elementor-widget elementor-widget-heading\" data-id=\"73ea13a\" data-element_type=\"widget\" data-e-type=\"widget\" data-widget_type=\"heading.default\">\n\t\t\t\t<div class=\"elementor-widget-container\">\n\t\t\t\t\t<h5 class=\"elementor-heading-title elementor-size-default\"><b>\u00c9valuations et <br>bureau technique<\/b><\/h5>\t\t\t\t<\/div>\n\t\t\t\t<\/div>\n\t\t\t\t<div class=\"elementor-element elementor-element-64b51f2 elementor-view-stacked elementor-shape-circle elementor-widget elementor-widget-icon\" data-id=\"64b51f2\" data-element_type=\"widget\" data-e-type=\"widget\" data-widget_type=\"icon.default\">\n\t\t\t\t<div class=\"elementor-widget-container\">\n\t\t\t\t\t\t\t<div class=\"elementor-icon-wrapper\">\n\t\t\t<div class=\"elementor-icon\">\n\t\t\t<svg xmlns=\"http:\/\/www.w3.org\/2000\/svg\" width=\"17\" height=\"17\" viewBox=\"0 0 17 17\" fill=\"none\"><g id=\"Frame\"><path id=\"Vector\" d=\"M6.4375 12.625L10.5625 8.5L6.4375 4.375\" stroke=\"#646363\" stroke-width=\"1.5\" stroke-linecap=\"round\" stroke-linejoin=\"round\"><\/path><\/g><\/svg>\t\t\t<\/div>\n\t\t<\/div>\n\t\t\t\t\t\t<\/div>\n\t\t\t\t<\/div>\n\t\t\t\t<\/div>\n\t\t<div class=\"elementor-element elementor-element-bbbf275 e-con-full text e-flex e-con e-child\" data-id=\"bbbf275\" data-element_type=\"container\" data-e-type=\"container\">\n\t\t\t\t<div class=\"elementor-element elementor-element-2c2205e elementor-widget elementor-widget-text-editor\" data-id=\"2c2205e\" data-element_type=\"widget\" data-e-type=\"widget\" data-widget_type=\"text-editor.default\">\n\t\t\t\t<div class=\"elementor-widget-container\">\n\t\t\t\t\t\t\t\t\t<p class=\"p1\"><span style=\"color: #ffffff;\">Chez Carima, nous vous accompagnons toujours avec la plus grande rigueur et le plus grand professionnalisme. <\/span><\/p>\t\t\t\t\t\t\t\t<\/div>\n\t\t\t\t<\/div>\n\t\t\t\t<\/div>\n\t\t\t\t<\/a>\n\t\t<a class=\"elementor-element elementor-element-1bf2051 e-con-full box-asistencia bg-radius e-flex e-con e-child\" data-id=\"1bf2051\" data-element_type=\"container\" data-e-type=\"container\" data-settings=\"{&quot;background_background&quot;:&quot;classic&quot;}\" href=\"https:\/\/www.carimatech.com\/fr\/services-2\/installation\/\">\n\t\t<div class=\"elementor-element elementor-element-ce07a1f e-con-full e-flex e-con e-child\" data-id=\"ce07a1f\" data-element_type=\"container\" data-e-type=\"container\">\n\t\t\t\t<div class=\"elementor-element elementor-element-d9bf241 elementor-widget elementor-widget-heading\" data-id=\"d9bf241\" data-element_type=\"widget\" data-e-type=\"widget\" data-widget_type=\"heading.default\">\n\t\t\t\t<div class=\"elementor-widget-container\">\n\t\t\t\t\t<h5 class=\"elementor-heading-title elementor-size-default\"><b>Installation<\/b><\/h5>\t\t\t\t<\/div>\n\t\t\t\t<\/div>\n\t\t\t\t<div class=\"elementor-element elementor-element-185cba1 elementor-view-stacked elementor-shape-circle elementor-widget elementor-widget-icon\" data-id=\"185cba1\" data-element_type=\"widget\" data-e-type=\"widget\" data-widget_type=\"icon.default\">\n\t\t\t\t<div class=\"elementor-widget-container\">\n\t\t\t\t\t\t\t<div class=\"elementor-icon-wrapper\">\n\t\t\t<div class=\"elementor-icon\">\n\t\t\t<svg xmlns=\"http:\/\/www.w3.org\/2000\/svg\" width=\"17\" height=\"17\" viewBox=\"0 0 17 17\" fill=\"none\"><g id=\"Frame\"><path id=\"Vector\" d=\"M6.4375 12.625L10.5625 8.5L6.4375 4.375\" stroke=\"#646363\" stroke-width=\"1.5\" stroke-linecap=\"round\" stroke-linejoin=\"round\"><\/path><\/g><\/svg>\t\t\t<\/div>\n\t\t<\/div>\n\t\t\t\t\t\t<\/div>\n\t\t\t\t<\/div>\n\t\t\t\t<\/div>\n\t\t<div class=\"elementor-element elementor-element-1cd48bb e-con-full text e-flex e-con e-child\" data-id=\"1cd48bb\" data-element_type=\"container\" data-e-type=\"container\">\n\t\t\t\t<div class=\"elementor-element elementor-element-37211a6 elementor-widget elementor-widget-text-editor\" data-id=\"37211a6\" data-element_type=\"widget\" data-e-type=\"widget\" data-widget_type=\"text-editor.default\">\n\t\t\t\t<div class=\"elementor-widget-container\">\n\t\t\t\t\t\t\t\t\t<p class=\"p1\"><span style=\"color: #ffffff;\">Il est essentiel de disposer d\u2019un syst\u00e8me de transfert qui offre les meilleures garanties de s\u00e9curit\u00e9 et de fiabilit\u00e9.<\/span><\/p>\t\t\t\t\t\t\t\t<\/div>\n\t\t\t\t<\/div>\n\t\t\t\t<\/div>\n\t\t\t\t<\/a>\n\t\t<a class=\"elementor-element elementor-element-bbc7312 e-con-full box-asistencia bg-radius e-flex e-con e-child\" data-id=\"bbc7312\" data-element_type=\"container\" data-e-type=\"container\" data-settings=\"{&quot;background_background&quot;:&quot;classic&quot;}\" href=\"https:\/\/www.carimatech.com\/fr\/services-2\/maintenance-et-reparation\/\">\n\t\t<div class=\"elementor-element elementor-element-0852d10 e-con-full e-flex e-con e-child\" data-id=\"0852d10\" data-element_type=\"container\" data-e-type=\"container\">\n\t\t\t\t<div class=\"elementor-element elementor-element-e78e92a elementor-widget elementor-widget-heading\" data-id=\"e78e92a\" data-element_type=\"widget\" data-e-type=\"widget\" data-widget_type=\"heading.default\">\n\t\t\t\t<div class=\"elementor-widget-container\">\n\t\t\t\t\t<h5 class=\"elementor-heading-title elementor-size-default\"><b>Maintenance et <br>r\u00e9paration<\/b><\/h5>\t\t\t\t<\/div>\n\t\t\t\t<\/div>\n\t\t\t\t<div class=\"elementor-element elementor-element-87efacd elementor-view-stacked elementor-shape-circle elementor-widget elementor-widget-icon\" data-id=\"87efacd\" data-element_type=\"widget\" data-e-type=\"widget\" data-widget_type=\"icon.default\">\n\t\t\t\t<div class=\"elementor-widget-container\">\n\t\t\t\t\t\t\t<div class=\"elementor-icon-wrapper\">\n\t\t\t<div class=\"elementor-icon\">\n\t\t\t<svg xmlns=\"http:\/\/www.w3.org\/2000\/svg\" width=\"17\" height=\"17\" viewBox=\"0 0 17 17\" fill=\"none\"><g id=\"Frame\"><path id=\"Vector\" d=\"M6.4375 12.625L10.5625 8.5L6.4375 4.375\" stroke=\"#646363\" stroke-width=\"1.5\" stroke-linecap=\"round\" stroke-linejoin=\"round\"><\/path><\/g><\/svg>\t\t\t<\/div>\n\t\t<\/div>\n\t\t\t\t\t\t<\/div>\n\t\t\t\t<\/div>\n\t\t\t\t<\/div>\n\t\t<div class=\"elementor-element elementor-element-4bdf525 e-con-full text e-flex e-con e-child\" data-id=\"4bdf525\" data-element_type=\"container\" data-e-type=\"container\">\n\t\t\t\t<div class=\"elementor-element elementor-element-57dc553 elementor-widget elementor-widget-text-editor\" data-id=\"57dc553\" data-element_type=\"widget\" data-e-type=\"widget\" data-widget_type=\"text-editor.default\">\n\t\t\t\t<div class=\"elementor-widget-container\">\n\t\t\t\t\t\t\t\t\t<p class=\"p1\"><span style=\"color: #ffffff;\">Tous nos produits b\u00e9n\u00e9ficient d\u2019une garantie de trois ans (hors batteries). Pour en assurer la long\u00e9vit\u00e9 et les performances, un entretien adapt\u00e9 et une utilisation correcte sont indispensables.<span class=\"Apple-converted-space\"> <\/span><\/span><\/p>\t\t\t\t\t\t\t\t<\/div>\n\t\t\t\t<\/div>\n\t\t\t\t<\/div>\n\t\t\t\t<\/a>\n\t\t<a class=\"elementor-element elementor-element-add00f6 e-con-full box-asistencia bg-radius e-flex e-con e-child\" data-id=\"add00f6\" data-element_type=\"container\" data-e-type=\"container\" data-settings=\"{&quot;background_background&quot;:&quot;classic&quot;}\" href=\"https:\/\/www.carimatech.com\/fr\/services-2\/grands-projets-damenagement\/\">\n\t\t<div class=\"elementor-element elementor-element-453bf37 e-con-full e-flex e-con e-child\" data-id=\"453bf37\" data-element_type=\"container\" data-e-type=\"container\">\n\t\t\t\t<div class=\"elementor-element elementor-element-c3c3fa5 elementor-widget elementor-widget-heading\" data-id=\"c3c3fa5\" data-element_type=\"widget\" data-e-type=\"widget\" data-widget_type=\"heading.default\">\n\t\t\t\t<div class=\"elementor-widget-container\">\n\t\t\t\t\t<h5 class=\"elementor-heading-title elementor-size-default\"><b>Projets de grande <br>envergure<\/b><\/h5>\t\t\t\t<\/div>\n\t\t\t\t<\/div>\n\t\t\t\t<div class=\"elementor-element elementor-element-988a0a3 elementor-view-stacked elementor-shape-circle elementor-widget elementor-widget-icon\" data-id=\"988a0a3\" data-element_type=\"widget\" data-e-type=\"widget\" data-widget_type=\"icon.default\">\n\t\t\t\t<div class=\"elementor-widget-container\">\n\t\t\t\t\t\t\t<div class=\"elementor-icon-wrapper\">\n\t\t\t<div class=\"elementor-icon\">\n\t\t\t<svg xmlns=\"http:\/\/www.w3.org\/2000\/svg\" width=\"17\" height=\"17\" viewBox=\"0 0 17 17\" fill=\"none\"><g id=\"Frame\"><path id=\"Vector\" d=\"M6.4375 12.625L10.5625 8.5L6.4375 4.375\" stroke=\"#646363\" stroke-width=\"1.5\" stroke-linecap=\"round\" stroke-linejoin=\"round\"><\/path><\/g><\/svg>\t\t\t<\/div>\n\t\t<\/div>\n\t\t\t\t\t\t<\/div>\n\t\t\t\t<\/div>\n\t\t\t\t<\/div>\n\t\t<div class=\"elementor-element elementor-element-383714c e-con-full text e-flex e-con e-child\" data-id=\"383714c\" data-element_type=\"container\" data-e-type=\"container\">\n\t\t\t\t<div class=\"elementor-element elementor-element-54becfe elementor-widget elementor-widget-text-editor\" data-id=\"54becfe\" data-element_type=\"widget\" data-e-type=\"widget\" data-widget_type=\"text-editor.default\">\n\t\t\t\t<div class=\"elementor-widget-container\">\n\t\t\t\t\t\t\t\t\t<p class=\"p1\"><span style=\"color: #ffffff;\">Chez Carima, nous sommes sp\u00e9cialistes de la conception, de la fabrication et de la distribution de solutions de transfert et d\u2019accessibilit\u00e9 adapt\u00e9es \u00e0 tous types d\u2019espaces construits.<span class=\"Apple-converted-space\"> <\/span><\/span><\/p>\t\t\t\t\t\t\t\t<\/div>\n\t\t\t\t<\/div>\n\t\t\t\t<\/div>\n\t\t\t\t<\/a>\n\t\t\t\t<\/div>\n\t\t\t\t\t<\/div>\n\t\t\t\t<\/div>\n\t\t<div class=\"elementor-element elementor-element-65dd4a2 e-flex e-con-boxed e-con e-parent\" data-id=\"65dd4a2\" data-element_type=\"container\" data-e-type=\"container\">\n\t\t\t\t\t<div class=\"e-con-inner\">\n\t\t<div class=\"elementor-element elementor-element-87b3948 e-con-full e-flex e-con e-child\" data-id=\"87b3948\" data-element_type=\"container\" data-e-type=\"container\">\n\t\t<div class=\"elementor-element elementor-element-058c27c e-con-full bg-radius e-flex e-con e-child\" data-id=\"058c27c\" data-element_type=\"container\" data-e-type=\"container\" data-settings=\"{&quot;background_background&quot;:&quot;classic&quot;}\">\n\t\t\t\t<\/div>\n\t\t<div class=\"elementor-element elementor-element-f8f976f e-con-full marco-gris e-flex e-con e-child\" data-id=\"f8f976f\" data-element_type=\"container\" data-e-type=\"container\">\n\t\t\t\t<div class=\"elementor-element elementor-element-ff70e20 elementor-widget elementor-widget-text-editor\" data-id=\"ff70e20\" data-element_type=\"widget\" data-e-type=\"widget\" data-widget_type=\"text-editor.default\">\n\t\t\t\t<div class=\"elementor-widget-container\">\n\t\t\t\t\t\t\t\t\t<p><span style=\"font-weight: 400;\">Nous disposons de d\u00e9monstrateurs aupr\u00e8s desquels vous pouvez d\u00e9couvrir les diff\u00e9rentes solutions et, si vous pr\u00e9f\u00e9rez, nous proposons \u00e9galement des sessions de formation au sein m\u00eame du centre.<\/span><\/p>\n<p><strong>Souhaitez-vous que nous \u00e9valuions les besoins de formation de votre \u00e9quipe ? Contactez-nous. &nbsp;<\/strong><\/p>\t\t\t\t\t\t\t\t<\/div>\n\t\t\t\t<\/div>\n\t\t\t\t<div class=\"elementor-element elementor-element-78e1c0f button-container elementor-widget elementor-widget-button\" data-id=\"78e1c0f\" data-element_type=\"widget\" data-e-type=\"widget\" data-widget_type=\"button.default\">\n\t\t\t\t<div class=\"elementor-widget-container\">\n\t\t\t\t\t\t\t\t\t<div class=\"elementor-button-wrapper\">\n\t\t\t\t\t<a class=\"elementor-button elementor-button-link elementor-size-sm\" href=\"https:\/\/www.carimatech.com\/fr\/contactez-nous\/\">\n\t\t\t\t\t\t<span class=\"elementor-button-content-wrapper\">\n\t\t\t\t\t\t\t\t\t<span class=\"elementor-button-text\">Demander une formation<\/span>\n\t\t\t\t\t<\/span>\n\t\t\t\t\t<\/a>\n\t\t\t\t<\/div>\n\t\t\t\t\t\t\t\t<\/div>\n\t\t\t\t<\/div>\n\t\t\t\t<\/div>\n\t\t\t\t<\/div>\n\t\t\t\t\t<\/div>\n\t\t\t\t<\/div>\n\t\t\t\t<\/div>\n\t\t","protected":false},"excerpt":{"rendered":"<p>Formation pratique pour les professionnels du soin et du transfert Chez Carima, nous formons celles et ceux qui aident les personnes \u00e0 mobilit\u00e9 r\u00e9duite au quotidien. Nous proposons un service&#8230;<\/p>\n","protected":false},"author":1,"featured_media":3984,"parent":3881,"menu_order":0,"comment_status":"closed","ping_status":"closed","template":"","meta":{"_acf_changed":false,"footnotes":""},"class_list":["post-3985","page","type-page","status-publish","has-post-thumbnail","hentry"],"acf":[],"yoast_head":"<!-- This site is optimized with the Yoast SEO plugin v27.5 - https:\/\/yoast.com\/product\/yoast-seo-wordpress\/ -->\n<title>Formation pour professionnels - Carima<\/title>\n<meta name=\"robots\" content=\"index, follow, max-snippet:-1, max-image-preview:large, max-video-preview:-1\" \/>\n<link rel=\"canonical\" href=\"https:\/\/www.carimatech.com\/fr\/services\/formation-pour-professionnels\/\" \/>\n<meta property=\"og:locale\" content=\"fr_FR\" \/>\n<meta property=\"og:type\" content=\"article\" \/>\n<meta property=\"og:title\" content=\"Formation pour professionnels - Carima\" \/>\n<meta property=\"og:description\" content=\"Formation pratique pour les professionnels du soin et du transfert Chez Carima, nous formons celles et ceux qui aident les personnes \u00e0 mobilit\u00e9 r\u00e9duite au quotidien. Nous proposons un service...\" \/>\n<meta property=\"og:url\" content=\"https:\/\/www.carimatech.com\/fr\/services\/formation-pour-professionnels\/\" \/>\n<meta property=\"og:site_name\" content=\"Carima\" \/>\n<meta property=\"article:modified_time\" content=\"2026-04-09T13:48:53+00:00\" \/>\n<meta property=\"og:image\" content=\"https:\/\/www.carimatech.com\/app\/uploads\/2025\/08\/formacion-capcalera-e1754052628354.jpeg\" \/>\n\t<meta property=\"og:image:width\" content=\"1600\" \/>\n\t<meta property=\"og:image:height\" content=\"587\" \/>\n\t<meta property=\"og:image:type\" content=\"image\/jpeg\" \/>\n<meta name=\"twitter:card\" content=\"summary_large_image\" \/>\n<meta name=\"twitter:label1\" content=\"Dur\u00e9e de lecture estim\u00e9e\" \/>\n\t<meta name=\"twitter:data1\" content=\"2 minutes\" \/>\n<script type=\"application\/ld+json\" class=\"yoast-schema-graph\">{\"@context\":\"https:\\\/\\\/schema.org\",\"@graph\":[{\"@type\":\"WebPage\",\"@id\":\"https:\\\/\\\/www.carimatech.com\\\/fr\\\/services\\\/formation-pour-professionnels\\\/\",\"url\":\"https:\\\/\\\/www.carimatech.com\\\/fr\\\/services\\\/formation-pour-professionnels\\\/\",\"name\":\"Formation pour professionnels - Carima\",\"isPartOf\":{\"@id\":\"https:\\\/\\\/www.carimatech.com\\\/fr\\\/#website\"},\"primaryImageOfPage\":{\"@id\":\"https:\\\/\\\/www.carimatech.com\\\/fr\\\/services\\\/formation-pour-professionnels\\\/#primaryimage\"},\"image\":{\"@id\":\"https:\\\/\\\/www.carimatech.com\\\/fr\\\/services\\\/formation-pour-professionnels\\\/#primaryimage\"},\"thumbnailUrl\":\"https:\\\/\\\/www.carimatech.com\\\/app\\\/uploads\\\/2025\\\/08\\\/formacion-capcalera-e1754052628354.jpeg\",\"datePublished\":\"2025-08-01T12:42:22+00:00\",\"dateModified\":\"2026-04-09T13:48:53+00:00\",\"breadcrumb\":{\"@id\":\"https:\\\/\\\/www.carimatech.com\\\/fr\\\/services\\\/formation-pour-professionnels\\\/#breadcrumb\"},\"inLanguage\":\"fr-FR\",\"potentialAction\":[{\"@type\":\"ReadAction\",\"target\":[\"https:\\\/\\\/www.carimatech.com\\\/fr\\\/services\\\/formation-pour-professionnels\\\/\"]}]},{\"@type\":\"ImageObject\",\"inLanguage\":\"fr-FR\",\"@id\":\"https:\\\/\\\/www.carimatech.com\\\/fr\\\/services\\\/formation-pour-professionnels\\\/#primaryimage\",\"url\":\"https:\\\/\\\/www.carimatech.com\\\/app\\\/uploads\\\/2025\\\/08\\\/formacion-capcalera-e1754052628354.jpeg\",\"contentUrl\":\"https:\\\/\\\/www.carimatech.com\\\/app\\\/uploads\\\/2025\\\/08\\\/formacion-capcalera-e1754052628354.jpeg\",\"width\":1600,\"height\":587},{\"@type\":\"BreadcrumbList\",\"@id\":\"https:\\\/\\\/www.carimatech.com\\\/fr\\\/services\\\/formation-pour-professionnels\\\/#breadcrumb\",\"itemListElement\":[{\"@type\":\"ListItem\",\"position\":1,\"name\":\"Portada\",\"item\":\"https:\\\/\\\/www.carimatech.com\\\/fr\\\/home\\\/\"},{\"@type\":\"ListItem\",\"position\":2,\"name\":\"Services\",\"item\":\"https:\\\/\\\/www.carimatech.com\\\/fr\\\/services\\\/\"},{\"@type\":\"ListItem\",\"position\":3,\"name\":\"Formation pour professionnels\"}]},{\"@type\":\"WebSite\",\"@id\":\"https:\\\/\\\/www.carimatech.com\\\/fr\\\/#website\",\"url\":\"https:\\\/\\\/www.carimatech.com\\\/fr\\\/\",\"name\":\"Carima\",\"description\":\"\",\"potentialAction\":[{\"@type\":\"SearchAction\",\"target\":{\"@type\":\"EntryPoint\",\"urlTemplate\":\"https:\\\/\\\/www.carimatech.com\\\/fr\\\/?s={search_term_string}\"},\"query-input\":{\"@type\":\"PropertyValueSpecification\",\"valueRequired\":true,\"valueName\":\"search_term_string\"}}],\"inLanguage\":\"fr-FR\"}]}<\/script>\n<!-- \/ Yoast SEO plugin. -->","yoast_head_json":{"title":"Formation pour professionnels - Carima","robots":{"index":"index","follow":"follow","max-snippet":"max-snippet:-1","max-image-preview":"max-image-preview:large","max-video-preview":"max-video-preview:-1"},"canonical":"https:\/\/www.carimatech.com\/fr\/services\/formation-pour-professionnels\/","og_locale":"fr_FR","og_type":"article","og_title":"Formation pour professionnels - Carima","og_description":"Formation pratique pour les professionnels du soin et du transfert Chez Carima, nous formons celles et ceux qui aident les personnes \u00e0 mobilit\u00e9 r\u00e9duite au quotidien. Nous proposons un service...","og_url":"https:\/\/www.carimatech.com\/fr\/services\/formation-pour-professionnels\/","og_site_name":"Carima","article_modified_time":"2026-04-09T13:48:53+00:00","og_image":[{"width":1600,"height":587,"url":"https:\/\/www.carimatech.com\/app\/uploads\/2025\/08\/formacion-capcalera-e1754052628354.jpeg","type":"image\/jpeg"}],"twitter_card":"summary_large_image","twitter_misc":{"Dur\u00e9e de lecture estim\u00e9e":"2 minutes"},"schema":{"@context":"https:\/\/schema.org","@graph":[{"@type":"WebPage","@id":"https:\/\/www.carimatech.com\/fr\/services\/formation-pour-professionnels\/","url":"https:\/\/www.carimatech.com\/fr\/services\/formation-pour-professionnels\/","name":"Formation pour professionnels - Carima","isPartOf":{"@id":"https:\/\/www.carimatech.com\/fr\/#website"},"primaryImageOfPage":{"@id":"https:\/\/www.carimatech.com\/fr\/services\/formation-pour-professionnels\/#primaryimage"},"image":{"@id":"https:\/\/www.carimatech.com\/fr\/services\/formation-pour-professionnels\/#primaryimage"},"thumbnailUrl":"https:\/\/www.carimatech.com\/app\/uploads\/2025\/08\/formacion-capcalera-e1754052628354.jpeg","datePublished":"2025-08-01T12:42:22+00:00","dateModified":"2026-04-09T13:48:53+00:00","breadcrumb":{"@id":"https:\/\/www.carimatech.com\/fr\/services\/formation-pour-professionnels\/#breadcrumb"},"inLanguage":"fr-FR","potentialAction":[{"@type":"ReadAction","target":["https:\/\/www.carimatech.com\/fr\/services\/formation-pour-professionnels\/"]}]},{"@type":"ImageObject","inLanguage":"fr-FR","@id":"https:\/\/www.carimatech.com\/fr\/services\/formation-pour-professionnels\/#primaryimage","url":"https:\/\/www.carimatech.com\/app\/uploads\/2025\/08\/formacion-capcalera-e1754052628354.jpeg","contentUrl":"https:\/\/www.carimatech.com\/app\/uploads\/2025\/08\/formacion-capcalera-e1754052628354.jpeg","width":1600,"height":587},{"@type":"BreadcrumbList","@id":"https:\/\/www.carimatech.com\/fr\/services\/formation-pour-professionnels\/#breadcrumb","itemListElement":[{"@type":"ListItem","position":1,"name":"Portada","item":"https:\/\/www.carimatech.com\/fr\/home\/"},{"@type":"ListItem","position":2,"name":"Services","item":"https:\/\/www.carimatech.com\/fr\/services\/"},{"@type":"ListItem","position":3,"name":"Formation pour professionnels"}]},{"@type":"WebSite","@id":"https:\/\/www.carimatech.com\/fr\/#website","url":"https:\/\/www.carimatech.com\/fr\/","name":"Carima","description":"","potentialAction":[{"@type":"SearchAction","target":{"@type":"EntryPoint","urlTemplate":"https:\/\/www.carimatech.com\/fr\/?s={search_term_string}"},"query-input":{"@type":"PropertyValueSpecification","valueRequired":true,"valueName":"search_term_string"}}],"inLanguage":"fr-FR"}]}},"_links":{"self":[{"href":"https:\/\/www.carimatech.com\/fr\/wp-json\/wp\/v2\/pages\/3985","targetHints":{"allow":["GET"]}}],"collection":[{"href":"https:\/\/www.carimatech.com\/fr\/wp-json\/wp\/v2\/pages"}],"about":[{"href":"https:\/\/www.carimatech.com\/fr\/wp-json\/wp\/v2\/types\/page"}],"author":[{"embeddable":true,"href":"https:\/\/www.carimatech.com\/fr\/wp-json\/wp\/v2\/users\/1"}],"replies":[{"embeddable":true,"href":"https:\/\/www.carimatech.com\/fr\/wp-json\/wp\/v2\/comments?post=3985"}],"version-history":[{"count":7,"href":"https:\/\/www.carimatech.com\/fr\/wp-json\/wp\/v2\/pages\/3985\/revisions"}],"predecessor-version":[{"id":5080,"href":"https:\/\/www.carimatech.com\/fr\/wp-json\/wp\/v2\/pages\/3985\/revisions\/5080"}],"up":[{"embeddable":true,"href":"https:\/\/www.carimatech.com\/fr\/wp-json\/wp\/v2\/pages\/3881"}],"wp:featuredmedia":[{"embeddable":true,"href":"https:\/\/www.carimatech.com\/fr\/wp-json\/wp\/v2\/media\/3984"}],"wp:attachment":[{"href":"https:\/\/www.carimatech.com\/fr\/wp-json\/wp\/v2\/media?parent=3985"}],"curies":[{"name":"wp","href":"https:\/\/api.w.org\/{rel}","templated":true}]}}