{"id":3990,"date":"2025-01-29T09:59:10","date_gmt":"2025-01-29T08:59:10","guid":{"rendered":"https:\/\/www.carimatech.com\/a-qui-sadresse-carima\/ecoles-et-enseignement\/"},"modified":"2025-12-16T15:19:22","modified_gmt":"2025-12-16T14:19:22","slug":"ecoles-et-enseignement","status":"publish","type":"page","link":"https:\/\/www.carimatech.com\/fr\/a-qui-sadresse-carima\/ecoles-et-enseignement\/","title":{"rendered":"\u00c9coles et enseignement"},"content":{"rendered":"\t\t<div data-elementor-type=\"wp-page\" data-elementor-id=\"3990\" class=\"elementor elementor-3990 elementor-528\">\n\t\t\t\t<div class=\"elementor-element elementor-element-10efd62 e-flex e-con-boxed e-con e-parent\" data-id=\"10efd62\" data-element_type=\"container\" data-e-type=\"container\">\n\t\t\t\t\t<div class=\"e-con-inner\">\n\t\t<div class=\"elementor-element elementor-element-5fe9ffb e-con-full e-flex e-con e-child\" data-id=\"5fe9ffb\" data-element_type=\"container\" data-e-type=\"container\">\n\t\t<div class=\"elementor-element elementor-element-3c9c94e e-con-full e-flex e-con e-child\" data-id=\"3c9c94e\" data-element_type=\"container\" data-e-type=\"container\">\n\t\t\t\t<div class=\"elementor-element elementor-element-3a562a8 elementor-widget elementor-widget-heading\" data-id=\"3a562a8\" data-element_type=\"widget\" data-e-type=\"widget\" data-widget_type=\"heading.default\">\n\t\t\t\t<div class=\"elementor-widget-container\">\n\t\t\t\t\t<h3 class=\"elementor-heading-title elementor-size-default\">Int\u00e9gration de <b>solutions d\u2019accessibilit\u00e9 <\/b>pour les espaces \u00e9ducatifs<\/h3>\t\t\t\t<\/div>\n\t\t\t\t<\/div>\n\t\t\t\t<div class=\"elementor-element elementor-element-168a80c elementor-widget elementor-widget-text-editor\" data-id=\"168a80c\" data-element_type=\"widget\" data-e-type=\"widget\" data-widget_type=\"text-editor.default\">\n\t\t\t\t<div class=\"elementor-widget-container\">\n\t\t\t\t\t\t\t\t\t<p><span style=\"font-weight: 400;\">Chez Carima, nous collaborons \u00e9troitement avec les professionnels de l\u2019\u00e9ducation pour int\u00e9grer des solutions d\u2019accessibilit\u00e9 dans leurs \u00e9tablissements.<\/span><\/p><p><span style=\"font-weight: 400;\">Notre objectif est de faciliter la cr\u00e9ation d\u2019espaces inclusifs alliant fonctionnalit\u00e9, s\u00e9curit\u00e9 et esth\u00e9tique.<\/span><\/p>\t\t\t\t\t\t\t\t<\/div>\n\t\t\t\t<\/div>\n\t\t\t\t<div class=\"elementor-element elementor-element-a910d47 button-container elementor-widget elementor-widget-button\" data-id=\"a910d47\" data-element_type=\"widget\" data-e-type=\"widget\" data-widget_type=\"button.default\">\n\t\t\t\t<div class=\"elementor-widget-container\">\n\t\t\t\t\t\t\t\t\t<div class=\"elementor-button-wrapper\">\n\t\t\t\t\t<a class=\"elementor-button elementor-button-link elementor-size-sm\" href=\"https:\/\/www.carimatech.com\/fr\/contactez-nous\/\">\n\t\t\t\t\t\t<span class=\"elementor-button-content-wrapper\">\n\t\t\t\t\t\t\t\t\t<span class=\"elementor-button-text\">Demander un conseil gratuit<\/span>\n\t\t\t\t\t<\/span>\n\t\t\t\t\t<\/a>\n\t\t\t\t<\/div>\n\t\t\t\t\t\t\t\t<\/div>\n\t\t\t\t<\/div>\n\t\t\t\t<\/div>\n\t\t<div class=\"elementor-element elementor-element-8fada9d e-con-full bg-radius e-flex e-con e-child\" data-id=\"8fada9d\" data-element_type=\"container\" data-e-type=\"container\" data-settings=\"{&quot;background_background&quot;:&quot;classic&quot;}\">\n\t\t\t\t<\/div>\n\t\t\t\t<\/div>\n\t\t\t\t\t<\/div>\n\t\t\t\t<\/div>\n\t\t<div class=\"elementor-element elementor-element-3d190a9 e-flex e-con-boxed e-con e-parent\" data-id=\"3d190a9\" data-element_type=\"container\" data-e-type=\"container\">\n\t\t\t\t\t<div class=\"e-con-inner\">\n\t\t\t\t<div class=\"elementor-element elementor-element-c8809ba elementor-widget__width-initial elementor-widget elementor-widget-heading\" data-id=\"c8809ba\" data-element_type=\"widget\" data-e-type=\"widget\" data-widget_type=\"heading.default\">\n\t\t\t\t<div class=\"elementor-widget-container\">\n\t\t\t\t\t<h3 class=\"elementor-heading-title elementor-size-default\">Notre <b>objectif<\/b> \n<\/h3>\t\t\t\t<\/div>\n\t\t\t\t<\/div>\n\t\t\t\t\t<\/div>\n\t\t\t\t<\/div>\n\t\t<div class=\"elementor-element elementor-element-bd92354 e-flex e-con-boxed e-con e-parent\" data-id=\"bd92354\" data-element_type=\"container\" data-e-type=\"container\">\n\t\t\t\t\t<div class=\"e-con-inner\">\n\t\t<div class=\"elementor-element elementor-element-5cc7e26 e-con-full e-flex e-con e-child\" data-id=\"5cc7e26\" data-element_type=\"container\" data-e-type=\"container\">\n\t\t\t\t<div class=\"elementor-element elementor-element-096e7dd elementor-widget__width-initial elementor-widget elementor-widget-heading\" data-id=\"096e7dd\" data-element_type=\"widget\" data-e-type=\"widget\" data-widget_type=\"heading.default\">\n\t\t\t\t<div class=\"elementor-widget-container\">\n\t\t\t\t\t<h4 class=\"elementor-heading-title elementor-size-default\">Conseil technique<\/h4>\t\t\t\t<\/div>\n\t\t\t\t<\/div>\n\t\t\t\t<div class=\"elementor-element elementor-element-514ade0 elementor-widget elementor-widget-text-editor\" data-id=\"514ade0\" data-element_type=\"widget\" data-e-type=\"widget\" data-widget_type=\"text-editor.default\">\n\t\t\t\t<div class=\"elementor-widget-container\">\n\t\t\t\t\t\t\t\t\t<p class=\"p1\">Nous offrons un <a href=\"https:\/\/www.carimatech.com\/fr\/assistance-technique\/\"><strong><span class=\"s2\">accompagnement technique<\/span><\/strong><\/a> \u00e0 chaque \u00e9tape du projet. Nous aidons les architectes et les concepteurs \u00e0 int\u00e9grer des solutions d\u2019accessibilit\u00e9 dans leurs projets, en respectant les normes et r\u00e9glementations en vigueur. <\/p>\t\t\t\t\t\t\t\t<\/div>\n\t\t\t\t<\/div>\n\t\t\t\t<\/div>\n\t\t<div class=\"elementor-element elementor-element-3520d2d e-con-full e-flex e-con e-child\" data-id=\"3520d2d\" data-element_type=\"container\" data-e-type=\"container\">\n\t\t\t\t<div class=\"elementor-element elementor-element-79b5283 elementor-widget__width-initial elementor-widget elementor-widget-heading\" data-id=\"79b5283\" data-element_type=\"widget\" data-e-type=\"widget\" data-widget_type=\"heading.default\">\n\t\t\t\t<div class=\"elementor-widget-container\">\n\t\t\t\t\t<h4 class=\"elementor-heading-title elementor-size-default\">Solutions et produits<\/h4>\t\t\t\t<\/div>\n\t\t\t\t<\/div>\n\t\t\t\t<div class=\"elementor-element elementor-element-d9c1df2 elementor-widget elementor-widget-text-editor\" data-id=\"d9c1df2\" data-element_type=\"widget\" data-e-type=\"widget\" data-widget_type=\"text-editor.default\">\n\t\t\t\t<div class=\"elementor-widget-container\">\n\t\t\t\t\t\t\t\t\t<p class=\"p1\"><a href=\"https:\/\/www.carimatech.com\/fr\/services-2\/\"><strong><span class=\"s2\">Des solutions<\/span><\/strong><\/a> et <a href=\"https:\/\/www.carimatech.com\/fr\/gamme-carima\/\"><strong><span class=\"s2\">productos<\/span><\/strong><\/a> de mobilit\u00e9 et de transfert qui s\u2019int\u00e8grent parfaitement dans des environnements modernes, sans compromettre l\u2019esth\u00e9tique ou l\u2019accessibilit\u00e9.<\/p>\t\t\t\t\t\t\t\t<\/div>\n\t\t\t\t<\/div>\n\t\t\t\t<\/div>\n\t\t\t\t\t<\/div>\n\t\t\t\t<\/div>\n\t\t<div class=\"elementor-element elementor-element-31829d8 e-flex e-con-boxed e-con e-parent\" data-id=\"31829d8\" data-element_type=\"container\" data-e-type=\"container\">\n\t\t\t\t\t<div class=\"e-con-inner\">\n\t\t<div class=\"elementor-element elementor-element-1a8d592 e-con-full e-flex e-con e-child\" data-id=\"1a8d592\" data-element_type=\"container\" data-e-type=\"container\">\n\t\t<a class=\"elementor-element elementor-element-8afe796 e-con-full box-asistencia bg-radius e-flex e-con e-child\" data-id=\"8afe796\" data-element_type=\"container\" data-e-type=\"container\" data-settings=\"{&quot;background_background&quot;:&quot;classic&quot;}\" href=\"https:\/\/www.carimatech.com\/fr\/a-qui-sadresse-carima\/milieu-hospitalier\/\">\n\t\t<div class=\"elementor-element elementor-element-ed349e8 e-con-full e-flex e-con e-child\" data-id=\"ed349e8\" data-element_type=\"container\" data-e-type=\"container\">\n\t\t\t\t<div class=\"elementor-element elementor-element-51e2497 elementor-widget elementor-widget-heading\" data-id=\"51e2497\" data-element_type=\"widget\" data-e-type=\"widget\" data-widget_type=\"heading.default\">\n\t\t\t\t<div class=\"elementor-widget-container\">\n\t\t\t\t\t<h5 class=\"elementor-heading-title elementor-size-default\"><b>Milieu Hospitalier<\/b><\/h5>\t\t\t\t<\/div>\n\t\t\t\t<\/div>\n\t\t\t\t<div class=\"elementor-element elementor-element-f52cc09 elementor-view-stacked elementor-shape-circle elementor-widget elementor-widget-icon\" data-id=\"f52cc09\" data-element_type=\"widget\" data-e-type=\"widget\" data-widget_type=\"icon.default\">\n\t\t\t\t<div class=\"elementor-widget-container\">\n\t\t\t\t\t\t\t<div class=\"elementor-icon-wrapper\">\n\t\t\t<div class=\"elementor-icon\">\n\t\t\t<svg xmlns=\"http:\/\/www.w3.org\/2000\/svg\" width=\"17\" height=\"17\" viewBox=\"0 0 17 17\" fill=\"none\"><g id=\"Frame\"><path id=\"Vector\" d=\"M6.4375 12.625L10.5625 8.5L6.4375 4.375\" stroke=\"#646363\" stroke-width=\"1.5\" stroke-linecap=\"round\" stroke-linejoin=\"round\"><\/path><\/g><\/svg>\t\t\t<\/div>\n\t\t<\/div>\n\t\t\t\t\t\t<\/div>\n\t\t\t\t<\/div>\n\t\t\t\t<\/div>\n\t\t<div class=\"elementor-element elementor-element-ec523ef e-con-full text e-flex e-con e-child\" data-id=\"ec523ef\" data-element_type=\"container\" data-e-type=\"container\">\n\t\t\t\t<div class=\"elementor-element elementor-element-e57f658 elementor-widget elementor-widget-text-editor\" data-id=\"e57f658\" data-element_type=\"widget\" data-e-type=\"widget\" data-widget_type=\"text-editor.default\">\n\t\t\t\t<div class=\"elementor-widget-container\">\n\t\t\t\t\t\t\t\t\t<p><span style=\"color: #ffffff;\">Notre objectif est de rendre les h\u00f4pitaux accessibles, s\u00fbrs et confortables pour tous.<\/span><\/p>\t\t\t\t\t\t\t\t<\/div>\n\t\t\t\t<\/div>\n\t\t\t\t<\/div>\n\t\t\t\t<\/a>\n\t\t<a class=\"elementor-element elementor-element-fffed9a e-con-full box-asistencia bg-radius e-flex e-con e-child\" data-id=\"fffed9a\" data-element_type=\"container\" data-e-type=\"container\" data-settings=\"{&quot;background_background&quot;:&quot;classic&quot;}\" href=\"https:\/\/www.carimatech.com\/fr\/a-qui-sadresse-carima\/etablissements-de-soins-et-dhebergement\/\">\n\t\t<div class=\"elementor-element elementor-element-84d8f07 e-con-full e-flex e-con e-child\" data-id=\"84d8f07\" data-element_type=\"container\" data-e-type=\"container\">\n\t\t\t\t<div class=\"elementor-element elementor-element-e873b58 elementor-widget elementor-widget-heading\" data-id=\"e873b58\" data-element_type=\"widget\" data-e-type=\"widget\" data-widget_type=\"heading.default\">\n\t\t\t\t<div class=\"elementor-widget-container\">\n\t\t\t\t\t<h5 class=\"elementor-heading-title elementor-size-default\"><b>\u00c9tablissements de soins et d\u2019h\u00e9bergement<\/b>\n<\/h5>\t\t\t\t<\/div>\n\t\t\t\t<\/div>\n\t\t\t\t<div class=\"elementor-element elementor-element-5722b27 elementor-view-stacked elementor-shape-circle elementor-widget elementor-widget-icon\" data-id=\"5722b27\" data-element_type=\"widget\" data-e-type=\"widget\" data-widget_type=\"icon.default\">\n\t\t\t\t<div class=\"elementor-widget-container\">\n\t\t\t\t\t\t\t<div class=\"elementor-icon-wrapper\">\n\t\t\t<div class=\"elementor-icon\">\n\t\t\t<svg xmlns=\"http:\/\/www.w3.org\/2000\/svg\" width=\"17\" height=\"17\" viewBox=\"0 0 17 17\" fill=\"none\"><g id=\"Frame\"><path id=\"Vector\" d=\"M6.4375 12.625L10.5625 8.5L6.4375 4.375\" stroke=\"#646363\" stroke-width=\"1.5\" stroke-linecap=\"round\" stroke-linejoin=\"round\"><\/path><\/g><\/svg>\t\t\t<\/div>\n\t\t<\/div>\n\t\t\t\t\t\t<\/div>\n\t\t\t\t<\/div>\n\t\t\t\t<\/div>\n\t\t<div class=\"elementor-element elementor-element-b56af1b e-con-full text e-flex e-con e-child\" data-id=\"b56af1b\" data-element_type=\"container\" data-e-type=\"container\">\n\t\t\t\t<div class=\"elementor-element elementor-element-043462a elementor-widget elementor-widget-text-editor\" data-id=\"043462a\" data-element_type=\"widget\" data-e-type=\"widget\" data-widget_type=\"text-editor.default\">\n\t\t\t\t<div class=\"elementor-widget-container\">\n\t\t\t\t\t\t\t\t\t<p><span style=\"color: #ffffff;\">Notre objectif est de rendre les \u00e9tablissements de sant\u00e9 et les r\u00e9sidences accessibles, s\u00fbrs et confortables pour tous.<\/span><\/p>\t\t\t\t\t\t\t\t<\/div>\n\t\t\t\t<\/div>\n\t\t\t\t<\/div>\n\t\t\t\t<\/a>\n\t\t<a class=\"elementor-element elementor-element-ea882cb e-con-full box-asistencia bg-radius e-flex e-con e-child\" data-id=\"ea882cb\" data-element_type=\"container\" data-e-type=\"container\" data-settings=\"{&quot;background_background&quot;:&quot;classic&quot;}\" href=\"https:\/\/www.carimatech.com\/fr\/a-qui-sadresse-carima\/domicile-et-habitat-particulier\/\">\n\t\t<div class=\"elementor-element elementor-element-195044f e-con-full e-flex e-con e-child\" data-id=\"195044f\" data-element_type=\"container\" data-e-type=\"container\">\n\t\t\t\t<div class=\"elementor-element elementor-element-aa2b00d elementor-widget elementor-widget-heading\" data-id=\"aa2b00d\" data-element_type=\"widget\" data-e-type=\"widget\" data-widget_type=\"heading.default\">\n\t\t\t\t<div class=\"elementor-widget-container\">\n\t\t\t\t\t<h5 class=\"elementor-heading-title elementor-size-default\"><b>Domicile et habitat particulier<\/b><\/h5>\t\t\t\t<\/div>\n\t\t\t\t<\/div>\n\t\t\t\t<div class=\"elementor-element elementor-element-2f41133 elementor-view-stacked elementor-shape-circle elementor-widget elementor-widget-icon\" data-id=\"2f41133\" data-element_type=\"widget\" data-e-type=\"widget\" data-widget_type=\"icon.default\">\n\t\t\t\t<div class=\"elementor-widget-container\">\n\t\t\t\t\t\t\t<div class=\"elementor-icon-wrapper\">\n\t\t\t<div class=\"elementor-icon\">\n\t\t\t<svg xmlns=\"http:\/\/www.w3.org\/2000\/svg\" width=\"17\" height=\"17\" viewBox=\"0 0 17 17\" fill=\"none\"><g id=\"Frame\"><path id=\"Vector\" d=\"M6.4375 12.625L10.5625 8.5L6.4375 4.375\" stroke=\"#646363\" stroke-width=\"1.5\" stroke-linecap=\"round\" stroke-linejoin=\"round\"><\/path><\/g><\/svg>\t\t\t<\/div>\n\t\t<\/div>\n\t\t\t\t\t\t<\/div>\n\t\t\t\t<\/div>\n\t\t\t\t<\/div>\n\t\t<div class=\"elementor-element elementor-element-8dc9904 e-con-full text e-flex e-con e-child\" data-id=\"8dc9904\" data-element_type=\"container\" data-e-type=\"container\">\n\t\t\t\t<div class=\"elementor-element elementor-element-b46f9dd elementor-widget elementor-widget-text-editor\" data-id=\"b46f9dd\" data-element_type=\"widget\" data-e-type=\"widget\" data-widget_type=\"text-editor.default\">\n\t\t\t\t<div class=\"elementor-widget-container\">\n\t\t\t\t\t\t\t\t\t<p><span style=\"color: #ffffff;\">Faire de votre domicile un lieu accessible, confortable et s\u00fbr est possible gr\u00e2ce aux solutions personnalis\u00e9es de Carima.<\/span><\/p>\t\t\t\t\t\t\t\t<\/div>\n\t\t\t\t<\/div>\n\t\t\t\t<\/div>\n\t\t\t\t<\/a>\n\t\t\t\t<\/div>\n\t\t\t\t\t<\/div>\n\t\t\t\t<\/div>\n\t\t\t\t<\/div>\n\t\t","protected":false},"excerpt":{"rendered":"<p>Int\u00e9gration de solutions d\u2019accessibilit\u00e9 pour les espaces \u00e9ducatifs Chez Carima, nous collaborons \u00e9troitement avec les professionnels de l\u2019\u00e9ducation pour int\u00e9grer des solutions d\u2019accessibilit\u00e9 dans leurs \u00e9tablissements. Notre objectif est de&#8230;<\/p>\n","protected":false},"author":1,"featured_media":3903,"parent":3900,"menu_order":0,"comment_status":"closed","ping_status":"closed","template":"","meta":{"_acf_changed":false,"footnotes":""},"class_list":["post-3990","page","type-page","status-publish","has-post-thumbnail","hentry"],"acf":[],"yoast_head":"<!-- This site is optimized with the Yoast SEO plugin v27.5 - https:\/\/yoast.com\/product\/yoast-seo-wordpress\/ -->\n<title>\u00c9coles et enseignement - Carima<\/title>\n<meta name=\"robots\" content=\"index, follow, max-snippet:-1, max-image-preview:large, max-video-preview:-1\" \/>\n<link rel=\"canonical\" href=\"https:\/\/www.carimatech.com\/fr\/a-qui-sadresse-carima\/ecoles-et-enseignement\/\" \/>\n<meta property=\"og:locale\" content=\"fr_FR\" \/>\n<meta property=\"og:type\" content=\"article\" \/>\n<meta property=\"og:title\" content=\"\u00c9coles et enseignement - Carima\" \/>\n<meta property=\"og:description\" content=\"Int\u00e9gration de solutions d\u2019accessibilit\u00e9 pour les espaces \u00e9ducatifs Chez Carima, nous collaborons \u00e9troitement avec les professionnels de l\u2019\u00e9ducation pour int\u00e9grer des solutions d\u2019accessibilit\u00e9 dans leurs \u00e9tablissements. Notre objectif est de...\" \/>\n<meta property=\"og:url\" content=\"https:\/\/www.carimatech.com\/fr\/a-qui-sadresse-carima\/ecoles-et-enseignement\/\" \/>\n<meta property=\"og:site_name\" content=\"Carima\" \/>\n<meta property=\"article:modified_time\" content=\"2025-12-16T14:19:22+00:00\" \/>\n<meta property=\"og:image\" content=\"https:\/\/www.carimatech.com\/app\/uploads\/2025\/02\/20240612_204056-scaled.jpg\" \/>\n\t<meta property=\"og:image:width\" content=\"2560\" \/>\n\t<meta property=\"og:image:height\" content=\"1440\" \/>\n\t<meta property=\"og:image:type\" content=\"image\/jpeg\" \/>\n<meta name=\"twitter:card\" content=\"summary_large_image\" \/>\n<meta name=\"twitter:label1\" content=\"Dur\u00e9e de lecture estim\u00e9e\" \/>\n\t<meta name=\"twitter:data1\" content=\"1 minute\" \/>\n<script type=\"application\/ld+json\" class=\"yoast-schema-graph\">{\"@context\":\"https:\\\/\\\/schema.org\",\"@graph\":[{\"@type\":\"WebPage\",\"@id\":\"https:\\\/\\\/www.carimatech.com\\\/fr\\\/a-qui-sadresse-carima\\\/ecoles-et-enseignement\\\/\",\"url\":\"https:\\\/\\\/www.carimatech.com\\\/fr\\\/a-qui-sadresse-carima\\\/ecoles-et-enseignement\\\/\",\"name\":\"\u00c9coles et enseignement - Carima\",\"isPartOf\":{\"@id\":\"https:\\\/\\\/www.carimatech.com\\\/fr\\\/#website\"},\"primaryImageOfPage\":{\"@id\":\"https:\\\/\\\/www.carimatech.com\\\/fr\\\/a-qui-sadresse-carima\\\/ecoles-et-enseignement\\\/#primaryimage\"},\"image\":{\"@id\":\"https:\\\/\\\/www.carimatech.com\\\/fr\\\/a-qui-sadresse-carima\\\/ecoles-et-enseignement\\\/#primaryimage\"},\"thumbnailUrl\":\"https:\\\/\\\/www.carimatech.com\\\/app\\\/uploads\\\/2025\\\/02\\\/20240612_204056-scaled.jpg\",\"datePublished\":\"2025-01-29T08:59:10+00:00\",\"dateModified\":\"2025-12-16T14:19:22+00:00\",\"breadcrumb\":{\"@id\":\"https:\\\/\\\/www.carimatech.com\\\/fr\\\/a-qui-sadresse-carima\\\/ecoles-et-enseignement\\\/#breadcrumb\"},\"inLanguage\":\"fr-FR\",\"potentialAction\":[{\"@type\":\"ReadAction\",\"target\":[\"https:\\\/\\\/www.carimatech.com\\\/fr\\\/a-qui-sadresse-carima\\\/ecoles-et-enseignement\\\/\"]}]},{\"@type\":\"ImageObject\",\"inLanguage\":\"fr-FR\",\"@id\":\"https:\\\/\\\/www.carimatech.com\\\/fr\\\/a-qui-sadresse-carima\\\/ecoles-et-enseignement\\\/#primaryimage\",\"url\":\"https:\\\/\\\/www.carimatech.com\\\/app\\\/uploads\\\/2025\\\/02\\\/20240612_204056-scaled.jpg\",\"contentUrl\":\"https:\\\/\\\/www.carimatech.com\\\/app\\\/uploads\\\/2025\\\/02\\\/20240612_204056-scaled.jpg\",\"width\":2560,\"height\":1440},{\"@type\":\"BreadcrumbList\",\"@id\":\"https:\\\/\\\/www.carimatech.com\\\/fr\\\/a-qui-sadresse-carima\\\/ecoles-et-enseignement\\\/#breadcrumb\",\"itemListElement\":[{\"@type\":\"ListItem\",\"position\":1,\"name\":\"Portada\",\"item\":\"https:\\\/\\\/www.carimatech.com\\\/fr\\\/home\\\/\"},{\"@type\":\"ListItem\",\"position\":2,\"name\":\"\u00c0 qui s&rsquo;adresse Carima\",\"item\":\"https:\\\/\\\/www.carimatech.com\\\/fr\\\/a-qui-sadresse-carima\\\/\"},{\"@type\":\"ListItem\",\"position\":3,\"name\":\"\u00c9coles et enseignement\"}]},{\"@type\":\"WebSite\",\"@id\":\"https:\\\/\\\/www.carimatech.com\\\/fr\\\/#website\",\"url\":\"https:\\\/\\\/www.carimatech.com\\\/fr\\\/\",\"name\":\"Carima\",\"description\":\"\",\"potentialAction\":[{\"@type\":\"SearchAction\",\"target\":{\"@type\":\"EntryPoint\",\"urlTemplate\":\"https:\\\/\\\/www.carimatech.com\\\/fr\\\/?s={search_term_string}\"},\"query-input\":{\"@type\":\"PropertyValueSpecification\",\"valueRequired\":true,\"valueName\":\"search_term_string\"}}],\"inLanguage\":\"fr-FR\"}]}<\/script>\n<!-- \/ Yoast SEO plugin. -->","yoast_head_json":{"title":"\u00c9coles et enseignement - Carima","robots":{"index":"index","follow":"follow","max-snippet":"max-snippet:-1","max-image-preview":"max-image-preview:large","max-video-preview":"max-video-preview:-1"},"canonical":"https:\/\/www.carimatech.com\/fr\/a-qui-sadresse-carima\/ecoles-et-enseignement\/","og_locale":"fr_FR","og_type":"article","og_title":"\u00c9coles et enseignement - Carima","og_description":"Int\u00e9gration de solutions d\u2019accessibilit\u00e9 pour les espaces \u00e9ducatifs Chez Carima, nous collaborons \u00e9troitement avec les professionnels de l\u2019\u00e9ducation pour int\u00e9grer des solutions d\u2019accessibilit\u00e9 dans leurs \u00e9tablissements. Notre objectif est de...","og_url":"https:\/\/www.carimatech.com\/fr\/a-qui-sadresse-carima\/ecoles-et-enseignement\/","og_site_name":"Carima","article_modified_time":"2025-12-16T14:19:22+00:00","og_image":[{"width":2560,"height":1440,"url":"https:\/\/www.carimatech.com\/app\/uploads\/2025\/02\/20240612_204056-scaled.jpg","type":"image\/jpeg"}],"twitter_card":"summary_large_image","twitter_misc":{"Dur\u00e9e de lecture estim\u00e9e":"1 minute"},"schema":{"@context":"https:\/\/schema.org","@graph":[{"@type":"WebPage","@id":"https:\/\/www.carimatech.com\/fr\/a-qui-sadresse-carima\/ecoles-et-enseignement\/","url":"https:\/\/www.carimatech.com\/fr\/a-qui-sadresse-carima\/ecoles-et-enseignement\/","name":"\u00c9coles et enseignement - Carima","isPartOf":{"@id":"https:\/\/www.carimatech.com\/fr\/#website"},"primaryImageOfPage":{"@id":"https:\/\/www.carimatech.com\/fr\/a-qui-sadresse-carima\/ecoles-et-enseignement\/#primaryimage"},"image":{"@id":"https:\/\/www.carimatech.com\/fr\/a-qui-sadresse-carima\/ecoles-et-enseignement\/#primaryimage"},"thumbnailUrl":"https:\/\/www.carimatech.com\/app\/uploads\/2025\/02\/20240612_204056-scaled.jpg","datePublished":"2025-01-29T08:59:10+00:00","dateModified":"2025-12-16T14:19:22+00:00","breadcrumb":{"@id":"https:\/\/www.carimatech.com\/fr\/a-qui-sadresse-carima\/ecoles-et-enseignement\/#breadcrumb"},"inLanguage":"fr-FR","potentialAction":[{"@type":"ReadAction","target":["https:\/\/www.carimatech.com\/fr\/a-qui-sadresse-carima\/ecoles-et-enseignement\/"]}]},{"@type":"ImageObject","inLanguage":"fr-FR","@id":"https:\/\/www.carimatech.com\/fr\/a-qui-sadresse-carima\/ecoles-et-enseignement\/#primaryimage","url":"https:\/\/www.carimatech.com\/app\/uploads\/2025\/02\/20240612_204056-scaled.jpg","contentUrl":"https:\/\/www.carimatech.com\/app\/uploads\/2025\/02\/20240612_204056-scaled.jpg","width":2560,"height":1440},{"@type":"BreadcrumbList","@id":"https:\/\/www.carimatech.com\/fr\/a-qui-sadresse-carima\/ecoles-et-enseignement\/#breadcrumb","itemListElement":[{"@type":"ListItem","position":1,"name":"Portada","item":"https:\/\/www.carimatech.com\/fr\/home\/"},{"@type":"ListItem","position":2,"name":"\u00c0 qui s&rsquo;adresse Carima","item":"https:\/\/www.carimatech.com\/fr\/a-qui-sadresse-carima\/"},{"@type":"ListItem","position":3,"name":"\u00c9coles et enseignement"}]},{"@type":"WebSite","@id":"https:\/\/www.carimatech.com\/fr\/#website","url":"https:\/\/www.carimatech.com\/fr\/","name":"Carima","description":"","potentialAction":[{"@type":"SearchAction","target":{"@type":"EntryPoint","urlTemplate":"https:\/\/www.carimatech.com\/fr\/?s={search_term_string}"},"query-input":{"@type":"PropertyValueSpecification","valueRequired":true,"valueName":"search_term_string"}}],"inLanguage":"fr-FR"}]}},"_links":{"self":[{"href":"https:\/\/www.carimatech.com\/fr\/wp-json\/wp\/v2\/pages\/3990","targetHints":{"allow":["GET"]}}],"collection":[{"href":"https:\/\/www.carimatech.com\/fr\/wp-json\/wp\/v2\/pages"}],"about":[{"href":"https:\/\/www.carimatech.com\/fr\/wp-json\/wp\/v2\/types\/page"}],"author":[{"embeddable":true,"href":"https:\/\/www.carimatech.com\/fr\/wp-json\/wp\/v2\/users\/1"}],"replies":[{"embeddable":true,"href":"https:\/\/www.carimatech.com\/fr\/wp-json\/wp\/v2\/comments?post=3990"}],"version-history":[{"count":9,"href":"https:\/\/www.carimatech.com\/fr\/wp-json\/wp\/v2\/pages\/3990\/revisions"}],"predecessor-version":[{"id":4489,"href":"https:\/\/www.carimatech.com\/fr\/wp-json\/wp\/v2\/pages\/3990\/revisions\/4489"}],"up":[{"embeddable":true,"href":"https:\/\/www.carimatech.com\/fr\/wp-json\/wp\/v2\/pages\/3900"}],"wp:featuredmedia":[{"embeddable":true,"href":"https:\/\/www.carimatech.com\/fr\/wp-json\/wp\/v2\/media\/3903"}],"wp:attachment":[{"href":"https:\/\/www.carimatech.com\/fr\/wp-json\/wp\/v2\/media?parent=3990"}],"curies":[{"name":"wp","href":"https:\/\/api.w.org\/{rel}","templated":true}]}}