{"id":4030,"date":"2025-01-28T15:40:43","date_gmt":"2025-01-28T14:40:43","guid":{"rendered":"https:\/\/www.carimatech.com\/a-qui-sadresse-carima\/domicile-et-habitat-particulier\/"},"modified":"2025-12-16T15:18:11","modified_gmt":"2025-12-16T14:18:11","slug":"domicile-et-habitat-particulier","status":"publish","type":"page","link":"https:\/\/www.carimatech.com\/fr\/a-qui-sadresse-carima\/domicile-et-habitat-particulier\/","title":{"rendered":"Domicile et habitat particulier"},"content":{"rendered":"\t\t<div data-elementor-type=\"wp-page\" data-elementor-id=\"4030\" class=\"elementor elementor-4030 elementor-526\">\n\t\t\t\t<div class=\"elementor-element elementor-element-f5535c6 e-flex e-con-boxed e-con e-parent\" data-id=\"f5535c6\" data-element_type=\"container\" data-e-type=\"container\">\n\t\t\t\t\t<div class=\"e-con-inner\">\n\t\t<div class=\"elementor-element elementor-element-bba9169 e-con-full e-flex e-con e-child\" data-id=\"bba9169\" data-element_type=\"container\" data-e-type=\"container\">\n\t\t<div class=\"elementor-element elementor-element-aaed59c e-con-full e-flex e-con e-child\" data-id=\"aaed59c\" data-element_type=\"container\" data-e-type=\"container\">\n\t\t\t\t<div class=\"elementor-element elementor-element-0269904 elementor-widget elementor-widget-heading\" data-id=\"0269904\" data-element_type=\"widget\" data-e-type=\"widget\" data-widget_type=\"heading.default\">\n\t\t\t\t<div class=\"elementor-widget-container\">\n\t\t\t\t\t<h3 class=\"elementor-heading-title elementor-size-default\">Des espaces <b>favorisant l\u2019autonomie <\/b>\n<\/h3>\t\t\t\t<\/div>\n\t\t\t\t<\/div>\n\t\t\t\t<div class=\"elementor-element elementor-element-77e393f elementor-widget elementor-widget-text-editor\" data-id=\"77e393f\" data-element_type=\"widget\" data-e-type=\"widget\" data-widget_type=\"text-editor.default\">\n\t\t\t\t<div class=\"elementor-widget-container\">\n\t\t\t\t\t\t\t\t\t<p class=\"p1\">Faire de votre domicile un lieu accessible, confortable et s\u00fbr, est possible gr\u00e2ce aux solutions personnalis\u00e9es de Carima. Nous aidons \u00e0 transformer votre logement afin qu\u2019il soit adapt\u00e9 aux besoins de toutes les personnes qui y vivent. Avec nos solutions de l\u00e8ve-personnes plafonniers et de harnais, nous facilitons la mobilit\u00e9 entre les pi\u00e8ces, comme de la chambre vers la salle de bain. <\/p><p class=\"p1\">Nuestros productos est\u00e1n dise\u00f1ados para que sean f\u00e1ciles de utilizar tanto por la persona usuaria con movilidad reducida, como por sus familiares y cuidadores. Soluciones resistentes, de f\u00e1cil mantenimiento y gran durabilidad que mejoran la autonom\u00eda y calidad de vida de todas las personas. <\/p>\t\t\t\t\t\t\t\t<\/div>\n\t\t\t\t<\/div>\n\t\t\t\t<\/div>\n\t\t<div class=\"elementor-element elementor-element-8da7cdf e-con-full bg-radius e-flex e-con e-child\" data-id=\"8da7cdf\" data-element_type=\"container\" data-e-type=\"container\" data-settings=\"{&quot;background_background&quot;:&quot;classic&quot;}\">\n\t\t\t\t<\/div>\n\t\t\t\t<\/div>\n\t\t\t\t\t<\/div>\n\t\t\t\t<\/div>\n\t\t<div class=\"elementor-element elementor-element-0a226fe e-flex e-con-boxed e-con e-parent\" data-id=\"0a226fe\" data-element_type=\"container\" data-e-type=\"container\">\n\t\t\t\t\t<div class=\"e-con-inner\">\n\t\t<div class=\"elementor-element elementor-element-20987eb e-con-full e-flex e-con e-child\" data-id=\"20987eb\" data-element_type=\"container\" data-e-type=\"container\">\n\t\t<div class=\"elementor-element elementor-element-600ff89 e-con-full e-flex e-con e-child\" data-id=\"600ff89\" data-element_type=\"container\" data-e-type=\"container\" data-settings=\"{&quot;background_background&quot;:&quot;classic&quot;}\">\n\t\t<div class=\"elementor-element elementor-element-6a79425 e-con-full e-flex e-con e-child\" data-id=\"6a79425\" data-element_type=\"container\" data-e-type=\"container\">\n\t\t\t\t<div class=\"elementor-element elementor-element-aee8774 elementor-widget elementor-widget-image\" data-id=\"aee8774\" data-element_type=\"widget\" data-e-type=\"widget\" data-widget_type=\"image.default\">\n\t\t\t\t<div class=\"elementor-widget-container\">\n\t\t\t\t\t\t\t\t\t\t\t\t\t\t\t<img fetchpriority=\"high\" decoding=\"async\" width=\"1024\" height=\"768\" src=\"https:\/\/www.carimatech.com\/app\/uploads\/2025\/02\/Guttman3-1024x768.jpg\" class=\"attachment-large size-large wp-image-4029\" alt=\"\" srcset=\"https:\/\/www.carimatech.com\/app\/uploads\/2025\/02\/Guttman3-1024x768.jpg 1024w, https:\/\/www.carimatech.com\/app\/uploads\/2025\/02\/Guttman3-300x225.jpg 300w, https:\/\/www.carimatech.com\/app\/uploads\/2025\/02\/Guttman3-768x576.jpg 768w, https:\/\/www.carimatech.com\/app\/uploads\/2025\/02\/Guttman3.jpg 1288w\" sizes=\"(max-width: 1024px) 100vw, 1024px\" \/>\t\t\t\t\t\t\t\t\t\t\t\t\t\t\t<\/div>\n\t\t\t\t<\/div>\n\t\t\t\t<\/div>\n\t\t<div class=\"elementor-element elementor-element-b772eae e-con-full e-flex e-con e-child\" data-id=\"b772eae\" data-element_type=\"container\" data-e-type=\"container\">\n\t\t\t\t<div class=\"elementor-element elementor-element-45312ab elementor-widget__width-initial elementor-widget elementor-widget-heading\" data-id=\"45312ab\" data-element_type=\"widget\" data-e-type=\"widget\" data-widget_type=\"heading.default\">\n\t\t\t\t<div class=\"elementor-widget-container\">\n\t\t\t\t\t<h2 class=\"elementor-heading-title elementor-size-default\">Pr\u00eat \u00e0 rendre votre<b> domicile plus accessible <\/b>? <\/h2>\t\t\t\t<\/div>\n\t\t\t\t<\/div>\n\t\t\t\t<div class=\"elementor-element elementor-element-194f01d elementor-widget elementor-widget-text-editor\" data-id=\"194f01d\" data-element_type=\"widget\" data-e-type=\"widget\" data-widget_type=\"text-editor.default\">\n\t\t\t\t<div class=\"elementor-widget-container\">\n\t\t\t\t\t\t\t\t\t<p class=\"p1\">Notre \u00e9quipe de conseillers vous aidera \u00e0 choisir la solution et les produits les plus adapt\u00e9s \u00e0 votre logement, en tenant compte de l\u2019espace, des besoins de la personne utilisatrice et du budget.<\/p><p class=\"p1\">Avec Carima, vous b\u00e9n\u00e9ficiez de solutions enti\u00e8rement int\u00e9gr\u00e9es \u00e0 votre domicile, ainsi que d\u2019une installation rapide et sans complications. Demandez-nous une \u00e9tude et un devis gratuit pour am\u00e9liorer les transferts dans votre logement. D\u00e9couvrez comment nos solutions peuvent faciliter le quotidien, en offrant s\u00e9curit\u00e9, confort et plus grande autonomie aux personnes \u00e0 mobilit\u00e9 r\u00e9duite.  <\/p>\t\t\t\t\t\t\t\t<\/div>\n\t\t\t\t<\/div>\n\t\t\t\t<div class=\"elementor-element elementor-element-8e6db3a button-container elementor-widget elementor-widget-button\" data-id=\"8e6db3a\" data-element_type=\"widget\" data-e-type=\"widget\" data-widget_type=\"button.default\">\n\t\t\t\t<div class=\"elementor-widget-container\">\n\t\t\t\t\t\t\t\t\t<div class=\"elementor-button-wrapper\">\n\t\t\t\t\t<a class=\"elementor-button elementor-button-link elementor-size-sm\" href=\"https:\/\/www.carimatech.com\/fr\/contactez-nous\/\">\n\t\t\t\t\t\t<span class=\"elementor-button-content-wrapper\">\n\t\t\t\t\t\t\t\t\t<span class=\"elementor-button-text\">Demander un conseil et un devis gratuits<\/span>\n\t\t\t\t\t<\/span>\n\t\t\t\t\t<\/a>\n\t\t\t\t<\/div>\n\t\t\t\t\t\t\t\t<\/div>\n\t\t\t\t<\/div>\n\t\t\t\t<\/div>\n\t\t\t\t<\/div>\n\t\t\t\t<\/div>\n\t\t\t\t\t<\/div>\n\t\t\t\t<\/div>\n\t\t<div class=\"elementor-element elementor-element-a2bfd5a e-flex e-con-boxed e-con e-parent\" data-id=\"a2bfd5a\" data-element_type=\"container\" data-e-type=\"container\">\n\t\t\t\t\t<div class=\"e-con-inner\">\n\t\t<div class=\"elementor-element elementor-element-f2ad101 e-con-full e-flex e-con e-child\" data-id=\"f2ad101\" data-element_type=\"container\" data-e-type=\"container\">\n\t\t<a class=\"elementor-element elementor-element-f1c1349 e-con-full box-asistencia bg-radius e-flex e-con e-child\" data-id=\"f1c1349\" data-element_type=\"container\" data-e-type=\"container\" data-settings=\"{&quot;background_background&quot;:&quot;classic&quot;}\" href=\"https:\/\/www.carimatech.com\/fr\/a-qui-sadresse-carima\/milieu-hospitalier\/\">\n\t\t<div class=\"elementor-element elementor-element-72d9c8b e-con-full e-flex e-con e-child\" data-id=\"72d9c8b\" data-element_type=\"container\" data-e-type=\"container\">\n\t\t\t\t<div class=\"elementor-element elementor-element-ab8aff7 elementor-widget elementor-widget-heading\" data-id=\"ab8aff7\" data-element_type=\"widget\" data-e-type=\"widget\" data-widget_type=\"heading.default\">\n\t\t\t\t<div class=\"elementor-widget-container\">\n\t\t\t\t\t<h5 class=\"elementor-heading-title elementor-size-default\"><b>Milieu Hospitalier<\/b><\/h5>\t\t\t\t<\/div>\n\t\t\t\t<\/div>\n\t\t\t\t<div class=\"elementor-element elementor-element-ce2b4c2 elementor-view-stacked elementor-shape-circle elementor-widget elementor-widget-icon\" data-id=\"ce2b4c2\" data-element_type=\"widget\" data-e-type=\"widget\" data-widget_type=\"icon.default\">\n\t\t\t\t<div class=\"elementor-widget-container\">\n\t\t\t\t\t\t\t<div class=\"elementor-icon-wrapper\">\n\t\t\t<div class=\"elementor-icon\">\n\t\t\t<svg xmlns=\"http:\/\/www.w3.org\/2000\/svg\" width=\"17\" height=\"17\" viewBox=\"0 0 17 17\" fill=\"none\"><g id=\"Frame\"><path id=\"Vector\" d=\"M6.4375 12.625L10.5625 8.5L6.4375 4.375\" stroke=\"#646363\" stroke-width=\"1.5\" stroke-linecap=\"round\" stroke-linejoin=\"round\"><\/path><\/g><\/svg>\t\t\t<\/div>\n\t\t<\/div>\n\t\t\t\t\t\t<\/div>\n\t\t\t\t<\/div>\n\t\t\t\t<\/div>\n\t\t<div class=\"elementor-element elementor-element-4ba9a8a e-con-full text e-flex e-con e-child\" data-id=\"4ba9a8a\" data-element_type=\"container\" data-e-type=\"container\">\n\t\t\t\t<div class=\"elementor-element elementor-element-cee41f2 elementor-widget elementor-widget-text-editor\" data-id=\"cee41f2\" data-element_type=\"widget\" data-e-type=\"widget\" data-widget_type=\"text-editor.default\">\n\t\t\t\t<div class=\"elementor-widget-container\">\n\t\t\t\t\t\t\t\t\t<p><span style=\"color: #ffffff;\">Notre objectif est de rendre les h\u00f4pitaux accessibles, s\u00fbrs et confortables pour tous.<\/span><\/p>\t\t\t\t\t\t\t\t<\/div>\n\t\t\t\t<\/div>\n\t\t\t\t<\/div>\n\t\t\t\t<\/a>\n\t\t<a class=\"elementor-element elementor-element-315da2c e-con-full box-asistencia bg-radius e-flex e-con e-child\" data-id=\"315da2c\" data-element_type=\"container\" data-e-type=\"container\" data-settings=\"{&quot;background_background&quot;:&quot;classic&quot;}\" href=\"https:\/\/www.carimatech.com\/fr\/a-qui-sadresse-carima\/etablissements-de-soins-et-dhebergement\/\">\n\t\t<div class=\"elementor-element elementor-element-88dc3c7 e-con-full e-flex e-con e-child\" data-id=\"88dc3c7\" data-element_type=\"container\" data-e-type=\"container\">\n\t\t\t\t<div class=\"elementor-element elementor-element-e80ae38 elementor-widget elementor-widget-heading\" data-id=\"e80ae38\" data-element_type=\"widget\" data-e-type=\"widget\" data-widget_type=\"heading.default\">\n\t\t\t\t<div class=\"elementor-widget-container\">\n\t\t\t\t\t<h5 class=\"elementor-heading-title elementor-size-default\"><b>\u00c9tablissements de soins et d\u2019h\u00e9bergement<\/b>\n<\/h5>\t\t\t\t<\/div>\n\t\t\t\t<\/div>\n\t\t\t\t<div class=\"elementor-element elementor-element-2064108 elementor-view-stacked elementor-shape-circle elementor-widget elementor-widget-icon\" data-id=\"2064108\" data-element_type=\"widget\" data-e-type=\"widget\" data-widget_type=\"icon.default\">\n\t\t\t\t<div class=\"elementor-widget-container\">\n\t\t\t\t\t\t\t<div class=\"elementor-icon-wrapper\">\n\t\t\t<div class=\"elementor-icon\">\n\t\t\t<svg xmlns=\"http:\/\/www.w3.org\/2000\/svg\" width=\"17\" height=\"17\" viewBox=\"0 0 17 17\" fill=\"none\"><g id=\"Frame\"><path id=\"Vector\" d=\"M6.4375 12.625L10.5625 8.5L6.4375 4.375\" stroke=\"#646363\" stroke-width=\"1.5\" stroke-linecap=\"round\" stroke-linejoin=\"round\"><\/path><\/g><\/svg>\t\t\t<\/div>\n\t\t<\/div>\n\t\t\t\t\t\t<\/div>\n\t\t\t\t<\/div>\n\t\t\t\t<\/div>\n\t\t<div class=\"elementor-element elementor-element-b1bcb8d e-con-full text e-flex e-con e-child\" data-id=\"b1bcb8d\" data-element_type=\"container\" data-e-type=\"container\">\n\t\t\t\t<div class=\"elementor-element elementor-element-0d7b7ee elementor-widget elementor-widget-text-editor\" data-id=\"0d7b7ee\" data-element_type=\"widget\" data-e-type=\"widget\" data-widget_type=\"text-editor.default\">\n\t\t\t\t<div class=\"elementor-widget-container\">\n\t\t\t\t\t\t\t\t\t<p><span style=\"color: #ffffff;\">Notre objectif est de rendre les \u00e9tablissements de sant\u00e9 et les r\u00e9sidences accessibles, s\u00fbrs et confortables pour tous.<\/span><\/p>\t\t\t\t\t\t\t\t<\/div>\n\t\t\t\t<\/div>\n\t\t\t\t<\/div>\n\t\t\t\t<\/a>\n\t\t<a class=\"elementor-element elementor-element-6928d9d e-con-full box-asistencia bg-radius e-flex e-con e-child\" data-id=\"6928d9d\" data-element_type=\"container\" data-e-type=\"container\" data-settings=\"{&quot;background_background&quot;:&quot;classic&quot;}\" href=\"https:\/\/www.carimatech.com\/fr\/a-qui-sadresse-carima\/ecoles-et-enseignement\/\">\n\t\t<div class=\"elementor-element elementor-element-a18d7e8 e-con-full e-flex e-con e-child\" data-id=\"a18d7e8\" data-element_type=\"container\" data-e-type=\"container\">\n\t\t\t\t<div class=\"elementor-element elementor-element-9d4e6da elementor-widget elementor-widget-heading\" data-id=\"9d4e6da\" data-element_type=\"widget\" data-e-type=\"widget\" data-widget_type=\"heading.default\">\n\t\t\t\t<div class=\"elementor-widget-container\">\n\t\t\t\t\t<h5 class=\"elementor-heading-title elementor-size-default\"><b>\u00c9coles et enseignement<\/b><\/h5>\t\t\t\t<\/div>\n\t\t\t\t<\/div>\n\t\t\t\t<div class=\"elementor-element elementor-element-a2ebff3 elementor-view-stacked elementor-shape-circle elementor-widget elementor-widget-icon\" data-id=\"a2ebff3\" data-element_type=\"widget\" data-e-type=\"widget\" data-widget_type=\"icon.default\">\n\t\t\t\t<div class=\"elementor-widget-container\">\n\t\t\t\t\t\t\t<div class=\"elementor-icon-wrapper\">\n\t\t\t<div class=\"elementor-icon\">\n\t\t\t<svg xmlns=\"http:\/\/www.w3.org\/2000\/svg\" width=\"17\" height=\"17\" viewBox=\"0 0 17 17\" fill=\"none\"><g id=\"Frame\"><path id=\"Vector\" d=\"M6.4375 12.625L10.5625 8.5L6.4375 4.375\" stroke=\"#646363\" stroke-width=\"1.5\" stroke-linecap=\"round\" stroke-linejoin=\"round\"><\/path><\/g><\/svg>\t\t\t<\/div>\n\t\t<\/div>\n\t\t\t\t\t\t<\/div>\n\t\t\t\t<\/div>\n\t\t\t\t<\/div>\n\t\t<div class=\"elementor-element elementor-element-ce6ef3f e-con-full text e-flex e-con e-child\" data-id=\"ce6ef3f\" data-element_type=\"container\" data-e-type=\"container\">\n\t\t\t\t<div class=\"elementor-element elementor-element-e400b78 elementor-widget elementor-widget-text-editor\" data-id=\"e400b78\" data-element_type=\"widget\" data-e-type=\"widget\" data-widget_type=\"text-editor.default\">\n\t\t\t\t<div class=\"elementor-widget-container\">\n\t\t\t\t\t\t\t\t\t<p><span style=\"color: #ffffff;\">Chez Carima, nous int\u00e9grons des solutions d&rsquo;accessibilit\u00e9 dans les \u00e9coles.<\/span><\/p>\t\t\t\t\t\t\t\t<\/div>\n\t\t\t\t<\/div>\n\t\t\t\t<\/div>\n\t\t\t\t<\/a>\n\t\t\t\t<\/div>\n\t\t\t\t\t<\/div>\n\t\t\t\t<\/div>\n\t\t\t\t<\/div>\n\t\t","protected":false},"excerpt":{"rendered":"<p>Des espaces favorisant l\u2019autonomie Faire de votre domicile un lieu accessible, confortable et s\u00fbr, est possible gr\u00e2ce aux solutions personnalis\u00e9es de Carima. Nous aidons \u00e0 transformer votre logement afin qu\u2019il&#8230;<\/p>\n","protected":false},"author":1,"featured_media":3904,"parent":3900,"menu_order":0,"comment_status":"closed","ping_status":"closed","template":"","meta":{"_acf_changed":false,"footnotes":""},"class_list":["post-4030","page","type-page","status-publish","has-post-thumbnail","hentry"],"acf":[],"yoast_head":"<!-- This site is optimized with the Yoast SEO plugin v27.5 - https:\/\/yoast.com\/product\/yoast-seo-wordpress\/ -->\n<title>Domicile et habitat particulier - Carima<\/title>\n<meta name=\"robots\" content=\"index, follow, max-snippet:-1, max-image-preview:large, max-video-preview:-1\" \/>\n<link rel=\"canonical\" href=\"https:\/\/www.carimatech.com\/fr\/a-qui-sadresse-carima\/domicile-et-habitat-particulier\/\" \/>\n<meta property=\"og:locale\" content=\"fr_FR\" \/>\n<meta property=\"og:type\" content=\"article\" \/>\n<meta property=\"og:title\" content=\"Domicile et habitat particulier - Carima\" \/>\n<meta property=\"og:description\" content=\"Des espaces favorisant l\u2019autonomie Faire de votre domicile un lieu accessible, confortable et s\u00fbr, est possible gr\u00e2ce aux solutions personnalis\u00e9es de Carima. Nous aidons \u00e0 transformer votre logement afin qu\u2019il...\" \/>\n<meta property=\"og:url\" content=\"https:\/\/www.carimatech.com\/fr\/a-qui-sadresse-carima\/domicile-et-habitat-particulier\/\" \/>\n<meta property=\"og:site_name\" content=\"Carima\" \/>\n<meta property=\"article:modified_time\" content=\"2025-12-16T14:18:11+00:00\" \/>\n<meta property=\"og:image\" content=\"https:\/\/www.carimatech.com\/app\/uploads\/2025\/02\/0B6A0470-HDR-6-scaled.jpg\" \/>\n\t<meta property=\"og:image:width\" content=\"2560\" \/>\n\t<meta property=\"og:image:height\" content=\"1707\" \/>\n\t<meta property=\"og:image:type\" content=\"image\/jpeg\" \/>\n<meta name=\"twitter:card\" content=\"summary_large_image\" \/>\n<meta name=\"twitter:label1\" content=\"Dur\u00e9e de lecture estim\u00e9e\" \/>\n\t<meta name=\"twitter:data1\" content=\"2 minutes\" \/>\n<script type=\"application\/ld+json\" class=\"yoast-schema-graph\">{\"@context\":\"https:\\\/\\\/schema.org\",\"@graph\":[{\"@type\":\"WebPage\",\"@id\":\"https:\\\/\\\/www.carimatech.com\\\/fr\\\/a-qui-sadresse-carima\\\/domicile-et-habitat-particulier\\\/\",\"url\":\"https:\\\/\\\/www.carimatech.com\\\/fr\\\/a-qui-sadresse-carima\\\/domicile-et-habitat-particulier\\\/\",\"name\":\"Domicile et habitat particulier - Carima\",\"isPartOf\":{\"@id\":\"https:\\\/\\\/www.carimatech.com\\\/fr\\\/#website\"},\"primaryImageOfPage\":{\"@id\":\"https:\\\/\\\/www.carimatech.com\\\/fr\\\/a-qui-sadresse-carima\\\/domicile-et-habitat-particulier\\\/#primaryimage\"},\"image\":{\"@id\":\"https:\\\/\\\/www.carimatech.com\\\/fr\\\/a-qui-sadresse-carima\\\/domicile-et-habitat-particulier\\\/#primaryimage\"},\"thumbnailUrl\":\"https:\\\/\\\/www.carimatech.com\\\/app\\\/uploads\\\/2025\\\/02\\\/0B6A0470-HDR-6-scaled.jpg\",\"datePublished\":\"2025-01-28T14:40:43+00:00\",\"dateModified\":\"2025-12-16T14:18:11+00:00\",\"breadcrumb\":{\"@id\":\"https:\\\/\\\/www.carimatech.com\\\/fr\\\/a-qui-sadresse-carima\\\/domicile-et-habitat-particulier\\\/#breadcrumb\"},\"inLanguage\":\"fr-FR\",\"potentialAction\":[{\"@type\":\"ReadAction\",\"target\":[\"https:\\\/\\\/www.carimatech.com\\\/fr\\\/a-qui-sadresse-carima\\\/domicile-et-habitat-particulier\\\/\"]}]},{\"@type\":\"ImageObject\",\"inLanguage\":\"fr-FR\",\"@id\":\"https:\\\/\\\/www.carimatech.com\\\/fr\\\/a-qui-sadresse-carima\\\/domicile-et-habitat-particulier\\\/#primaryimage\",\"url\":\"https:\\\/\\\/www.carimatech.com\\\/app\\\/uploads\\\/2025\\\/02\\\/0B6A0470-HDR-6-scaled.jpg\",\"contentUrl\":\"https:\\\/\\\/www.carimatech.com\\\/app\\\/uploads\\\/2025\\\/02\\\/0B6A0470-HDR-6-scaled.jpg\",\"width\":2560,\"height\":1707},{\"@type\":\"BreadcrumbList\",\"@id\":\"https:\\\/\\\/www.carimatech.com\\\/fr\\\/a-qui-sadresse-carima\\\/domicile-et-habitat-particulier\\\/#breadcrumb\",\"itemListElement\":[{\"@type\":\"ListItem\",\"position\":1,\"name\":\"Portada\",\"item\":\"https:\\\/\\\/www.carimatech.com\\\/fr\\\/home\\\/\"},{\"@type\":\"ListItem\",\"position\":2,\"name\":\"\u00c0 qui s&rsquo;adresse Carima\",\"item\":\"https:\\\/\\\/www.carimatech.com\\\/fr\\\/a-qui-sadresse-carima\\\/\"},{\"@type\":\"ListItem\",\"position\":3,\"name\":\"Domicile et habitat particulier\"}]},{\"@type\":\"WebSite\",\"@id\":\"https:\\\/\\\/www.carimatech.com\\\/fr\\\/#website\",\"url\":\"https:\\\/\\\/www.carimatech.com\\\/fr\\\/\",\"name\":\"Carima\",\"description\":\"\",\"potentialAction\":[{\"@type\":\"SearchAction\",\"target\":{\"@type\":\"EntryPoint\",\"urlTemplate\":\"https:\\\/\\\/www.carimatech.com\\\/fr\\\/?s={search_term_string}\"},\"query-input\":{\"@type\":\"PropertyValueSpecification\",\"valueRequired\":true,\"valueName\":\"search_term_string\"}}],\"inLanguage\":\"fr-FR\"}]}<\/script>\n<!-- \/ Yoast SEO plugin. -->","yoast_head_json":{"title":"Domicile et habitat particulier - Carima","robots":{"index":"index","follow":"follow","max-snippet":"max-snippet:-1","max-image-preview":"max-image-preview:large","max-video-preview":"max-video-preview:-1"},"canonical":"https:\/\/www.carimatech.com\/fr\/a-qui-sadresse-carima\/domicile-et-habitat-particulier\/","og_locale":"fr_FR","og_type":"article","og_title":"Domicile et habitat particulier - Carima","og_description":"Des espaces favorisant l\u2019autonomie Faire de votre domicile un lieu accessible, confortable et s\u00fbr, est possible gr\u00e2ce aux solutions personnalis\u00e9es de Carima. Nous aidons \u00e0 transformer votre logement afin qu\u2019il...","og_url":"https:\/\/www.carimatech.com\/fr\/a-qui-sadresse-carima\/domicile-et-habitat-particulier\/","og_site_name":"Carima","article_modified_time":"2025-12-16T14:18:11+00:00","og_image":[{"width":2560,"height":1707,"url":"https:\/\/www.carimatech.com\/app\/uploads\/2025\/02\/0B6A0470-HDR-6-scaled.jpg","type":"image\/jpeg"}],"twitter_card":"summary_large_image","twitter_misc":{"Dur\u00e9e de lecture estim\u00e9e":"2 minutes"},"schema":{"@context":"https:\/\/schema.org","@graph":[{"@type":"WebPage","@id":"https:\/\/www.carimatech.com\/fr\/a-qui-sadresse-carima\/domicile-et-habitat-particulier\/","url":"https:\/\/www.carimatech.com\/fr\/a-qui-sadresse-carima\/domicile-et-habitat-particulier\/","name":"Domicile et habitat particulier - Carima","isPartOf":{"@id":"https:\/\/www.carimatech.com\/fr\/#website"},"primaryImageOfPage":{"@id":"https:\/\/www.carimatech.com\/fr\/a-qui-sadresse-carima\/domicile-et-habitat-particulier\/#primaryimage"},"image":{"@id":"https:\/\/www.carimatech.com\/fr\/a-qui-sadresse-carima\/domicile-et-habitat-particulier\/#primaryimage"},"thumbnailUrl":"https:\/\/www.carimatech.com\/app\/uploads\/2025\/02\/0B6A0470-HDR-6-scaled.jpg","datePublished":"2025-01-28T14:40:43+00:00","dateModified":"2025-12-16T14:18:11+00:00","breadcrumb":{"@id":"https:\/\/www.carimatech.com\/fr\/a-qui-sadresse-carima\/domicile-et-habitat-particulier\/#breadcrumb"},"inLanguage":"fr-FR","potentialAction":[{"@type":"ReadAction","target":["https:\/\/www.carimatech.com\/fr\/a-qui-sadresse-carima\/domicile-et-habitat-particulier\/"]}]},{"@type":"ImageObject","inLanguage":"fr-FR","@id":"https:\/\/www.carimatech.com\/fr\/a-qui-sadresse-carima\/domicile-et-habitat-particulier\/#primaryimage","url":"https:\/\/www.carimatech.com\/app\/uploads\/2025\/02\/0B6A0470-HDR-6-scaled.jpg","contentUrl":"https:\/\/www.carimatech.com\/app\/uploads\/2025\/02\/0B6A0470-HDR-6-scaled.jpg","width":2560,"height":1707},{"@type":"BreadcrumbList","@id":"https:\/\/www.carimatech.com\/fr\/a-qui-sadresse-carima\/domicile-et-habitat-particulier\/#breadcrumb","itemListElement":[{"@type":"ListItem","position":1,"name":"Portada","item":"https:\/\/www.carimatech.com\/fr\/home\/"},{"@type":"ListItem","position":2,"name":"\u00c0 qui s&rsquo;adresse Carima","item":"https:\/\/www.carimatech.com\/fr\/a-qui-sadresse-carima\/"},{"@type":"ListItem","position":3,"name":"Domicile et habitat particulier"}]},{"@type":"WebSite","@id":"https:\/\/www.carimatech.com\/fr\/#website","url":"https:\/\/www.carimatech.com\/fr\/","name":"Carima","description":"","potentialAction":[{"@type":"SearchAction","target":{"@type":"EntryPoint","urlTemplate":"https:\/\/www.carimatech.com\/fr\/?s={search_term_string}"},"query-input":{"@type":"PropertyValueSpecification","valueRequired":true,"valueName":"search_term_string"}}],"inLanguage":"fr-FR"}]}},"_links":{"self":[{"href":"https:\/\/www.carimatech.com\/fr\/wp-json\/wp\/v2\/pages\/4030","targetHints":{"allow":["GET"]}}],"collection":[{"href":"https:\/\/www.carimatech.com\/fr\/wp-json\/wp\/v2\/pages"}],"about":[{"href":"https:\/\/www.carimatech.com\/fr\/wp-json\/wp\/v2\/types\/page"}],"author":[{"embeddable":true,"href":"https:\/\/www.carimatech.com\/fr\/wp-json\/wp\/v2\/users\/1"}],"replies":[{"embeddable":true,"href":"https:\/\/www.carimatech.com\/fr\/wp-json\/wp\/v2\/comments?post=4030"}],"version-history":[{"count":4,"href":"https:\/\/www.carimatech.com\/fr\/wp-json\/wp\/v2\/pages\/4030\/revisions"}],"predecessor-version":[{"id":4486,"href":"https:\/\/www.carimatech.com\/fr\/wp-json\/wp\/v2\/pages\/4030\/revisions\/4486"}],"up":[{"embeddable":true,"href":"https:\/\/www.carimatech.com\/fr\/wp-json\/wp\/v2\/pages\/3900"}],"wp:featuredmedia":[{"embeddable":true,"href":"https:\/\/www.carimatech.com\/fr\/wp-json\/wp\/v2\/media\/3904"}],"wp:attachment":[{"href":"https:\/\/www.carimatech.com\/fr\/wp-json\/wp\/v2\/media?parent=4030"}],"curies":[{"name":"wp","href":"https:\/\/api.w.org\/{rel}","templated":true}]}}