{"id":4038,"date":"2025-01-28T15:42:33","date_gmt":"2025-01-28T14:42:33","guid":{"rendered":"https:\/\/www.carimatech.com\/a-qui-sadresse-carima\/etablissements-de-soins-et-dhebergement\/"},"modified":"2025-12-16T15:16:54","modified_gmt":"2025-12-16T14:16:54","slug":"etablissements-de-soins-et-dhebergement","status":"publish","type":"page","link":"https:\/\/www.carimatech.com\/fr\/a-qui-sadresse-carima\/etablissements-de-soins-et-dhebergement\/","title":{"rendered":"\u00c9tablissements de soins et d\u2019h\u00e9bergement"},"content":{"rendered":"\t\t<div data-elementor-type=\"wp-page\" data-elementor-id=\"4038\" class=\"elementor elementor-4038 elementor-517\">\n\t\t\t\t<div class=\"elementor-element elementor-element-fa02be5 e-flex e-con-boxed e-con e-parent\" data-id=\"fa02be5\" data-element_type=\"container\" data-e-type=\"container\">\n\t\t\t\t\t<div class=\"e-con-inner\">\n\t\t<div class=\"elementor-element elementor-element-d264c85 e-con-full e-flex e-con e-child\" data-id=\"d264c85\" data-element_type=\"container\" data-e-type=\"container\">\n\t\t<div class=\"elementor-element elementor-element-2e6f0e0 e-con-full e-flex e-con e-child\" data-id=\"2e6f0e0\" data-element_type=\"container\" data-e-type=\"container\">\n\t\t\t\t<div class=\"elementor-element elementor-element-2fa13cf elementor-widget elementor-widget-heading\" data-id=\"2fa13cf\" data-element_type=\"widget\" data-e-type=\"widget\" data-widget_type=\"heading.default\">\n\t\t\t\t<div class=\"elementor-widget-container\">\n\t\t\t\t\t<h3 class=\"elementor-heading-title elementor-size-default\"><b>R\u00e9sidents et travailleurs<\/b> du centre\n<\/h3>\t\t\t\t<\/div>\n\t\t\t\t<\/div>\n\t\t\t\t<div class=\"elementor-element elementor-element-eebe477 elementor-widget elementor-widget-text-editor\" data-id=\"eebe477\" data-element_type=\"widget\" data-e-type=\"widget\" data-widget_type=\"text-editor.default\">\n\t\t\t\t<div class=\"elementor-widget-container\">\n\t\t\t\t\t\t\t\t\t<p class=\"p1\">Chez Carima, nous savons que les \u00e9tablissements de sant\u00e9 et les r\u00e9sidences de vie doivent \u00eatre des environnements confortables et parfaitement adapt\u00e9s aux besoins des personnes \u00e0 mobilit\u00e9 r\u00e9duite ou en situation de handicap.<\/p><p class=\"p1\">Forts de plus de 20 ans d\u2019exp\u00e9rience, nous proposons des solutions sp\u00e9cifiques qui am\u00e9liorent la qualit\u00e9 de vie des r\u00e9sidents tout en facilitant le travail du personnel soignant.<\/p><p class=\"p1\">Nos syst\u00e8mes de transfert assist\u00e9, tels que les l\u00e8ve-personnes plafonniers, permettent de d\u00e9placer les r\u00e9sidents en toute s\u00e9curit\u00e9 et avec confort, tout en r\u00e9duisant l\u2019effort physique du personnel.<\/p>\t\t\t\t\t\t\t\t<\/div>\n\t\t\t\t<\/div>\n\t\t\t\t<\/div>\n\t\t<div class=\"elementor-element elementor-element-591a973 e-con-full bg-radius e-flex e-con e-child\" data-id=\"591a973\" data-element_type=\"container\" data-e-type=\"container\" data-settings=\"{&quot;background_background&quot;:&quot;classic&quot;}\">\n\t\t\t\t<\/div>\n\t\t\t\t<\/div>\n\t\t\t\t\t<\/div>\n\t\t\t\t<\/div>\n\t\t<div class=\"elementor-element elementor-element-c1d2d84 e-flex e-con-boxed e-con e-parent\" data-id=\"c1d2d84\" data-element_type=\"container\" data-e-type=\"container\">\n\t\t\t\t\t<div class=\"e-con-inner\">\n\t\t<div class=\"elementor-element elementor-element-9b5c3ae e-con-full e-flex e-con e-child\" data-id=\"9b5c3ae\" data-element_type=\"container\" data-e-type=\"container\">\n\t\t<div class=\"elementor-element elementor-element-d1a62b1 e-con-full bg-radius e-flex e-con e-child\" data-id=\"d1a62b1\" data-element_type=\"container\" data-e-type=\"container\" data-settings=\"{&quot;background_background&quot;:&quot;classic&quot;}\">\n\t\t\t\t<\/div>\n\t\t<div class=\"elementor-element elementor-element-91ad41b e-con-full marco-gris-oscuro e-flex e-con e-child\" data-id=\"91ad41b\" data-element_type=\"container\" data-e-type=\"container\">\n\t\t\t\t<div class=\"elementor-element elementor-element-9b00dfb elementor-widget elementor-widget-text-editor\" data-id=\"9b00dfb\" data-element_type=\"widget\" data-e-type=\"widget\" data-widget_type=\"text-editor.default\">\n\t\t\t\t<div class=\"elementor-widget-container\">\n\t\t\t\t\t\t\t\t\t<p class=\"p1\">Ils sont con\u00e7us pour faciliter les transferts des personnes ayant des difficult\u00e9s de mobilit\u00e9, en assurant un d\u00e9placement fluide et continu du lit au fauteuil roulant, aux toilettes, \u00e0 la douche, au fauteuil de confort \u2026<\/p><p class=\"p1\">Avec les solutions Carima, les r\u00e9sidents gagnent en autonomie, en s\u00e9curit\u00e9 et en confort, tandis que les risques professionnels pour le personnel soignant sont r\u00e9duits.<\/p><p class=\"p1\">L\u2019ensemble de nos produits r\u00e9pond aux normes les plus strictes du secteur m\u00e9dico-social.<\/p>\t\t\t\t\t\t\t\t<\/div>\n\t\t\t\t<\/div>\n\t\t\t\t<div class=\"elementor-element elementor-element-969008f button-container elementor-widget elementor-widget-button\" data-id=\"969008f\" data-element_type=\"widget\" data-e-type=\"widget\" data-widget_type=\"button.default\">\n\t\t\t\t<div class=\"elementor-widget-container\">\n\t\t\t\t\t\t\t\t\t<div class=\"elementor-button-wrapper\">\n\t\t\t\t\t<a class=\"elementor-button elementor-button-link elementor-size-sm\" href=\"https:\/\/www.carimatech.com\/fr\/contactez-nous\/\">\n\t\t\t\t\t\t<span class=\"elementor-button-content-wrapper\">\n\t\t\t\t\t\t\t\t\t<span class=\"elementor-button-text\">Demander un conseil gratuit<\/span>\n\t\t\t\t\t<\/span>\n\t\t\t\t\t<\/a>\n\t\t\t\t<\/div>\n\t\t\t\t\t\t\t\t<\/div>\n\t\t\t\t<\/div>\n\t\t\t\t<\/div>\n\t\t\t\t<\/div>\n\t\t\t\t\t<\/div>\n\t\t\t\t<\/div>\n\t\t<div class=\"elementor-element elementor-element-5133178 e-flex e-con-boxed e-con e-parent\" data-id=\"5133178\" data-element_type=\"container\" data-e-type=\"container\">\n\t\t\t\t\t<div class=\"e-con-inner\">\n\t\t<div class=\"elementor-element elementor-element-fffb347 e-con-full e-flex e-con e-child\" data-id=\"fffb347\" data-element_type=\"container\" data-e-type=\"container\">\n\t\t<a class=\"elementor-element elementor-element-25e0711 e-con-full box-asistencia bg-radius e-flex e-con e-child\" data-id=\"25e0711\" data-element_type=\"container\" data-e-type=\"container\" data-settings=\"{&quot;background_background&quot;:&quot;classic&quot;}\" href=\"https:\/\/www.carimatech.com\/fr\/a-qui-sadresse-carima\/milieu-hospitalier\/\">\n\t\t<div class=\"elementor-element elementor-element-0550076 e-con-full e-flex e-con e-child\" data-id=\"0550076\" data-element_type=\"container\" data-e-type=\"container\">\n\t\t\t\t<div class=\"elementor-element elementor-element-1489399 elementor-widget elementor-widget-heading\" data-id=\"1489399\" data-element_type=\"widget\" data-e-type=\"widget\" data-widget_type=\"heading.default\">\n\t\t\t\t<div class=\"elementor-widget-container\">\n\t\t\t\t\t<h5 class=\"elementor-heading-title elementor-size-default\"><b>Milieu Hospitalier<\/b><\/h5>\t\t\t\t<\/div>\n\t\t\t\t<\/div>\n\t\t\t\t<div class=\"elementor-element elementor-element-46f428a elementor-view-stacked elementor-shape-circle elementor-widget elementor-widget-icon\" data-id=\"46f428a\" data-element_type=\"widget\" data-e-type=\"widget\" data-widget_type=\"icon.default\">\n\t\t\t\t<div class=\"elementor-widget-container\">\n\t\t\t\t\t\t\t<div class=\"elementor-icon-wrapper\">\n\t\t\t<div class=\"elementor-icon\">\n\t\t\t<svg xmlns=\"http:\/\/www.w3.org\/2000\/svg\" width=\"17\" height=\"17\" viewBox=\"0 0 17 17\" fill=\"none\"><g id=\"Frame\"><path id=\"Vector\" d=\"M6.4375 12.625L10.5625 8.5L6.4375 4.375\" stroke=\"#646363\" stroke-width=\"1.5\" stroke-linecap=\"round\" stroke-linejoin=\"round\"><\/path><\/g><\/svg>\t\t\t<\/div>\n\t\t<\/div>\n\t\t\t\t\t\t<\/div>\n\t\t\t\t<\/div>\n\t\t\t\t<\/div>\n\t\t<div class=\"elementor-element elementor-element-ddb4d5a e-con-full text e-flex e-con e-child\" data-id=\"ddb4d5a\" data-element_type=\"container\" data-e-type=\"container\">\n\t\t\t\t<div class=\"elementor-element elementor-element-5fec38a elementor-widget elementor-widget-text-editor\" data-id=\"5fec38a\" data-element_type=\"widget\" data-e-type=\"widget\" data-widget_type=\"text-editor.default\">\n\t\t\t\t<div class=\"elementor-widget-container\">\n\t\t\t\t\t\t\t\t\t<p><span style=\"color: #ffffff;\">Notre objectif est de rendre les h\u00f4pitaux accessibles, s\u00fbrs et confortables pour tous.<\/span><\/p>\t\t\t\t\t\t\t\t<\/div>\n\t\t\t\t<\/div>\n\t\t\t\t<\/div>\n\t\t\t\t<\/a>\n\t\t<a class=\"elementor-element elementor-element-a754e84 e-con-full box-asistencia bg-radius e-flex e-con e-child\" data-id=\"a754e84\" data-element_type=\"container\" data-e-type=\"container\" data-settings=\"{&quot;background_background&quot;:&quot;classic&quot;}\" href=\"https:\/\/www.carimatech.com\/fr\/a-qui-sadresse-carima\/domicile-et-habitat-particulier\/\">\n\t\t<div class=\"elementor-element elementor-element-fa88b72 e-con-full e-flex e-con e-child\" data-id=\"fa88b72\" data-element_type=\"container\" data-e-type=\"container\">\n\t\t\t\t<div class=\"elementor-element elementor-element-ee11db4 elementor-widget elementor-widget-heading\" data-id=\"ee11db4\" data-element_type=\"widget\" data-e-type=\"widget\" data-widget_type=\"heading.default\">\n\t\t\t\t<div class=\"elementor-widget-container\">\n\t\t\t\t\t<h5 class=\"elementor-heading-title elementor-size-default\"><b>Domicile et habitat particulier<\/b><\/h5>\t\t\t\t<\/div>\n\t\t\t\t<\/div>\n\t\t\t\t<div class=\"elementor-element elementor-element-4affb8b elementor-view-stacked elementor-shape-circle elementor-widget elementor-widget-icon\" data-id=\"4affb8b\" data-element_type=\"widget\" data-e-type=\"widget\" data-widget_type=\"icon.default\">\n\t\t\t\t<div class=\"elementor-widget-container\">\n\t\t\t\t\t\t\t<div class=\"elementor-icon-wrapper\">\n\t\t\t<div class=\"elementor-icon\">\n\t\t\t<svg xmlns=\"http:\/\/www.w3.org\/2000\/svg\" width=\"17\" height=\"17\" viewBox=\"0 0 17 17\" fill=\"none\"><g id=\"Frame\"><path id=\"Vector\" d=\"M6.4375 12.625L10.5625 8.5L6.4375 4.375\" stroke=\"#646363\" stroke-width=\"1.5\" stroke-linecap=\"round\" stroke-linejoin=\"round\"><\/path><\/g><\/svg>\t\t\t<\/div>\n\t\t<\/div>\n\t\t\t\t\t\t<\/div>\n\t\t\t\t<\/div>\n\t\t\t\t<\/div>\n\t\t<div class=\"elementor-element elementor-element-0e0f30f e-con-full text e-flex e-con e-child\" data-id=\"0e0f30f\" data-element_type=\"container\" data-e-type=\"container\">\n\t\t\t\t<div class=\"elementor-element elementor-element-66f3b35 elementor-widget elementor-widget-text-editor\" data-id=\"66f3b35\" data-element_type=\"widget\" data-e-type=\"widget\" data-widget_type=\"text-editor.default\">\n\t\t\t\t<div class=\"elementor-widget-container\">\n\t\t\t\t\t\t\t\t\t<p><span style=\"color: #ffffff;\">Faire de votre domicile un lieu accessible, confortable et s\u00fbr, est possible gr\u00e2ce aux solutions personnalis\u00e9es de Carima.<\/span><\/p>\t\t\t\t\t\t\t\t<\/div>\n\t\t\t\t<\/div>\n\t\t\t\t<\/div>\n\t\t\t\t<\/a>\n\t\t<a class=\"elementor-element elementor-element-877a6dd e-con-full box-asistencia bg-radius e-flex e-con e-child\" data-id=\"877a6dd\" data-element_type=\"container\" data-e-type=\"container\" data-settings=\"{&quot;background_background&quot;:&quot;classic&quot;}\" href=\"https:\/\/www.carimatech.com\/fr\/a-qui-sadresse-carima\/ecoles-et-enseignement\/\">\n\t\t<div class=\"elementor-element elementor-element-0bc5a2c e-con-full e-flex e-con e-child\" data-id=\"0bc5a2c\" data-element_type=\"container\" data-e-type=\"container\">\n\t\t\t\t<div class=\"elementor-element elementor-element-9790c79 elementor-widget elementor-widget-heading\" data-id=\"9790c79\" data-element_type=\"widget\" data-e-type=\"widget\" data-widget_type=\"heading.default\">\n\t\t\t\t<div class=\"elementor-widget-container\">\n\t\t\t\t\t<h5 class=\"elementor-heading-title elementor-size-default\"><b>\u00c9coles et enseignement<\/b><\/h5>\t\t\t\t<\/div>\n\t\t\t\t<\/div>\n\t\t\t\t<div class=\"elementor-element elementor-element-4d5673a elementor-view-stacked elementor-shape-circle elementor-widget elementor-widget-icon\" data-id=\"4d5673a\" data-element_type=\"widget\" data-e-type=\"widget\" data-widget_type=\"icon.default\">\n\t\t\t\t<div class=\"elementor-widget-container\">\n\t\t\t\t\t\t\t<div class=\"elementor-icon-wrapper\">\n\t\t\t<div class=\"elementor-icon\">\n\t\t\t<svg xmlns=\"http:\/\/www.w3.org\/2000\/svg\" width=\"17\" height=\"17\" viewBox=\"0 0 17 17\" fill=\"none\"><g id=\"Frame\"><path id=\"Vector\" d=\"M6.4375 12.625L10.5625 8.5L6.4375 4.375\" stroke=\"#646363\" stroke-width=\"1.5\" stroke-linecap=\"round\" stroke-linejoin=\"round\"><\/path><\/g><\/svg>\t\t\t<\/div>\n\t\t<\/div>\n\t\t\t\t\t\t<\/div>\n\t\t\t\t<\/div>\n\t\t\t\t<\/div>\n\t\t<div class=\"elementor-element elementor-element-beee7d6 e-con-full text e-flex e-con e-child\" data-id=\"beee7d6\" data-element_type=\"container\" data-e-type=\"container\">\n\t\t\t\t<div class=\"elementor-element elementor-element-91ac6bb elementor-widget elementor-widget-text-editor\" data-id=\"91ac6bb\" data-element_type=\"widget\" data-e-type=\"widget\" data-widget_type=\"text-editor.default\">\n\t\t\t\t<div class=\"elementor-widget-container\">\n\t\t\t\t\t\t\t\t\t<p><span style=\"color: #ffffff;\">Chez Carima, nous int\u00e9grons des solutions d&rsquo;accessibilit\u00e9 dans les \u00e9coles.<\/span><\/p>\t\t\t\t\t\t\t\t<\/div>\n\t\t\t\t<\/div>\n\t\t\t\t<\/div>\n\t\t\t\t<\/a>\n\t\t\t\t<\/div>\n\t\t\t\t\t<\/div>\n\t\t\t\t<\/div>\n\t\t\t\t<\/div>\n\t\t","protected":false},"excerpt":{"rendered":"<p>R\u00e9sidents et travailleurs du centre Chez Carima, nous savons que les \u00e9tablissements de sant\u00e9 et les r\u00e9sidences de vie doivent \u00eatre des environnements confortables et parfaitement adapt\u00e9s aux besoins des&#8230;<\/p>\n","protected":false},"author":1,"featured_media":3902,"parent":3900,"menu_order":0,"comment_status":"closed","ping_status":"closed","template":"","meta":{"_acf_changed":false,"footnotes":""},"class_list":["post-4038","page","type-page","status-publish","has-post-thumbnail","hentry"],"acf":[],"yoast_head":"<!-- This site is optimized with the Yoast SEO plugin v27.5 - https:\/\/yoast.com\/product\/yoast-seo-wordpress\/ -->\n<title>\u00c9tablissements de soins et d\u2019h\u00e9bergement - Carima<\/title>\n<meta name=\"robots\" content=\"index, follow, max-snippet:-1, max-image-preview:large, max-video-preview:-1\" \/>\n<link rel=\"canonical\" href=\"https:\/\/www.carimatech.com\/fr\/a-qui-sadresse-carima\/etablissements-de-soins-et-dhebergement\/\" \/>\n<meta property=\"og:locale\" content=\"fr_FR\" \/>\n<meta property=\"og:type\" content=\"article\" \/>\n<meta property=\"og:title\" content=\"\u00c9tablissements de soins et d\u2019h\u00e9bergement - Carima\" \/>\n<meta property=\"og:description\" content=\"R\u00e9sidents et travailleurs du centre Chez Carima, nous savons que les \u00e9tablissements de sant\u00e9 et les r\u00e9sidences de vie doivent \u00eatre des environnements confortables et parfaitement adapt\u00e9s aux besoins des...\" \/>\n<meta property=\"og:url\" content=\"https:\/\/www.carimatech.com\/fr\/a-qui-sadresse-carima\/etablissements-de-soins-et-dhebergement\/\" \/>\n<meta property=\"og:site_name\" content=\"Carima\" \/>\n<meta property=\"article:modified_time\" content=\"2025-12-16T14:16:54+00:00\" \/>\n<meta property=\"og:image\" content=\"https:\/\/www.carimatech.com\/app\/uploads\/2025\/02\/WhatsApp-Image-2022-02-04-at-11.12.33.jpeg\" \/>\n\t<meta property=\"og:image:width\" content=\"1328\" \/>\n\t<meta property=\"og:image:height\" content=\"747\" \/>\n\t<meta property=\"og:image:type\" content=\"image\/jpeg\" \/>\n<meta name=\"twitter:card\" content=\"summary_large_image\" \/>\n<meta name=\"twitter:label1\" content=\"Dur\u00e9e de lecture estim\u00e9e\" \/>\n\t<meta name=\"twitter:data1\" content=\"2 minutes\" \/>\n<script type=\"application\/ld+json\" class=\"yoast-schema-graph\">{\"@context\":\"https:\\\/\\\/schema.org\",\"@graph\":[{\"@type\":\"WebPage\",\"@id\":\"https:\\\/\\\/www.carimatech.com\\\/fr\\\/a-qui-sadresse-carima\\\/etablissements-de-soins-et-dhebergement\\\/\",\"url\":\"https:\\\/\\\/www.carimatech.com\\\/fr\\\/a-qui-sadresse-carima\\\/etablissements-de-soins-et-dhebergement\\\/\",\"name\":\"\u00c9tablissements de soins et d\u2019h\u00e9bergement - Carima\",\"isPartOf\":{\"@id\":\"https:\\\/\\\/www.carimatech.com\\\/fr\\\/#website\"},\"primaryImageOfPage\":{\"@id\":\"https:\\\/\\\/www.carimatech.com\\\/fr\\\/a-qui-sadresse-carima\\\/etablissements-de-soins-et-dhebergement\\\/#primaryimage\"},\"image\":{\"@id\":\"https:\\\/\\\/www.carimatech.com\\\/fr\\\/a-qui-sadresse-carima\\\/etablissements-de-soins-et-dhebergement\\\/#primaryimage\"},\"thumbnailUrl\":\"https:\\\/\\\/www.carimatech.com\\\/app\\\/uploads\\\/2025\\\/02\\\/WhatsApp-Image-2022-02-04-at-11.12.33.jpeg\",\"datePublished\":\"2025-01-28T14:42:33+00:00\",\"dateModified\":\"2025-12-16T14:16:54+00:00\",\"breadcrumb\":{\"@id\":\"https:\\\/\\\/www.carimatech.com\\\/fr\\\/a-qui-sadresse-carima\\\/etablissements-de-soins-et-dhebergement\\\/#breadcrumb\"},\"inLanguage\":\"fr-FR\",\"potentialAction\":[{\"@type\":\"ReadAction\",\"target\":[\"https:\\\/\\\/www.carimatech.com\\\/fr\\\/a-qui-sadresse-carima\\\/etablissements-de-soins-et-dhebergement\\\/\"]}]},{\"@type\":\"ImageObject\",\"inLanguage\":\"fr-FR\",\"@id\":\"https:\\\/\\\/www.carimatech.com\\\/fr\\\/a-qui-sadresse-carima\\\/etablissements-de-soins-et-dhebergement\\\/#primaryimage\",\"url\":\"https:\\\/\\\/www.carimatech.com\\\/app\\\/uploads\\\/2025\\\/02\\\/WhatsApp-Image-2022-02-04-at-11.12.33.jpeg\",\"contentUrl\":\"https:\\\/\\\/www.carimatech.com\\\/app\\\/uploads\\\/2025\\\/02\\\/WhatsApp-Image-2022-02-04-at-11.12.33.jpeg\",\"width\":1328,\"height\":747},{\"@type\":\"BreadcrumbList\",\"@id\":\"https:\\\/\\\/www.carimatech.com\\\/fr\\\/a-qui-sadresse-carima\\\/etablissements-de-soins-et-dhebergement\\\/#breadcrumb\",\"itemListElement\":[{\"@type\":\"ListItem\",\"position\":1,\"name\":\"Portada\",\"item\":\"https:\\\/\\\/www.carimatech.com\\\/fr\\\/home\\\/\"},{\"@type\":\"ListItem\",\"position\":2,\"name\":\"\u00c0 qui s&rsquo;adresse Carima\",\"item\":\"https:\\\/\\\/www.carimatech.com\\\/fr\\\/a-qui-sadresse-carima\\\/\"},{\"@type\":\"ListItem\",\"position\":3,\"name\":\"\u00c9tablissements de soins et d\u2019h\u00e9bergement\"}]},{\"@type\":\"WebSite\",\"@id\":\"https:\\\/\\\/www.carimatech.com\\\/fr\\\/#website\",\"url\":\"https:\\\/\\\/www.carimatech.com\\\/fr\\\/\",\"name\":\"Carima\",\"description\":\"\",\"potentialAction\":[{\"@type\":\"SearchAction\",\"target\":{\"@type\":\"EntryPoint\",\"urlTemplate\":\"https:\\\/\\\/www.carimatech.com\\\/fr\\\/?s={search_term_string}\"},\"query-input\":{\"@type\":\"PropertyValueSpecification\",\"valueRequired\":true,\"valueName\":\"search_term_string\"}}],\"inLanguage\":\"fr-FR\"}]}<\/script>\n<!-- \/ Yoast SEO plugin. -->","yoast_head_json":{"title":"\u00c9tablissements de soins et d\u2019h\u00e9bergement - Carima","robots":{"index":"index","follow":"follow","max-snippet":"max-snippet:-1","max-image-preview":"max-image-preview:large","max-video-preview":"max-video-preview:-1"},"canonical":"https:\/\/www.carimatech.com\/fr\/a-qui-sadresse-carima\/etablissements-de-soins-et-dhebergement\/","og_locale":"fr_FR","og_type":"article","og_title":"\u00c9tablissements de soins et d\u2019h\u00e9bergement - Carima","og_description":"R\u00e9sidents et travailleurs du centre Chez Carima, nous savons que les \u00e9tablissements de sant\u00e9 et les r\u00e9sidences de vie doivent \u00eatre des environnements confortables et parfaitement adapt\u00e9s aux besoins des...","og_url":"https:\/\/www.carimatech.com\/fr\/a-qui-sadresse-carima\/etablissements-de-soins-et-dhebergement\/","og_site_name":"Carima","article_modified_time":"2025-12-16T14:16:54+00:00","og_image":[{"width":1328,"height":747,"url":"https:\/\/www.carimatech.com\/app\/uploads\/2025\/02\/WhatsApp-Image-2022-02-04-at-11.12.33.jpeg","type":"image\/jpeg"}],"twitter_card":"summary_large_image","twitter_misc":{"Dur\u00e9e de lecture estim\u00e9e":"2 minutes"},"schema":{"@context":"https:\/\/schema.org","@graph":[{"@type":"WebPage","@id":"https:\/\/www.carimatech.com\/fr\/a-qui-sadresse-carima\/etablissements-de-soins-et-dhebergement\/","url":"https:\/\/www.carimatech.com\/fr\/a-qui-sadresse-carima\/etablissements-de-soins-et-dhebergement\/","name":"\u00c9tablissements de soins et d\u2019h\u00e9bergement - Carima","isPartOf":{"@id":"https:\/\/www.carimatech.com\/fr\/#website"},"primaryImageOfPage":{"@id":"https:\/\/www.carimatech.com\/fr\/a-qui-sadresse-carima\/etablissements-de-soins-et-dhebergement\/#primaryimage"},"image":{"@id":"https:\/\/www.carimatech.com\/fr\/a-qui-sadresse-carima\/etablissements-de-soins-et-dhebergement\/#primaryimage"},"thumbnailUrl":"https:\/\/www.carimatech.com\/app\/uploads\/2025\/02\/WhatsApp-Image-2022-02-04-at-11.12.33.jpeg","datePublished":"2025-01-28T14:42:33+00:00","dateModified":"2025-12-16T14:16:54+00:00","breadcrumb":{"@id":"https:\/\/www.carimatech.com\/fr\/a-qui-sadresse-carima\/etablissements-de-soins-et-dhebergement\/#breadcrumb"},"inLanguage":"fr-FR","potentialAction":[{"@type":"ReadAction","target":["https:\/\/www.carimatech.com\/fr\/a-qui-sadresse-carima\/etablissements-de-soins-et-dhebergement\/"]}]},{"@type":"ImageObject","inLanguage":"fr-FR","@id":"https:\/\/www.carimatech.com\/fr\/a-qui-sadresse-carima\/etablissements-de-soins-et-dhebergement\/#primaryimage","url":"https:\/\/www.carimatech.com\/app\/uploads\/2025\/02\/WhatsApp-Image-2022-02-04-at-11.12.33.jpeg","contentUrl":"https:\/\/www.carimatech.com\/app\/uploads\/2025\/02\/WhatsApp-Image-2022-02-04-at-11.12.33.jpeg","width":1328,"height":747},{"@type":"BreadcrumbList","@id":"https:\/\/www.carimatech.com\/fr\/a-qui-sadresse-carima\/etablissements-de-soins-et-dhebergement\/#breadcrumb","itemListElement":[{"@type":"ListItem","position":1,"name":"Portada","item":"https:\/\/www.carimatech.com\/fr\/home\/"},{"@type":"ListItem","position":2,"name":"\u00c0 qui s&rsquo;adresse Carima","item":"https:\/\/www.carimatech.com\/fr\/a-qui-sadresse-carima\/"},{"@type":"ListItem","position":3,"name":"\u00c9tablissements de soins et d\u2019h\u00e9bergement"}]},{"@type":"WebSite","@id":"https:\/\/www.carimatech.com\/fr\/#website","url":"https:\/\/www.carimatech.com\/fr\/","name":"Carima","description":"","potentialAction":[{"@type":"SearchAction","target":{"@type":"EntryPoint","urlTemplate":"https:\/\/www.carimatech.com\/fr\/?s={search_term_string}"},"query-input":{"@type":"PropertyValueSpecification","valueRequired":true,"valueName":"search_term_string"}}],"inLanguage":"fr-FR"}]}},"_links":{"self":[{"href":"https:\/\/www.carimatech.com\/fr\/wp-json\/wp\/v2\/pages\/4038","targetHints":{"allow":["GET"]}}],"collection":[{"href":"https:\/\/www.carimatech.com\/fr\/wp-json\/wp\/v2\/pages"}],"about":[{"href":"https:\/\/www.carimatech.com\/fr\/wp-json\/wp\/v2\/types\/page"}],"author":[{"embeddable":true,"href":"https:\/\/www.carimatech.com\/fr\/wp-json\/wp\/v2\/users\/1"}],"replies":[{"embeddable":true,"href":"https:\/\/www.carimatech.com\/fr\/wp-json\/wp\/v2\/comments?post=4038"}],"version-history":[{"count":7,"href":"https:\/\/www.carimatech.com\/fr\/wp-json\/wp\/v2\/pages\/4038\/revisions"}],"predecessor-version":[{"id":4483,"href":"https:\/\/www.carimatech.com\/fr\/wp-json\/wp\/v2\/pages\/4038\/revisions\/4483"}],"up":[{"embeddable":true,"href":"https:\/\/www.carimatech.com\/fr\/wp-json\/wp\/v2\/pages\/3900"}],"wp:featuredmedia":[{"embeddable":true,"href":"https:\/\/www.carimatech.com\/fr\/wp-json\/wp\/v2\/media\/3902"}],"wp:attachment":[{"href":"https:\/\/www.carimatech.com\/fr\/wp-json\/wp\/v2\/media?parent=4038"}],"curies":[{"name":"wp","href":"https:\/\/api.w.org\/{rel}","templated":true}]}}