{"id":4292,"date":"2024-11-22T12:59:49","date_gmt":"2024-11-22T11:59:49","guid":{"rendered":"https:\/\/www.carimatech.com\/gamme-carima\/"},"modified":"2025-12-16T13:42:44","modified_gmt":"2025-12-16T12:42:44","slug":"gamme-carima","status":"publish","type":"page","link":"https:\/\/www.carimatech.com\/fr\/gamme-carima\/","title":{"rendered":"Gamme <b>Carima<\/b>"},"content":{"rendered":"\t\t<div data-elementor-type=\"wp-page\" data-elementor-id=\"4292\" class=\"elementor elementor-4292 elementor-168\">\n\t\t\t\t<div class=\"elementor-element elementor-element-1882c34 e-flex e-con-boxed e-con e-parent\" data-id=\"1882c34\" data-element_type=\"container\" data-e-type=\"container\">\n\t\t\t\t\t<div class=\"e-con-inner\">\n\t\t<div class=\"elementor-element elementor-element-c98ee38 e-con-full e-flex e-con e-child\" data-id=\"c98ee38\" data-element_type=\"container\" data-e-type=\"container\">\n\t\t<a class=\"elementor-element elementor-element-7d9e595 e-con-full box-asistencia bg-radius e-flex e-con e-child\" data-id=\"7d9e595\" data-element_type=\"container\" data-e-type=\"container\" data-settings=\"{&quot;background_background&quot;:&quot;classic&quot;}\" href=\"https:\/\/www.carimatech.com\/fr\/soluciones\/leve-personnes-plafonniers-2\/\">\n\t\t<div class=\"elementor-element elementor-element-ff06609 e-con-full e-flex e-con e-child\" data-id=\"ff06609\" data-element_type=\"container\" data-e-type=\"container\">\n\t\t\t\t<div class=\"elementor-element elementor-element-f74e4ae elementor-widget elementor-widget-heading\" data-id=\"f74e4ae\" data-element_type=\"widget\" data-e-type=\"widget\" data-widget_type=\"heading.default\">\n\t\t\t\t<div class=\"elementor-widget-container\">\n\t\t\t\t\t<h5 class=\"elementor-heading-title elementor-size-default\"><b>L\u00e8ve-personnes plafonniers<\/b><\/h5>\t\t\t\t<\/div>\n\t\t\t\t<\/div>\n\t\t\t\t<div class=\"elementor-element elementor-element-18d1cc2 elementor-view-stacked elementor-shape-circle elementor-widget elementor-widget-icon\" data-id=\"18d1cc2\" data-element_type=\"widget\" data-e-type=\"widget\" data-widget_type=\"icon.default\">\n\t\t\t\t<div class=\"elementor-widget-container\">\n\t\t\t\t\t\t\t<div class=\"elementor-icon-wrapper\">\n\t\t\t<div class=\"elementor-icon\">\n\t\t\t<svg xmlns=\"http:\/\/www.w3.org\/2000\/svg\" width=\"17\" height=\"17\" viewBox=\"0 0 17 17\" fill=\"none\"><g id=\"Frame\"><path id=\"Vector\" d=\"M6.4375 12.625L10.5625 8.5L6.4375 4.375\" stroke=\"#646363\" stroke-width=\"1.5\" stroke-linecap=\"round\" stroke-linejoin=\"round\"><\/path><\/g><\/svg>\t\t\t<\/div>\n\t\t<\/div>\n\t\t\t\t\t\t<\/div>\n\t\t\t\t<\/div>\n\t\t\t\t<\/div>\n\t\t<div class=\"elementor-element elementor-element-cf58584 e-con-full text e-flex e-con e-child\" data-id=\"cf58584\" data-element_type=\"container\" data-e-type=\"container\">\n\t\t\t\t<div class=\"elementor-element elementor-element-e927da7 elementor-widget elementor-widget-text-editor\" data-id=\"e927da7\" data-element_type=\"widget\" data-e-type=\"widget\" data-widget_type=\"text-editor.default\">\n\t\t\t\t<div class=\"elementor-widget-container\">\n\t\t\t\t\t\t\t\t\t<p><span style=\"color: #ffffff;\">Les moteurs plafonniers et les harnais Carima facilitent les transferts des personnes \u00e0 mobilit\u00e9 r\u00e9duite, en am\u00e9liorant la s\u00e9curit\u00e9, le confort et la dignit\u00e9 \u00e0 chaque d\u00e9placement. Nous installons des solutions sur mesure dans les h\u00f4pitaux, r\u00e9sidences, centres de soins et domiciles.<\/span><\/p>\t\t\t\t\t\t\t\t<\/div>\n\t\t\t\t<\/div>\n\t\t\t\t<\/div>\n\t\t\t\t<\/a>\n\t\t<a class=\"elementor-element elementor-element-6347a88 e-con-full box-asistencia bg-radius e-flex e-con e-child\" data-id=\"6347a88\" data-element_type=\"container\" data-e-type=\"container\" data-settings=\"{&quot;background_background&quot;:&quot;classic&quot;}\" href=\"https:\/\/www.carimatech.com\/fr\/soluciones\/sanitaires-modulables-avec-moteur-plafonnier\/\">\n\t\t<div class=\"elementor-element elementor-element-3d06296 e-con-full e-flex e-con e-child\" data-id=\"3d06296\" data-element_type=\"container\" data-e-type=\"container\">\n\t\t\t\t<div class=\"elementor-element elementor-element-49683e2 elementor-widget elementor-widget-heading\" data-id=\"49683e2\" data-element_type=\"widget\" data-e-type=\"widget\" data-widget_type=\"heading.default\">\n\t\t\t\t<div class=\"elementor-widget-container\">\n\t\t\t\t\t<h5 class=\"elementor-heading-title elementor-size-default\"><b>Sanitaires modulables avec moteur plafonnier<\/b><\/h5>\t\t\t\t<\/div>\n\t\t\t\t<\/div>\n\t\t\t\t<div class=\"elementor-element elementor-element-b43f3d8 elementor-view-stacked elementor-shape-circle elementor-widget elementor-widget-icon\" data-id=\"b43f3d8\" data-element_type=\"widget\" data-e-type=\"widget\" data-widget_type=\"icon.default\">\n\t\t\t\t<div class=\"elementor-widget-container\">\n\t\t\t\t\t\t\t<div class=\"elementor-icon-wrapper\">\n\t\t\t<div class=\"elementor-icon\">\n\t\t\t<svg xmlns=\"http:\/\/www.w3.org\/2000\/svg\" width=\"17\" height=\"17\" viewBox=\"0 0 17 17\" fill=\"none\"><g id=\"Frame\"><path id=\"Vector\" d=\"M6.4375 12.625L10.5625 8.5L6.4375 4.375\" stroke=\"#646363\" stroke-width=\"1.5\" stroke-linecap=\"round\" stroke-linejoin=\"round\"><\/path><\/g><\/svg>\t\t\t<\/div>\n\t\t<\/div>\n\t\t\t\t\t\t<\/div>\n\t\t\t\t<\/div>\n\t\t\t\t<\/div>\n\t\t<div class=\"elementor-element elementor-element-b972108 e-con-full text e-flex e-con e-child\" data-id=\"b972108\" data-element_type=\"container\" data-e-type=\"container\">\n\t\t\t\t<div class=\"elementor-element elementor-element-635334d elementor-widget elementor-widget-text-editor\" data-id=\"635334d\" data-element_type=\"widget\" data-e-type=\"widget\" data-widget_type=\"text-editor.default\">\n\t\t\t\t<div class=\"elementor-widget-container\">\n\t\t\t\t\t\t\t\t\t<p><span style=\"color: #ffffff;\">Les sanitaires modulables Carima int\u00e8grent des moteurs plafonniers, bancs de change, douches accessibles, tables de soin et un espace suffisant pour man\u0153uvrer en toute s\u00e9curit\u00e9. Ils garantissent ainsi une accessibilit\u00e9 r\u00e9elle aux personnes en situation de handicap ou de mobilit\u00e9 r\u00e9duite. <\/span><\/p>\t\t\t\t\t\t\t\t<\/div>\n\t\t\t\t<\/div>\n\t\t\t\t<\/div>\n\t\t\t\t<\/a>\n\t\t\t\t<\/div>\n\t\t\t\t\t<\/div>\n\t\t\t\t<\/div>\n\t\t<div class=\"elementor-element elementor-element-4f760ff e-flex e-con-boxed e-con e-parent\" data-id=\"4f760ff\" data-element_type=\"container\" data-e-type=\"container\">\n\t\t\t\t\t<div class=\"e-con-inner\">\n\t\t<div class=\"elementor-element elementor-element-04e81fe e-con-full e-flex e-con e-child\" data-id=\"04e81fe\" data-element_type=\"container\" data-e-type=\"container\">\n\t\t<div class=\"elementor-element elementor-element-a338b7d e-con-full marco-gris e-flex e-con e-child\" data-id=\"a338b7d\" data-element_type=\"container\" data-e-type=\"container\">\n\t\t\t\t<div class=\"elementor-element elementor-element-cec1eed elementor-widget elementor-widget-heading\" data-id=\"cec1eed\" data-element_type=\"widget\" data-e-type=\"widget\" data-widget_type=\"heading.default\">\n\t\t\t\t<div class=\"elementor-widget-container\">\n\t\t\t\t\t<h3 class=\"elementor-heading-title elementor-size-default\">Nous sommes experts dans la conception et la <b>fabrication sp\u00e9cialis\u00e9es de solutions de transfert<\/b><\/h3>\t\t\t\t<\/div>\n\t\t\t\t<\/div>\n\t\t\t\t<div class=\"elementor-element elementor-element-7efc362 elementor-widget elementor-widget-text-editor\" data-id=\"7efc362\" data-element_type=\"widget\" data-e-type=\"widget\" data-widget_type=\"text-editor.default\">\n\t\t\t\t<div class=\"elementor-widget-container\">\n\t\t\t\t\t\t\t\t\t<p data-start=\"292\" data-end=\"685\">Chez Carima, nous disposons d\u2019une \u00e9quipe forte de plus de 20 ans d\u2019exp\u00e9rience dans la fabrication et l\u2019installation de solutions de transfert pour les personnes en situation de handicap ou \u00e0 mobilit\u00e9 r\u00e9duite. Nous concevons des produits de haute qualit\u00e9 qui garantissent des transferts efficaces, s\u00fbrs et dignes, aussi bien pour l\u2019utilisateur que pour l\u2019aidant. <\/p><p><span style=\"font-weight: 400;\">Notre engagement repose sur la transparence, l\u2019int\u00e9grit\u00e9, l\u2019innovation et la qualit\u00e9. C\u2019est pourquoi, avant tout, nous pla\u00e7ons les personnes au centre du projet : nous \u00e9coutons jusqu\u2019\u00e0 comprendre leurs besoins et leur contexte, puis nous concevons et fabriquons des solutions r\u00e9ellement adapt\u00e9es \u00e0 leur vie. <\/span><\/p>\t\t\t\t\t\t\t\t<\/div>\n\t\t\t\t<\/div>\n\t\t\t\t<\/div>\n\t\t<div class=\"elementor-element elementor-element-640ff7a e-con-full bg-radius e-flex e-con e-child\" data-id=\"640ff7a\" data-element_type=\"container\" data-e-type=\"container\" data-settings=\"{&quot;background_background&quot;:&quot;classic&quot;}\">\n\t\t\t\t<\/div>\n\t\t\t\t<\/div>\n\t\t\t\t\t<\/div>\n\t\t\t\t<\/div>\n\t\t<div class=\"elementor-element elementor-element-1107a9d e-flex e-con-boxed e-con e-parent\" data-id=\"1107a9d\" data-element_type=\"container\" data-e-type=\"container\">\n\t\t\t\t\t<div class=\"e-con-inner\">\n\t\t<div class=\"elementor-element elementor-element-4c57398 e-con-full e-flex e-con e-child\" data-id=\"4c57398\" data-element_type=\"container\" data-e-type=\"container\">\n\t\t<div class=\"elementor-element elementor-element-88d417a e-con-full bg-radius e-flex e-con e-child\" data-id=\"88d417a\" data-element_type=\"container\" data-e-type=\"container\" data-settings=\"{&quot;background_background&quot;:&quot;classic&quot;}\">\n\t\t\t\t<\/div>\n\t\t<div class=\"elementor-element elementor-element-915cc4a e-con-full marco-gris-oscuro e-flex e-con e-child\" data-id=\"915cc4a\" data-element_type=\"container\" data-e-type=\"container\">\n\t\t\t\t<div class=\"elementor-element elementor-element-63fd5ef elementor-widget elementor-widget-heading\" data-id=\"63fd5ef\" data-element_type=\"widget\" data-e-type=\"widget\" data-widget_type=\"heading.default\">\n\t\t\t\t<div class=\"elementor-widget-container\">\n\t\t\t\t\t<h3 class=\"elementor-heading-title elementor-size-default\">Nous am\u00e9liorons la <b>qualit\u00e9 de vie et la s\u00e9curit\u00e9<\/b> des personnes<\/h3>\t\t\t\t<\/div>\n\t\t\t\t<\/div>\n\t\t\t\t<div class=\"elementor-element elementor-element-860944e elementor-widget elementor-widget-text-editor\" data-id=\"860944e\" data-element_type=\"widget\" data-e-type=\"widget\" data-widget_type=\"text-editor.default\">\n\t\t\t\t<div class=\"elementor-widget-container\">\n\t\t\t\t\t\t\t\t\t<p data-start=\"200\" data-end=\"587\">Chez Carima, nous concevons des solutions de transfert adapt\u00e9es \u00e0 tous types d\u2019espaces : h\u00f4pitaux, \u00e9coles, centres de jour, \u00e9tablissements sp\u00e9cialis\u00e9s, domiciles particuliers et autres environnements. Nos moteurs plafonniers, syst\u00e8mes de rails et harnais permettent des transferts continus, confortables et s\u00e9curis\u00e9s, tout en r\u00e9duisant l\u2019effort physique et le risque d\u2019accidents, aussi bien pour les utilisateurs que pour les aidants. <\/p><p data-start=\"589\" data-end=\"883\"><span style=\"font-weight: 400;\">Nos sanitaires portatifs avec rails plafonniers , con\u00e7us \u00e0 partir de nos solutions modulaires et \u00e9quip\u00e9s de nos moteurs plafonniers, brancards et lavabos r\u00e9glables, bancs, douches accessibles\u2026 offrent un environnement s\u00fbr, confortable et digne pour les soins d\u2019hygi\u00e8ne. Ils garantissent une accessibilit\u00e9 r\u00e9elle dans les sanitaires publics et sont parfaitement adapt\u00e9s aux espaces ext\u00e9rieurs comme les plages maritimes ou lacs, les parcs ou encore les stations de ski. <\/span><\/p>\t\t\t\t\t\t\t\t<\/div>\n\t\t\t\t<\/div>\n\t\t\t\t<\/div>\n\t\t\t\t<\/div>\n\t\t\t\t\t<\/div>\n\t\t\t\t<\/div>\n\t\t<div class=\"elementor-element elementor-element-eec6a4e e-flex e-con-boxed e-con e-parent\" data-id=\"eec6a4e\" data-element_type=\"container\" data-e-type=\"container\" data-settings=\"{&quot;background_background&quot;:&quot;classic&quot;}\">\n\t\t\t\t\t<div class=\"e-con-inner\">\n\t\t<div class=\"elementor-element elementor-element-8060fc0 e-flex e-con-boxed e-con e-child\" data-id=\"8060fc0\" data-element_type=\"container\" data-e-type=\"container\">\n\t\t\t\t\t<div class=\"e-con-inner\">\n\t\t<div class=\"elementor-element elementor-element-fa34e12 e-con-full e-flex e-con e-child\" data-id=\"fa34e12\" data-element_type=\"container\" data-e-type=\"container\">\n\t\t\t\t<div class=\"elementor-element elementor-element-aa5785a elementor-widget__width-initial elementor-widget elementor-widget-heading\" data-id=\"aa5785a\" data-element_type=\"widget\" data-e-type=\"widget\" data-widget_type=\"heading.default\">\n\t\t\t\t<div class=\"elementor-widget-container\">\n\t\t\t\t\t<h2 class=\"elementor-heading-title elementor-size-default\"><b>Actualit\u00e9s<\/b><\/h2>\t\t\t\t<\/div>\n\t\t\t\t<\/div>\n\t\t\t\t<div class=\"elementor-element elementor-element-977cb38 elementor-align-right elementor-widget elementor-widget-button\" data-id=\"977cb38\" data-element_type=\"widget\" data-e-type=\"widget\" data-widget_type=\"button.default\">\n\t\t\t\t<div class=\"elementor-widget-container\">\n\t\t\t\t\t\t\t\t\t<div class=\"elementor-button-wrapper\">\n\t\t\t\t\t<a class=\"elementor-button elementor-button-link elementor-size-sm\" href=\"https:\/\/www.carimatech.com\/fr\/blog\/\">\n\t\t\t\t\t\t<span class=\"elementor-button-content-wrapper\">\n\t\t\t\t\t\t<span class=\"elementor-button-icon\">\n\t\t\t\t<svg xmlns=\"http:\/\/www.w3.org\/2000\/svg\" width=\"18\" height=\"18\" viewBox=\"0 0 18 18\" fill=\"none\"><path d=\"M6.75 13.5L11.25 9L6.75 4.5\" stroke=\"#69B8A5\" stroke-width=\"1.5\" stroke-linecap=\"round\" stroke-linejoin=\"round\"><\/path><\/svg>\t\t\t<\/span>\n\t\t\t\t\t\t\t\t\t<span class=\"elementor-button-text\">Voir plus de nouvelles<\/span>\n\t\t\t\t\t<\/span>\n\t\t\t\t\t<\/a>\n\t\t\t\t<\/div>\n\t\t\t\t\t\t\t\t<\/div>\n\t\t\t\t<\/div>\n\t\t\t\t<\/div>\n\t\t\t\t<div class=\"elementor-element elementor-element-c6cbc3f elementor-widget elementor-widget-shortcode\" data-id=\"c6cbc3f\" data-element_type=\"widget\" data-e-type=\"widget\" data-widget_type=\"shortcode.default\">\n\t\t\t\t<div class=\"elementor-widget-container\">\n\t\t\t\t\t\t\t<div class=\"elementor-shortcode\"><section class=\"blog-list mb-5\">\n        <div class=\"row\">\n                                <div class=\"col-md-4 mb-4\">\n                        <article>\n                            <a href=\"https:\/\/www.carimatech.com\/fr\/2024\/11\/21\/leve-personnes-sur-rails-la-solution-pour-des-transferts-surs-et-efficaces\/\">\n                                <img decoding=\"async\" class=\"img-list\" src=\"https:\/\/www.carimatech.com\/app\/uploads\/2024\/11\/articulo3-1024x696.jpg\" alt=\"L\u00e8ve-personnes sur rails : la solution pour des transferts s\u00fbrs et efficaces\">\n                            <\/a>\n                            <div class=\"content mt-3\">\n                                                                <span class=\"category\">L\u00e8ve-personnes plafonniers<\/span>\n                                                                    <h3><a href=\"https:\/\/www.carimatech.com\/fr\/2024\/11\/21\/leve-personnes-sur-rails-la-solution-pour-des-transferts-surs-et-efficaces\/\">L\u00e8ve-personnes sur rails : la solution pour des transferts s\u00fbrs et efficaces<\/a><\/h3>\n                                <p>21 novembre 2024<\/p>\n                                <div class=\"excerpt\"><p>Dans le domaine du soin et de l\u2019accessibilit\u00e9, l\u2019innovation joue un r\u00f4le central. Les solutions d\u2019assistance destin\u00e9es aux personnes \u00e0 mobilit\u00e9 r\u00e9duite \u00e9voluent constamment, afin d\u2019am\u00e9liorer \u00e0 la fois leur&#8230;<\/p>\n<\/div>\n                            <\/div>\n                            <!-- Contenido para los dem\u00e1s posts -->\n                        <\/article>\n                    <\/div>\n               \n                                <div class=\"col-md-4 mb-4\">\n                        <article>\n                            <a href=\"https:\/\/www.carimatech.com\/fr\/2025\/09\/29\/lhistoire-de-betty-de-lapprehension-du-lever-a-un-transfert-en-toute-securite\/\">\n                                <img decoding=\"async\" class=\"img-list\" src=\"https:\/\/www.carimatech.com\/app\/uploads\/2025\/09\/airflow.jpg\" alt=\"L\u2019histoire de Betty : de l\u2019appr\u00e9hension du lever \u00e0 un transfert en toute s\u00e9curit\u00e9\">\n                            <\/a>\n                            <div class=\"content mt-3\">\n                                                                <span class=\"category\">L\u00e8ve-personnes plafonniers<\/span>\n                                                                    <h3><a href=\"https:\/\/www.carimatech.com\/fr\/2025\/09\/29\/lhistoire-de-betty-de-lapprehension-du-lever-a-un-transfert-en-toute-securite\/\">L\u2019histoire de Betty : de l\u2019appr\u00e9hension du lever \u00e0 un transfert en toute s\u00e9curit\u00e9<\/a><\/h3>\n                                <p>29 septembre 2025<\/p>\n                                <div class=\"excerpt\"><p>Betty, 80 ans, vit avec une ost\u00e9oporose s\u00e9v\u00e8re, une arthrose de la hanche et une sonde urinaire. Chaque mobilisation, pour la toilette, pour passer du lit au fauteuil ou simplement&#8230;<\/p>\n<\/div>\n                            <\/div>\n                            <!-- Contenido para los dem\u00e1s posts -->\n                        <\/article>\n                    <\/div>\n               \n                                <div class=\"col-md-4 mb-4\">\n                        <article>\n                            <a href=\"https:\/\/www.carimatech.com\/fr\/2024\/10\/30\/quels-sont-les-avantages-de-relier-le-leve-personne-sur-rail-a-la-salle-de-bain\/\">\n                                <img decoding=\"async\" class=\"img-list\" src=\"https:\/\/www.carimatech.com\/app\/uploads\/2024\/11\/article2.jpg\" alt=\"Quels sont les avantages de relier le l\u00e8ve-personne sur rail \u00e0 la salle de bain ?\">\n                            <\/a>\n                            <div class=\"content mt-3\">\n                                                                <span class=\"category\">L\u00e8ve-personnes plafonniers<\/span>\n                                                                    <h3><a href=\"https:\/\/www.carimatech.com\/fr\/2024\/10\/30\/quels-sont-les-avantages-de-relier-le-leve-personne-sur-rail-a-la-salle-de-bain\/\">Quels sont les avantages de relier le l\u00e8ve-personne sur rail \u00e0 la salle de bain ?<\/a><\/h3>\n                                <p>30 octobre 2024<\/p>\n                                <div class=\"excerpt\"><p>Les l\u00e8ve-personnes sur rail sont une solution s\u00fbre et efficace pour accompagner les personnes \u00e0 mobilit\u00e9 r\u00e9duite. Install\u00e9s sur un rail fix\u00e9 au plafond, ils permettent des d\u00e9placements fluides, sans&#8230;<\/p>\n<\/div>\n                            <\/div>\n                            <!-- Contenido para los dem\u00e1s posts -->\n                        <\/article>\n                    <\/div>\n               \n                                <div class=\"col-md-4 mb-4\">\n                        <article>\n                            <a href=\"https:\/\/www.carimatech.com\/fr\/2025\/01\/08\/les-leve-personnes-sur-rails-une-solution-essentielle-pour-les-soins-hospitaliers\/\">\n                                <img decoding=\"async\" class=\"img-list\" src=\"https:\/\/www.carimatech.com\/app\/uploads\/2025\/03\/articulo3-1024x696.jpg\" alt=\"Les l\u00e8ve-personnes sur rails : une solution essentielle pour les soins hospitaliers\">\n                            <\/a>\n                            <div class=\"content mt-3\">\n                                                                <span class=\"category\">H\u00f4pitaux et centres de sant\u00e9<\/span>\n                                                                    <h3><a href=\"https:\/\/www.carimatech.com\/fr\/2025\/01\/08\/les-leve-personnes-sur-rails-une-solution-essentielle-pour-les-soins-hospitaliers\/\">Les l\u00e8ve-personnes sur rails : une solution essentielle pour les soins hospitaliers<\/a><\/h3>\n                                <p>8 janvier 2025<\/p>\n                                <div class=\"excerpt\"><p>Dans un h\u00f4pital, une mobilit\u00e9 s\u00fbre et efficace n\u2019est pas un luxe : c\u2019est une n\u00e9cessit\u00e9. Chaque jour, des milliers de patients ont besoin d\u2019aide pour passer du lit au&#8230;<\/p>\n<\/div>\n                            <\/div>\n                            <!-- Contenido para los dem\u00e1s posts -->\n                        <\/article>\n                    <\/div>\n               \n                    <\/div>\n<\/section>\n<\/div>\n\t\t\t\t\t\t<\/div>\n\t\t\t\t<\/div>\n\t\t\t\t\t<\/div>\n\t\t\t\t<\/div>\n\t\t\t\t\t<\/div>\n\t\t\t\t<\/div>\n\t\t\t\t<\/div>\n\t\t","protected":false},"excerpt":{"rendered":"<p><b>Nous sommes experts <\/b>dans la conception et la fabrication de solutions et de produits de pointe qui <b>am\u00e9liorent la qualit\u00e9 de vie des personnes<\/b> handicap\u00e9es dans <b>l&rsquo;environnement b\u00e2ti<\/b>.<\/p>\n","protected":false},"author":1,"featured_media":4139,"parent":0,"menu_order":0,"comment_status":"closed","ping_status":"closed","template":"","meta":{"_acf_changed":false,"footnotes":""},"class_list":["post-4292","page","type-page","status-publish","has-post-thumbnail","hentry"],"acf":[],"yoast_head":"<!-- This site is optimized with the Yoast SEO plugin v27.5 - https:\/\/yoast.com\/product\/yoast-seo-wordpress\/ -->\n<title>Gamme Carima - Carima<\/title>\n<meta name=\"robots\" content=\"index, follow, max-snippet:-1, max-image-preview:large, max-video-preview:-1\" \/>\n<link rel=\"canonical\" href=\"https:\/\/www.carimatech.com\/fr\/gamme-carima\/\" \/>\n<meta property=\"og:locale\" content=\"fr_FR\" \/>\n<meta property=\"og:type\" content=\"article\" \/>\n<meta property=\"og:title\" content=\"Gamme Carima - Carima\" \/>\n<meta property=\"og:description\" content=\"Nous sommes experts dans la conception et la fabrication de solutions et de produits de pointe qui am\u00e9liorent la qualit\u00e9 de vie des personnes handicap\u00e9es dans l&#039;environnement b\u00e2ti.\" \/>\n<meta property=\"og:url\" content=\"https:\/\/www.carimatech.com\/fr\/gamme-carima\/\" \/>\n<meta property=\"og:site_name\" content=\"Carima\" \/>\n<meta property=\"article:modified_time\" content=\"2025-12-16T12:42:44+00:00\" \/>\n<meta property=\"og:image\" content=\"https:\/\/www.carimatech.com\/app\/uploads\/2025\/02\/WhatsApp-Image-2023-06-21-at-16.12.44.jpeg\" \/>\n\t<meta property=\"og:image:width\" content=\"1000\" \/>\n\t<meta property=\"og:image:height\" content=\"750\" \/>\n\t<meta property=\"og:image:type\" content=\"image\/jpeg\" \/>\n<meta name=\"twitter:card\" content=\"summary_large_image\" \/>\n<meta name=\"twitter:label1\" content=\"Dur\u00e9e de lecture estim\u00e9e\" \/>\n\t<meta name=\"twitter:data1\" content=\"2 minutes\" \/>\n<script type=\"application\/ld+json\" class=\"yoast-schema-graph\">{\"@context\":\"https:\\\/\\\/schema.org\",\"@graph\":[{\"@type\":\"WebPage\",\"@id\":\"https:\\\/\\\/www.carimatech.com\\\/fr\\\/gamme-carima\\\/\",\"url\":\"https:\\\/\\\/www.carimatech.com\\\/fr\\\/gamme-carima\\\/\",\"name\":\"Gamme Carima - Carima\",\"isPartOf\":{\"@id\":\"https:\\\/\\\/www.carimatech.com\\\/fr\\\/#website\"},\"primaryImageOfPage\":{\"@id\":\"https:\\\/\\\/www.carimatech.com\\\/fr\\\/gamme-carima\\\/#primaryimage\"},\"image\":{\"@id\":\"https:\\\/\\\/www.carimatech.com\\\/fr\\\/gamme-carima\\\/#primaryimage\"},\"thumbnailUrl\":\"https:\\\/\\\/www.carimatech.com\\\/app\\\/uploads\\\/2025\\\/02\\\/WhatsApp-Image-2023-06-21-at-16.12.44.jpeg\",\"datePublished\":\"2024-11-22T11:59:49+00:00\",\"dateModified\":\"2025-12-16T12:42:44+00:00\",\"breadcrumb\":{\"@id\":\"https:\\\/\\\/www.carimatech.com\\\/fr\\\/gamme-carima\\\/#breadcrumb\"},\"inLanguage\":\"fr-FR\",\"potentialAction\":[{\"@type\":\"ReadAction\",\"target\":[\"https:\\\/\\\/www.carimatech.com\\\/fr\\\/gamme-carima\\\/\"]}]},{\"@type\":\"ImageObject\",\"inLanguage\":\"fr-FR\",\"@id\":\"https:\\\/\\\/www.carimatech.com\\\/fr\\\/gamme-carima\\\/#primaryimage\",\"url\":\"https:\\\/\\\/www.carimatech.com\\\/app\\\/uploads\\\/2025\\\/02\\\/WhatsApp-Image-2023-06-21-at-16.12.44.jpeg\",\"contentUrl\":\"https:\\\/\\\/www.carimatech.com\\\/app\\\/uploads\\\/2025\\\/02\\\/WhatsApp-Image-2023-06-21-at-16.12.44.jpeg\",\"width\":1000,\"height\":750},{\"@type\":\"BreadcrumbList\",\"@id\":\"https:\\\/\\\/www.carimatech.com\\\/fr\\\/gamme-carima\\\/#breadcrumb\",\"itemListElement\":[{\"@type\":\"ListItem\",\"position\":1,\"name\":\"Portada\",\"item\":\"https:\\\/\\\/www.carimatech.com\\\/fr\\\/home\\\/\"},{\"@type\":\"ListItem\",\"position\":2,\"name\":\"Gamme Carima\"}]},{\"@type\":\"WebSite\",\"@id\":\"https:\\\/\\\/www.carimatech.com\\\/fr\\\/#website\",\"url\":\"https:\\\/\\\/www.carimatech.com\\\/fr\\\/\",\"name\":\"Carima\",\"description\":\"\",\"potentialAction\":[{\"@type\":\"SearchAction\",\"target\":{\"@type\":\"EntryPoint\",\"urlTemplate\":\"https:\\\/\\\/www.carimatech.com\\\/fr\\\/?s={search_term_string}\"},\"query-input\":{\"@type\":\"PropertyValueSpecification\",\"valueRequired\":true,\"valueName\":\"search_term_string\"}}],\"inLanguage\":\"fr-FR\"}]}<\/script>\n<!-- \/ Yoast SEO plugin. -->","yoast_head_json":{"title":"Gamme Carima - Carima","robots":{"index":"index","follow":"follow","max-snippet":"max-snippet:-1","max-image-preview":"max-image-preview:large","max-video-preview":"max-video-preview:-1"},"canonical":"https:\/\/www.carimatech.com\/fr\/gamme-carima\/","og_locale":"fr_FR","og_type":"article","og_title":"Gamme Carima - Carima","og_description":"Nous sommes experts dans la conception et la fabrication de solutions et de produits de pointe qui am\u00e9liorent la qualit\u00e9 de vie des personnes handicap\u00e9es dans l'environnement b\u00e2ti.","og_url":"https:\/\/www.carimatech.com\/fr\/gamme-carima\/","og_site_name":"Carima","article_modified_time":"2025-12-16T12:42:44+00:00","og_image":[{"width":1000,"height":750,"url":"https:\/\/www.carimatech.com\/app\/uploads\/2025\/02\/WhatsApp-Image-2023-06-21-at-16.12.44.jpeg","type":"image\/jpeg"}],"twitter_card":"summary_large_image","twitter_misc":{"Dur\u00e9e de lecture estim\u00e9e":"2 minutes"},"schema":{"@context":"https:\/\/schema.org","@graph":[{"@type":"WebPage","@id":"https:\/\/www.carimatech.com\/fr\/gamme-carima\/","url":"https:\/\/www.carimatech.com\/fr\/gamme-carima\/","name":"Gamme Carima - Carima","isPartOf":{"@id":"https:\/\/www.carimatech.com\/fr\/#website"},"primaryImageOfPage":{"@id":"https:\/\/www.carimatech.com\/fr\/gamme-carima\/#primaryimage"},"image":{"@id":"https:\/\/www.carimatech.com\/fr\/gamme-carima\/#primaryimage"},"thumbnailUrl":"https:\/\/www.carimatech.com\/app\/uploads\/2025\/02\/WhatsApp-Image-2023-06-21-at-16.12.44.jpeg","datePublished":"2024-11-22T11:59:49+00:00","dateModified":"2025-12-16T12:42:44+00:00","breadcrumb":{"@id":"https:\/\/www.carimatech.com\/fr\/gamme-carima\/#breadcrumb"},"inLanguage":"fr-FR","potentialAction":[{"@type":"ReadAction","target":["https:\/\/www.carimatech.com\/fr\/gamme-carima\/"]}]},{"@type":"ImageObject","inLanguage":"fr-FR","@id":"https:\/\/www.carimatech.com\/fr\/gamme-carima\/#primaryimage","url":"https:\/\/www.carimatech.com\/app\/uploads\/2025\/02\/WhatsApp-Image-2023-06-21-at-16.12.44.jpeg","contentUrl":"https:\/\/www.carimatech.com\/app\/uploads\/2025\/02\/WhatsApp-Image-2023-06-21-at-16.12.44.jpeg","width":1000,"height":750},{"@type":"BreadcrumbList","@id":"https:\/\/www.carimatech.com\/fr\/gamme-carima\/#breadcrumb","itemListElement":[{"@type":"ListItem","position":1,"name":"Portada","item":"https:\/\/www.carimatech.com\/fr\/home\/"},{"@type":"ListItem","position":2,"name":"Gamme Carima"}]},{"@type":"WebSite","@id":"https:\/\/www.carimatech.com\/fr\/#website","url":"https:\/\/www.carimatech.com\/fr\/","name":"Carima","description":"","potentialAction":[{"@type":"SearchAction","target":{"@type":"EntryPoint","urlTemplate":"https:\/\/www.carimatech.com\/fr\/?s={search_term_string}"},"query-input":{"@type":"PropertyValueSpecification","valueRequired":true,"valueName":"search_term_string"}}],"inLanguage":"fr-FR"}]}},"_links":{"self":[{"href":"https:\/\/www.carimatech.com\/fr\/wp-json\/wp\/v2\/pages\/4292","targetHints":{"allow":["GET"]}}],"collection":[{"href":"https:\/\/www.carimatech.com\/fr\/wp-json\/wp\/v2\/pages"}],"about":[{"href":"https:\/\/www.carimatech.com\/fr\/wp-json\/wp\/v2\/types\/page"}],"author":[{"embeddable":true,"href":"https:\/\/www.carimatech.com\/fr\/wp-json\/wp\/v2\/users\/1"}],"replies":[{"embeddable":true,"href":"https:\/\/www.carimatech.com\/fr\/wp-json\/wp\/v2\/comments?post=4292"}],"version-history":[{"count":5,"href":"https:\/\/www.carimatech.com\/fr\/wp-json\/wp\/v2\/pages\/4292\/revisions"}],"predecessor-version":[{"id":4388,"href":"https:\/\/www.carimatech.com\/fr\/wp-json\/wp\/v2\/pages\/4292\/revisions\/4388"}],"wp:featuredmedia":[{"embeddable":true,"href":"https:\/\/www.carimatech.com\/fr\/wp-json\/wp\/v2\/media\/4139"}],"wp:attachment":[{"href":"https:\/\/www.carimatech.com\/fr\/wp-json\/wp\/v2\/media?parent=4292"}],"curies":[{"name":"wp","href":"https:\/\/api.w.org\/{rel}","templated":true}]}}